{"id":744,"date":"2022-07-26T14:03:23","date_gmt":"2022-07-26T14:03:23","guid":{"rendered":"https:\/\/amadoramove.pt\/?page_id=744"},"modified":"2023-09-08T11:23:22","modified_gmt":"2023-09-08T11:23:22","slug":"peddy-challenge","status":"publish","type":"page","link":"https:\/\/mobilidade.cm-amadora.pt\/?page_id=744","title":{"rendered":"Peddy Challenge"},"content":{"rendered":"<p>[vc_row el_id=&#8221;top&#8221;][vc_column][proconf_onepage_nav nav_logo=&#8221;https:\/\/amadoramove.pt\/wp-content\/uploads\/2017\/06\/logo5.png&#8221;][proconf_preloader banner_image=&#8221;https:\/\/amadoramove.pt\/wp-content\/uploads\/2017\/06\/meninaacenar-a-1.gif&#8221;][\/vc_column][\/vc_row][vc_section full_width=&#8221;container-wide&#8221; padding_class=&#8221;section-no-padding&#8221;][vc_row][vc_column offset=&#8221;vc_hidden-sm vc_hidden-xs&#8221;][vc_single_image image=&#8221;746&#8243; img_size=&#8221;Full&#8221; alignment=&#8221;center&#8221; css=&#8221;.vc_custom_1658844747268{margin-top: 60px !important;}&#8221;][\/vc_column][\/vc_row][vc_row][vc_column width=&#8221;1\/2&#8243; css=&#8221;.vc_custom_1660136889673{margin-top: 50px !important;margin-left: 100px !important;}&#8221; offset=&#8221;vc_hidden-sm vc_hidden-xs&#8221;][vc_single_image image=&#8221;1361&#8243; img_size=&#8221;400&#215;400&#8243; alignment=&#8221;center&#8221; style=&#8221;vc_box_circle_2&#8243;][\/vc_column][vc_column width=&#8221;1\/2&#8243; offset=&#8221;vc_hidden-sm vc_hidden-xs&#8221;][vc_empty_space height=&#8221;40px&#8221;][vc_column_text css=&#8221;.vc_custom_1694172189515{margin-right: 150px !important;}&#8221;]<\/p>\n<h2><strong>3\u00ba AMADORA PEDDY CHALLENGE<\/strong><\/h2>\n<h2><\/h2>\n<h3>Passeio Mist\u00e9rio<\/h3>\n<p>&nbsp;<\/p>\n<h4>Mais uma tarde divertida, saud\u00e1vel e com bons pr\u00e9mios.<\/h4>\n<p>Dedicado a equipas de 3 elementos, este <strong>passeio<\/strong> ser\u00e1 efetuado num percurso que passar\u00e1 por alguns locais de interesse do concelho, onde os participantes ter\u00e3o que responder a <strong>perguntas de observa\u00e7\u00e3o e de sustentabilidade<\/strong> entre outras. Haver\u00e1 tamb\u00e9m algumas tarefas a executar ao longo do trajeto, de forma divertida e descontra\u00edda.<\/p>\n<p>Os <strong>pr\u00e9mios<\/strong> ser\u00e3o muito aliciantes, incluindo viagens em motas el\u00e9tricas, acess\u00f3rios para bicicletas, colunas port\u00e1teis e muito mais!!<\/p>\n<p><strong>Local:<\/strong>\u00a0Av. Ant\u00f3nio Correia de Oliveira | Parque Central<\/p>\n<p><strong>Hor\u00e1rio:<\/strong> 14h30[\/vc_column_text][\/vc_column][\/vc_row][\/vc_section][vc_section full_width=&#8221;container-wide&#8221; padding_class=&#8221;section-no-padding&#8221;][vc_row][vc_column offset=&#8221;vc_hidden-lg vc_hidden-md&#8221;][vc_single_image image=&#8221;1525&#8243; img_size=&#8221;Full&#8221; alignment=&#8221;center&#8221; css=&#8221;.vc_custom_1660137082478{margin-top: 100px !important;}&#8221;][\/vc_column][\/vc_row][vc_row][vc_column css=&#8221;.vc_custom_1660137021832{margin-top: 50px !important;}&#8221; offset=&#8221;vc_hidden-lg vc_hidden-md&#8221;][vc_single_image image=&#8221;1361&#8243; img_size=&#8221;400&#215;400&#8243; alignment=&#8221;center&#8221; style=&#8221;vc_box_circle_2&#8243;][vc_empty_space height=&#8221;40px&#8221;][vc_column_text css=&#8221;.vc_custom_1694172197132{margin-right: 50px !important;margin-left: 50px !important;}&#8221;]<\/p>\n<h2><strong>3\u00ba AMADORA PEDDY CHALLENGE<\/strong><\/h2>\n<h2><\/h2>\n<h3>Passeio Mist\u00e9rio<\/h3>\n<p>&nbsp;<\/p>\n<h4>Mais uma tarde divertida, saud\u00e1vel e com bons pr\u00e9mios.<\/h4>\n<p>Dedicado a equipas de 3 elementos, este <strong>passeio<\/strong> ser\u00e1 efetuado num percurso que passar\u00e1 por alguns locais de interesse do concelho, onde os participantes ter\u00e3o que responder a <strong>perguntas de observa\u00e7\u00e3o e de sustentabilidade<\/strong> entre outras. Haver\u00e1 tamb\u00e9m algumas tarefas a executar ao longo do trajeto, de forma divertida e descontra\u00edda.<\/p>\n<p>Os <strong>pr\u00e9mios<\/strong> ser\u00e3o muito aliciantes, incluindo viagens em motas el\u00e9tricas, acess\u00f3rios para bicicletas, colunas port\u00e1teis e muito mais!!<\/p>\n<h4><\/h4>\n<p><strong>Local:<\/strong> Av. Cardoso Lopes<\/p>\n<p><strong>Hor\u00e1rio:<\/strong> 15h &#8211; 19.30h[\/vc_column_text][\/vc_column][\/vc_row][\/vc_section][vc_section el_id=&#8221;faq&#8221;][vc_row][vc_column][proconf_section_title title=&#8221;Quest\u00f5es &amp; Condi\u00e7\u00f5es de Inscri\u00e7\u00e3o&#8221; icon=&#8221;far fa-comments&#8221;][\/vc_column][\/vc_row][vc_row][vc_column width=&#8221;1\/2&#8243;][vc_tta_accordion][vc_tta_section title=&#8221;Quem s\u00e3o os organizadores do Peddy Challenge?&#8221; tab_id=&#8221;1497093509645-e44de209-20134e33-4d70&#8243;][vc_column_text]Organizado pela C\u00e2mara Municipal da Amadora e pela EcoMood Portugal, ser\u00e1 efetuado num percurso que visitar\u00e1 alguns pontos ic\u00f3nicos do concelho.[\/vc_column_text][\/vc_tta_section][vc_tta_section title=&#8221;Qual ser\u00e1 a dura\u00e7\u00e3o da atividade?&#8221; tab_id=&#8221;1497093509753-0ef89526-89304e33-4d70&#8243;][vc_column_text]O Peddy Challenge ter\u00e1 cerca de 3 horas, os participantes ter\u00e3o de responder a perguntas de observa\u00e7\u00e3o, de sustentabilidade e outras.[\/vc_column_text][\/vc_tta_section][\/vc_tta_accordion][\/vc_column][vc_column width=&#8221;1\/2&#8243;][vc_tta_accordion][vc_tta_section title=&#8221;Qual o n\u00famero de participantes?&#8221; tab_id=&#8221;1497093338633-13cd1ea3-0cd04e33-4d70&#8243;][vc_column_text]O Amadora Peddy Challenge \u00e9 um Passeio Mist\u00e9rio Pedonal dedicado exclusivamente a equipas de 3 elementos.[\/vc_column_text][\/vc_tta_section][vc_tta_section title=&#8221;Quando ser\u00e1 efetuada a entrega dos pr\u00e9mios?&#8221; tab_id=&#8221;1497093446124-f7c30913-97664e33-4d70&#8243;][vc_column_text]A divulga\u00e7\u00e3o dos resultados e entrega dos trof\u00e9us ser\u00e1 efetuada a partir das 19h, ap\u00f3s um lanche ligeiro de conv\u00edvio. Este lanche ser\u00e1 entregue a cada equipa individualmente.[\/vc_column_text][\/vc_tta_section][\/vc_tta_accordion][\/vc_column][\/vc_row][\/vc_section][vc_section el_id=&#8221;sponsor&#8221;][vc_row][vc_column width=&#8221;1\/2&#8243; offset=&#8221;vc_hidden-sm vc_hidden-xs&#8221;][proconf_section_title title=&#8221;Co-organizador&#8221; icon=&#8221;fas fa-route&#8221;][\/vc_column][vc_column width=&#8221;1\/2&#8243; offset=&#8221;vc_hidden-sm vc_hidden-xs&#8221;][proconf_section_title title=&#8221;Chancela&#8221; icon=&#8221;fas fa-route&#8221;][\/vc_column][\/vc_row][vc_row][vc_column width=&#8221;1\/6&#8243;][\/vc_column][vc_column width=&#8221;1\/6&#8243; offset=&#8221;vc_hidden-sm vc_hidden-xs&#8221;][vc_single_image image=&#8221;2140&#8243; img_size=&#8221;full&#8221; alignment=&#8221;center&#8221;][\/vc_column][vc_column width=&#8221;1\/6&#8243;][\/vc_column][vc_column width=&#8221;1\/6&#8243;][\/vc_column][vc_column width=&#8221;1\/6&#8243; offset=&#8221;vc_hidden-sm vc_hidden-xs&#8221;][vc_single_image image=&#8221;2110&#8243; img_size=&#8221;full&#8221; alignment=&#8221;center&#8221;][\/vc_column][vc_column width=&#8221;1\/6&#8243;][\/vc_column][\/vc_row][vc_row][vc_column offset=&#8221;vc_hidden-sm vc_hidden-xs&#8221;][proconf_section_title title=&#8221;Parceiros&#8221; icon=&#8221;fas fa-route&#8221;][\/vc_column][\/vc_row][vc_row][vc_column width=&#8221;1\/6&#8243; offset=&#8221;vc_hidden-sm vc_hidden-xs&#8221;][vc_single_image image=&#8221;2143&#8243; img_size=&#8221;full&#8221; alignment=&#8221;center&#8221;][\/vc_column][vc_column width=&#8221;1\/6&#8243; offset=&#8221;vc_hidden-sm vc_hidden-xs&#8221;][vc_single_image image=&#8221;2142&#8243; img_size=&#8221;Full&#8221; alignment=&#8221;center&#8221;][\/vc_column][vc_column width=&#8221;1\/6&#8243; offset=&#8221;vc_hidden-sm vc_hidden-xs&#8221;][vc_single_image image=&#8221;2141&#8243; img_size=&#8221;full&#8221; alignment=&#8221;center&#8221;][\/vc_column][vc_column width=&#8221;1\/6&#8243; offset=&#8221;vc_hidden-sm vc_hidden-xs&#8221;][vc_single_image image=&#8221;2125&#8243; img_size=&#8221;full&#8221; alignment=&#8221;center&#8221;][\/vc_column][vc_column width=&#8221;1\/6&#8243; offset=&#8221;vc_hidden-sm vc_hidden-xs&#8221;][vc_single_image image=&#8221;2131&#8243; img_size=&#8221;full&#8221; alignment=&#8221;center&#8221;][\/vc_column][vc_column width=&#8221;1\/6&#8243;][\/vc_column][\/vc_row][\/vc_section][vc_section][vc_row][vc_column offset=&#8221;vc_hidden-lg vc_hidden-md&#8221;][proconf_section_title title=&#8221;Co-organizador&#8221; icon=&#8221;fas fa-route&#8221;][vc_single_image image=&#8221;2140&#8243; img_size=&#8221;full&#8221; alignment=&#8221;center&#8221;][proconf_section_title title=&#8221;Chancela&#8221; icon=&#8221;fas fa-route&#8221;][vc_single_image image=&#8221;2110&#8243; img_size=&#8221;full&#8221; alignment=&#8221;center&#8221;][\/vc_column][\/vc_row][vc_row][vc_column offset=&#8221;vc_hidden-lg vc_hidden-md&#8221;][proconf_section_title title=&#8221;Parceiros&#8221; icon=&#8221;fas fa-route&#8221;][\/vc_column][\/vc_row][vc_row][vc_column width=&#8221;1\/6&#8243; offset=&#8221;vc_hidden-lg vc_hidden-md&#8221;][vc_single_image image=&#8221;2143&#8243; img_size=&#8221;full&#8221; alignment=&#8221;center&#8221;][\/vc_column][vc_column width=&#8221;1\/6&#8243; offset=&#8221;vc_hidden-lg vc_hidden-md&#8221;][vc_single_image image=&#8221;2142&#8243; img_size=&#8221;Full&#8221; alignment=&#8221;center&#8221;][\/vc_column][vc_column width=&#8221;1\/6&#8243; offset=&#8221;vc_hidden-lg vc_hidden-md&#8221;][vc_single_image image=&#8221;2141&#8243; img_size=&#8221;full&#8221; alignment=&#8221;center&#8221;][\/vc_column][vc_column width=&#8221;1\/6&#8243; offset=&#8221;vc_hidden-lg vc_hidden-md&#8221;][vc_single_image image=&#8221;2125&#8243; img_size=&#8221;full&#8221; alignment=&#8221;center&#8221;][\/vc_column][vc_column width=&#8221;1\/6&#8243; offset=&#8221;vc_hidden-lg vc_hidden-md&#8221;][vc_single_image image=&#8221;2131&#8243; img_size=&#8221;full&#8221; alignment=&#8221;center&#8221;][\/vc_column][vc_column width=&#8221;1\/6&#8243;][\/vc_column][\/vc_row][\/vc_section][vc_section full_width=&#8221;container-wide&#8221; padding_class=&#8221;section-no-padding&#8221; el_id=&#8221;contact&#8221;][vc_row][vc_column][proconf_contact_map style=&#8221;embaed_html&#8221; link=&#8221;#E-8_JTNDaWZyYW1lJTIwc3JjJTNEJTIyaHR0cHMlM0ElMkYlMkZ3d3cuZ29vZ2xlLmNvbSUyRm1hcHMlMkZlbWJlZCUzRnBiJTNEJTIxMW0xOCUyMTFtMTIlMjExbTMlMjExZDMxMTEuMTQ4ODc0ODE4NTM2JTIxMmQtOS4yMzgxODYxODQ2NTM2OSUyMTNkMzguNzYwMjg5Mjc5NTkyMDMlMjEybTMlMjExZjAlMjEyZjAlMjEzZjAlMjEzbTIlMjExaTEwMjQlMjEyaTc2OCUyMTRmMTMuMSUyMTNtMyUyMTFtMiUyMTFzMHhkMWVjZGE3YTFmYmYwYjMlMjUzQTB4MWEwMTA5MDkwN2NiMDNlMiUyMTJzQyUyNUMzJTI1QTJtYXJhJTI1MjBNdW5pY2lwYWwlMjUyMGRhJTI1MjBBbWFkb3JhJTIxNWUwJTIxM20yJTIxMXNwdC1QVCUyMTJzcHQlMjE0djE2NTg5MjQyNDEwMjIlMjE1bTIlMjExc3B0LVBUJTIxMnNwdCUyMiUyMHdpZHRoJTNEJTIyNjAwJTIyJTIwaGVpZ2h0JTNEJTIyNzAwJTIyJTIwc3R5bGUlM0QlMjJib3JkZXIlM0EwJTNCJTIyJTIwYWxsb3dmdWxsc2NyZWVuJTNEJTIyJTIyJTIwbG9hZGluZyUzRCUyMmxhenklMjIlMjByZWZlcnJlcnBvbGljeSUzRCUyMm5vLXJlZmVycmVyLXdoZW4tZG93bmdyYWRlJTIyJTNFJTNDJTJGaWZyYW1lJTNF&#8221; image=&#8221;https:\/\/amadoramove.pt\/wp-content\/uploads\/2017\/06\/WhatsApp-Image-2022-07-25-at-11.41.22.jpeg&#8221; title=&#8221;Amadora&#8221; subtitle=&#8221;&#8221;][proconf_contact_info title=&#8221;SEMA&#8221; subtitle=&#8221;C\u00e2mara Municipal da Amadora&#8221; adress=&#8221;&#8221; phone=&#8221;214 369 060&#8243; email=&#8221;se.mobilidade@cm-amadora.pt&#8221;][\/proconf_contact_map][\/vc_column][\/vc_row][\/vc_section][vc_section padding_class=&#8221;section-no-padding&#8221; bg_class=&#8221;BGdark&#8221; css=&#8221;.vc_custom_1658938356685{margin-top: -10px !important;}&#8221;][vc_row][vc_column][proconf_onepage_footer icons=&#8221;%5B%7B%22icon%22%3A%22fab%20fa-facebook%22%2C%22title%22%3A%22Facebook%22%2C%22link%22%3A%22https%3A%2F%2Fwww.facebook.com%2Fsemob.amadora%22%7D%2C%7B%22icon%22%3A%22fab%20fa-instagram%22%2C%22title%22%3A%22Instagram%22%2C%22link%22%3A%22https%3A%2F%2Fwww.instagram.com%2Fsemamadora%2F%22%7D%2C%7B%22icon%22%3A%22far%20fa-heart%22%2C%22title%22%3A%22Tik%20tok%22%2C%22link%22%3A%22https%3A%2F%2Fwww.tiktok.com%2F%40sema_amadora%22%7D%5D&#8221;]<a href=\"https:\/\/amadoramove.pt\/politica-de-privacidade\/\">Pol\u00edtica de Privacidade<\/a> | <a href=\"https:\/\/amadoramove.pt\/subscricao-newsletter\/\">Subscri\u00e7\u00e3o de Newsletter<\/a><\/p>\n<p><a href=\"https:\/\/e-marketing.pt\/\"><strong>E-Marketing<\/strong><\/a> \u00a9 2022. Todos os direitos reservados.[\/proconf_onepage_footer][\/vc_column][\/vc_row][\/vc_section]<\/p>\n","protected":false},"excerpt":{"rendered":"<p>[vc_row el_id=&#8221;top&#8221;][vc_column][proconf_onepage_nav nav_logo=&#8221;https:\/\/amadoramove.pt\/wp-content\/uploads\/2017\/06\/logo5.png&#8221;][proconf_preloader banner_image=&#8221;https:\/\/amadoramove.pt\/wp-content\/uploads\/2017\/06\/meninaacenar-a-1.gif&#8221;][\/vc_column][\/vc_row][vc_section full_width=&#8221;container-wide&#8221; padding_class=&#8221;section-no-padding&#8221;][vc_row][vc_column offset=&#8221;vc_hidden-sm vc_hidden-xs&#8221;][vc_single_image image=&#8221;746&#8243; img_size=&#8221;Full&#8221; alignment=&#8221;center&#8221; css=&#8221;.vc_custom_1658844747268{margin-top: 60px !important;}&#8221;][\/vc_column][\/vc_row][vc_row][vc_column width=&#8221;1\/2&#8243; css=&#8221;.vc_custom_1660136889673{margin-top: 50px !important;margin-left: 100px !important;}&#8221; offset=&#8221;vc_hidden-sm vc_hidden-xs&#8221;][vc_single_image image=&#8221;1361&#8243; img_size=&#8221;400&#215;400&#8243; alignment=&#8221;center&#8221; style=&#8221;vc_box_circle_2&#8243;][\/vc_column][vc_column width=&#8221;1\/2&#8243; offset=&#8221;vc_hidden-sm vc_hidden-xs&#8221;][vc_empty_space height=&#8221;40px&#8221;][vc_column_text css=&#8221;.vc_custom_1694172189515{margin-right: 150px !important;}&#8221;] 3\u00ba AMADORA PEDDY CHALLENGE Passeio Mist\u00e9rio &nbsp; Mais uma tarde divertida, saud\u00e1vel e com bons pr\u00e9mios. Dedicado a equipas de 3 elementos,<\/p>\n","protected":false},"author":1,"featured_media":0,"parent":0,"menu_order":0,"comment_status":"closed","ping_status":"closed","template":"templates\/one-page.php","meta":{"footnotes":""},"class_list":["post-744","page","type-page","status-publish","hentry"],"yoast_head":"<!-- This site is optimized with the Yoast SEO plugin v22.5 - https:\/\/yoast.com\/wordpress\/plugins\/seo\/ -->\n<title>Peddy Challenge - Amadora<\/title>\n<meta name=\"description\" content=\"Conhe\u00e7a os desafios que o Peddy Challenge lhe traz em 2022, participe j\u00e1 nesta atividade da SEMA - Semana Europeia da Mobilidade da Amadora.\" \/>\n<meta name=\"robots\" content=\"index, follow, max-snippet:-1, max-image-preview:large, max-video-preview:-1\" \/>\n<link rel=\"canonical\" href=\"https:\/\/mobilidade.cm-amadora.pt\/?page_id=744\" \/>\n<meta name=\"twitter:label1\" content=\"Est. reading time\" \/>\n\t<meta name=\"twitter:data1\" content=\"3 minutes\" \/>\n<script type=\"application\/ld+json\" class=\"yoast-schema-graph\">{\"@context\":\"https:\/\/schema.org\",\"@graph\":[{\"@type\":\"WebPage\",\"@id\":\"https:\/\/mobilidade.cm-amadora.pt\/?page_id=744\",\"url\":\"https:\/\/mobilidade.cm-amadora.pt\/?page_id=744\",\"name\":\"Peddy Challenge - Amadora\",\"isPartOf\":{\"@id\":\"http:\/\/mobilidade.cm-amadora.pt\/#website\"},\"datePublished\":\"2022-07-26T14:03:23+00:00\",\"dateModified\":\"2023-09-08T11:23:22+00:00\",\"description\":\"Conhe\u00e7a os desafios que o Peddy Challenge lhe traz em 2022, participe j\u00e1 nesta atividade da SEMA - Semana Europeia da Mobilidade da Amadora.\",\"breadcrumb\":{\"@id\":\"https:\/\/mobilidade.cm-amadora.pt\/?page_id=744#breadcrumb\"},\"inLanguage\":\"en-US\",\"potentialAction\":[{\"@type\":\"ReadAction\",\"target\":[\"https:\/\/mobilidade.cm-amadora.pt\/?page_id=744\"]}]},{\"@type\":\"BreadcrumbList\",\"@id\":\"https:\/\/mobilidade.cm-amadora.pt\/?page_id=744#breadcrumb\",\"itemListElement\":[{\"@type\":\"ListItem\",\"position\":1,\"name\":\"Home\",\"item\":\"http:\/\/mobilidade.cm-amadora.pt\/\"},{\"@type\":\"ListItem\",\"position\":2,\"name\":\"Peddy Challenge\"}]},{\"@type\":\"WebSite\",\"@id\":\"http:\/\/mobilidade.cm-amadora.pt\/#website\",\"url\":\"http:\/\/mobilidade.cm-amadora.pt\/\",\"name\":\"Amadora\",\"description\":\"Semana da Mobilidade da Amadora\",\"potentialAction\":[{\"@type\":\"SearchAction\",\"target\":{\"@type\":\"EntryPoint\",\"urlTemplate\":\"http:\/\/mobilidade.cm-amadora.pt\/?s={search_term_string}\"},\"query-input\":\"required name=search_term_string\"}],\"inLanguage\":\"en-US\"}]}<\/script>\n<!-- \/ Yoast SEO plugin. -->","yoast_head_json":{"title":"Peddy Challenge - Amadora","description":"Conhe\u00e7a os desafios que o Peddy Challenge lhe traz em 2022, participe j\u00e1 nesta atividade da SEMA - Semana Europeia da Mobilidade da Amadora.","robots":{"index":"index","follow":"follow","max-snippet":"max-snippet:-1","max-image-preview":"max-image-preview:large","max-video-preview":"max-video-preview:-1"},"canonical":"https:\/\/mobilidade.cm-amadora.pt\/?page_id=744","twitter_misc":{"Est. reading time":"3 minutes"},"schema":{"@context":"https:\/\/schema.org","@graph":[{"@type":"WebPage","@id":"https:\/\/mobilidade.cm-amadora.pt\/?page_id=744","url":"https:\/\/mobilidade.cm-amadora.pt\/?page_id=744","name":"Peddy Challenge - Amadora","isPartOf":{"@id":"http:\/\/mobilidade.cm-amadora.pt\/#website"},"datePublished":"2022-07-26T14:03:23+00:00","dateModified":"2023-09-08T11:23:22+00:00","description":"Conhe\u00e7a os desafios que o Peddy Challenge lhe traz em 2022, participe j\u00e1 nesta atividade da SEMA - Semana Europeia da Mobilidade da Amadora.","breadcrumb":{"@id":"https:\/\/mobilidade.cm-amadora.pt\/?page_id=744#breadcrumb"},"inLanguage":"en-US","potentialAction":[{"@type":"ReadAction","target":["https:\/\/mobilidade.cm-amadora.pt\/?page_id=744"]}]},{"@type":"BreadcrumbList","@id":"https:\/\/mobilidade.cm-amadora.pt\/?page_id=744#breadcrumb","itemListElement":[{"@type":"ListItem","position":1,"name":"Home","item":"http:\/\/mobilidade.cm-amadora.pt\/"},{"@type":"ListItem","position":2,"name":"Peddy Challenge"}]},{"@type":"WebSite","@id":"http:\/\/mobilidade.cm-amadora.pt\/#website","url":"http:\/\/mobilidade.cm-amadora.pt\/","name":"Amadora","description":"Semana da Mobilidade da Amadora","potentialAction":[{"@type":"SearchAction","target":{"@type":"EntryPoint","urlTemplate":"http:\/\/mobilidade.cm-amadora.pt\/?s={search_term_string}"},"query-input":"required name=search_term_string"}],"inLanguage":"en-US"}]}},"_links":{"self":[{"href":"https:\/\/mobilidade.cm-amadora.pt\/index.php?rest_route=\/wp\/v2\/pages\/744","targetHints":{"allow":["GET"]}}],"collection":[{"href":"https:\/\/mobilidade.cm-amadora.pt\/index.php?rest_route=\/wp\/v2\/pages"}],"about":[{"href":"https:\/\/mobilidade.cm-amadora.pt\/index.php?rest_route=\/wp\/v2\/types\/page"}],"author":[{"embeddable":true,"href":"https:\/\/mobilidade.cm-amadora.pt\/index.php?rest_route=\/wp\/v2\/users\/1"}],"replies":[{"embeddable":true,"href":"https:\/\/mobilidade.cm-amadora.pt\/index.php?rest_route=%2Fwp%2Fv2%2Fcomments&post=744"}],"version-history":[{"count":94,"href":"https:\/\/mobilidade.cm-amadora.pt\/index.php?rest_route=\/wp\/v2\/pages\/744\/revisions"}],"predecessor-version":[{"id":2723,"href":"https:\/\/mobilidade.cm-amadora.pt\/index.php?rest_route=\/wp\/v2\/pages\/744\/revisions\/2723"}],"wp:attachment":[{"href":"https:\/\/mobilidade.cm-amadora.pt\/index.php?rest_route=%2Fwp%2Fv2%2Fmedia&parent=744"}],"curies":[{"name":"wp","href":"https:\/\/api.w.org\/{rel}","templated":true}]}}