{"id":686,"date":"2022-07-25T14:36:46","date_gmt":"2022-07-25T14:36:46","guid":{"rendered":"https:\/\/amadoramove.pt\/?page_id=686"},"modified":"2023-09-08T11:24:01","modified_gmt":"2023-09-08T11:24:01","slug":"1semana-7ideias","status":"publish","type":"page","link":"https:\/\/mobilidade.cm-amadora.pt\/?page_id=686","title":{"rendered":"1 Semana &#8211; 7 Ideias"},"content":{"rendered":"<p>[vc_row el_id=&#8221;top&#8221;][vc_column][proconf_onepage_nav nav_logo=&#8221;https:\/\/amadoramove.pt\/wp-content\/uploads\/2017\/06\/logo5.png&#8221;][proconf_preloader banner_image=&#8221;https:\/\/amadoramove.pt\/wp-content\/uploads\/2017\/06\/corrergif-a.gif&#8221;][\/vc_column][\/vc_row][vc_section full_width=&#8221;container-wide&#8221; padding_class=&#8221;section-no-padding&#8221;][vc_row][vc_column offset=&#8221;vc_hidden-sm vc_hidden-xs&#8221;][vc_single_image image=&#8221;1414&#8243; img_size=&#8221;Full&#8221; alignment=&#8221;center&#8221; css=&#8221;.vc_custom_1660135977027{margin-top: 100px !important;}&#8221;][vc_empty_space][vc_column_text css=&#8221;.vc_custom_1660043673071{margin-right: 150px !important;margin-left: 150px !important;}&#8221;]<\/p>\n<h2 style=\"text-align: center;\">1 semana, 7 ideias<\/h2>\n<p>[\/vc_column_text][vc_empty_space][vc_column_text css=&#8221;.vc_custom_1660044333805{margin-right: 150px !important;margin-left: 150px !important;}&#8221;]<\/p>\n<h3 style=\"text-align: center;\">Vamos premiar e partilhar as ideias mais criativas<\/h3>\n<h3 style=\"text-align: center;\"><strong><br \/>\n7 ideias, 7 dias, 7 pr\u00e9mios<\/strong><\/h3>\n<h3><\/h3>\n<p style=\"text-align: center;\">Pensa no conceito de mobilidade e como te ligas ao espa\u00e7o p\u00fablico e com um v\u00eddeo, fotografia, um desenho ou ilustra\u00e7\u00e3o apresenta a tua ideia.<\/p>\n<p>[\/vc_column_text][vc_empty_space][vc_column_text css=&#8221;.vc_custom_1660043435552{margin-right: 150px !important;margin-left: 150px !important;}&#8221;]<\/p>\n<h4 style=\"text-align: center;\">Confere aqui as nossas sugest\u00f5es!<\/h4>\n<p>[\/vc_column_text][vc_empty_space][\/vc_column][\/vc_row][vc_row][vc_column offset=&#8221;vc_hidden-lg vc_hidden-md&#8221;][vc_single_image image=&#8221;1519&#8243; img_size=&#8221;Full&#8221; alignment=&#8221;center&#8221; css=&#8221;.vc_custom_1660139345403{margin-top: 100px !important;}&#8221;][vc_empty_space][vc_column_text]<\/p>\n<h2 style=\"text-align: center;\">1 semana, 7 ideias<\/h2>\n<p>[\/vc_column_text][vc_empty_space][vc_column_text css=&#8221;.vc_custom_1660639837338{margin-right: 30px !important;margin-left: 30px !important;}&#8221;]<\/p>\n<h3 style=\"text-align: center;\">Vamos premiar e partilhar as ideias mais criativas<\/h3>\n<h3 style=\"text-align: center;\"><strong><br \/>\n7 ideias, 7 dias, 7 pr\u00e9mios<\/strong><\/h3>\n<h3><\/h3>\n<p style=\"text-align: center;\">Pensa no conceito de mobilidade e como te ligas ao espa\u00e7o p\u00fablico e com um v\u00eddeo, fotografia, um desenho ou ilustra\u00e7\u00e3o apresenta a tua ideia.<\/p>\n<p>[\/vc_column_text][vc_empty_space][vc_column_text]<\/p>\n<h4 style=\"text-align: center;\">Confere aqui as nossas sugest\u00f5es!<\/h4>\n<p>[\/vc_column_text][vc_empty_space][\/vc_column][\/vc_row][vc_row css=&#8221;.vc_custom_1658761751183{margin-right: 105px !important;margin-left: 150px !important;}&#8221;][vc_column width=&#8221;1\/5&#8243; offset=&#8221;vc_hidden-sm vc_hidden-xs&#8221;][vc_single_image image=&#8221;614&#8243;][\/vc_column][vc_column width=&#8221;1\/5&#8243; offset=&#8221;vc_hidden-sm vc_hidden-xs&#8221;][vc_single_image image=&#8221;615&#8243;][\/vc_column][vc_column width=&#8221;1\/5&#8243; offset=&#8221;vc_hidden-sm vc_hidden-xs&#8221;][vc_single_image image=&#8221;617&#8243;][\/vc_column][vc_column width=&#8221;1\/5&#8243; offset=&#8221;vc_hidden-sm vc_hidden-xs&#8221;][vc_single_image image=&#8221;616&#8243;][\/vc_column][vc_column width=&#8221;1\/5&#8243; offset=&#8221;vc_hidden-sm vc_hidden-xs&#8221;][vc_single_image image=&#8221;622&#8243;][\/vc_column][\/vc_row][vc_row][vc_column width=&#8221;1\/5&#8243; offset=&#8221;vc_hidden-lg vc_hidden-md&#8221;][vc_single_image image=&#8221;614&#8243; alignment=&#8221;center&#8221;][\/vc_column][vc_column width=&#8221;1\/5&#8243; offset=&#8221;vc_hidden-lg vc_hidden-md&#8221;][vc_single_image image=&#8221;615&#8243; alignment=&#8221;center&#8221;][\/vc_column][vc_column width=&#8221;1\/5&#8243; offset=&#8221;vc_hidden-lg vc_hidden-md&#8221;][vc_single_image image=&#8221;617&#8243; alignment=&#8221;center&#8221;][\/vc_column][vc_column width=&#8221;1\/5&#8243; offset=&#8221;vc_hidden-lg vc_hidden-md&#8221;][vc_single_image image=&#8221;616&#8243; alignment=&#8221;center&#8221;][\/vc_column][vc_column width=&#8221;1\/5&#8243; offset=&#8221;vc_hidden-lg vc_hidden-md&#8221;][vc_single_image image=&#8221;622&#8243; alignment=&#8221;center&#8221;][\/vc_column][\/vc_row][vc_row content_placement=&#8221;middle&#8221; css=&#8221;.vc_custom_1658936609787{background-image: url(https:\/\/amadoramove.pt\/wp-content\/uploads\/2022\/07\/hedgargifgif.gif?id=721) !important;background-position: center !important;background-repeat: no-repeat !important;background-size: contain !important;}&#8221;][vc_column][vc_single_image image=&#8221;963&#8243; alignment=&#8221;center&#8221;][vc_column_text]<\/p>\n<h4 style=\"text-align: center;\"><a href=\"https:\/\/amadoramove.pt\/regulamento-1semana-7ideias\/\">Corre j\u00e1 para consultar o regulamento!<\/a><\/h4>\n<p>[\/vc_column_text][\/vc_column][\/vc_row][\/vc_section][vc_section el_id=&#8221;faq&#8221;][vc_row][vc_column][proconf_section_title title=&#8221;Quest\u00f5es &amp; Condi\u00e7\u00f5es de Inscri\u00e7\u00e3o&#8221; icon=&#8221;far fa-comments&#8221;][\/vc_column][\/vc_row][vc_row][vc_column width=&#8221;1\/2&#8243;][vc_tta_accordion][vc_tta_section title=&#8221;Quem pode participar?&#8221; tab_id=&#8221;1497093509645-e44de209-20134e33-4d70&#8243;][vc_column_text]Todos os alunos do 1.\u00ba, 2.\u00ba e 3.\u00ba ciclos, Ensino Secund\u00e1rio e Universidades dos concelhos da \u00c1rea Metropolitana de Lisboa, podem participar no passatempo.[\/vc_column_text][\/vc_tta_section][\/vc_tta_accordion][\/vc_column][vc_column width=&#8221;1\/2&#8243;][vc_tta_accordion][vc_tta_section title=&#8221;Como podemos participar?&#8221; tab_id=&#8221;1497093338600-41bd8452-c2f94e33-4d70&#8243;][vc_column_text]Os trabalhos a apresentar devem consistir numa das seguintes formas:<\/p>\n<ul>\n<li>Uma reportagem v\u00eddeo, com dura\u00e7\u00e3o m\u00e1xima de 1 minuto e 30 segundos, com t\u00edtulo e uma breve descri\u00e7\u00e3o em texto;<\/li>\n<li>Uma reportagem fotogr\u00e1fica, com o m\u00e1ximo de 6 fotografias, cada uma legendada e com t\u00edtulo;<\/li>\n<li>Desenhos ou ilustra\u00e7\u00f5es, no m\u00e1ximo de 6 pe\u00e7as, cada uma legendada e com t\u00edtulo.<\/li>\n<\/ul>\n<p><strong>Consulta aqui o regulamento:<\/strong> <a href=\"https:\/\/amadoramove.pt\/1semana-7ideias\/regulamento-1semana-7ideias\/\">\u00a01 semana, 7 ideias &#8211; Amadora (amadoramove.pt)<\/a>[\/vc_column_text][\/vc_tta_section][\/vc_tta_accordion][\/vc_column][\/vc_row][\/vc_section][vc_section el_id=&#8221;sponsor&#8221;][vc_row][vc_column width=&#8221;1\/2&#8243; offset=&#8221;vc_hidden-sm vc_hidden-xs&#8221;][proconf_section_title title=&#8221;Co-organizador&#8221; icon=&#8221;fas fa-route&#8221;][\/vc_column][vc_column width=&#8221;1\/2&#8243; offset=&#8221;vc_hidden-sm vc_hidden-xs&#8221;][proconf_section_title title=&#8221;Chancela&#8221; icon=&#8221;fas fa-route&#8221;][\/vc_column][\/vc_row][vc_row][vc_column offset=&#8221;vc_hidden-sm vc_hidden-xs&#8221;][vc_row_inner][vc_column_inner width=&#8221;1\/6&#8243;][\/vc_column_inner][vc_column_inner width=&#8221;1\/6&#8243; offset=&#8221;vc_hidden-sm vc_hidden-xs&#8221;][vc_single_image image=&#8221;2140&#8243; img_size=&#8221;full&#8221; alignment=&#8221;center&#8221;][\/vc_column_inner][vc_column_inner width=&#8221;1\/6&#8243;][\/vc_column_inner][vc_column_inner width=&#8221;1\/6&#8243;][\/vc_column_inner][vc_column_inner width=&#8221;1\/6&#8243; offset=&#8221;vc_hidden-sm vc_hidden-xs&#8221;][vc_single_image image=&#8221;2110&#8243; img_size=&#8221;Full&#8221; alignment=&#8221;center&#8221;][\/vc_column_inner][vc_column_inner width=&#8221;1\/6&#8243; offset=&#8221;vc_hidden-lg vc_hidden-md vc_hidden-sm vc_hidden-xs&#8221;][vc_single_image img_size=&#8221;full&#8221; alignment=&#8221;center&#8221;][\/vc_column_inner][\/vc_row_inner][proconf_section_title title=&#8221;Parceiros&#8221; icon=&#8221;fas fa-route&#8221;][vc_row_inner][vc_column_inner width=&#8221;1\/6&#8243;][\/vc_column_inner][vc_column_inner width=&#8221;1\/6&#8243; offset=&#8221;vc_hidden-sm vc_hidden-xs&#8221;][vc_single_image image=&#8221;2143&#8243; img_size=&#8221;full&#8221; alignment=&#8221;center&#8221;][\/vc_column_inner][vc_column_inner width=&#8221;1\/6&#8243; offset=&#8221;vc_hidden-sm vc_hidden-xs&#8221;][vc_single_image image=&#8221;2142&#8243; img_size=&#8221;full&#8221; alignment=&#8221;center&#8221;][\/vc_column_inner][vc_column_inner width=&#8221;1\/6&#8243; offset=&#8221;vc_hidden-sm vc_hidden-xs&#8221;][vc_single_image image=&#8221;2141&#8243; img_size=&#8221;full&#8221; alignment=&#8221;center&#8221;][\/vc_column_inner][vc_column_inner width=&#8221;1\/6&#8243;][\/vc_column_inner][vc_column_inner width=&#8221;1\/6&#8243; offset=&#8221;vc_hidden-lg vc_hidden-md vc_hidden-sm vc_hidden-xs&#8221;][vc_single_image img_size=&#8221;full&#8221; alignment=&#8221;center&#8221;][\/vc_column_inner][\/vc_row_inner][\/vc_column][\/vc_row][\/vc_section][vc_section][vc_row][vc_column offset=&#8221;vc_hidden-lg vc_hidden-md&#8221;][proconf_section_title title=&#8221;Co-organizador&#8221; icon=&#8221;fas fa-route&#8221;][vc_single_image image=&#8221;2140&#8243; img_size=&#8221;full&#8221; alignment=&#8221;center&#8221;][proconf_section_title title=&#8221;Chancela&#8221; icon=&#8221;fas fa-route&#8221;][vc_single_image image=&#8221;2110&#8243; img_size=&#8221;Full&#8221; alignment=&#8221;center&#8221;][\/vc_column][\/vc_row][vc_row][vc_column offset=&#8221;vc_hidden-lg vc_hidden-md&#8221;][proconf_section_title title=&#8221;Parceiros&#8221; icon=&#8221;fas fa-route&#8221;][vc_row_inner][vc_column_inner width=&#8221;1\/6&#8243;][\/vc_column_inner][vc_column_inner width=&#8221;1\/6&#8243; offset=&#8221;vc_hidden-lg vc_hidden-md&#8221;][vc_single_image image=&#8221;2143&#8243; img_size=&#8221;full&#8221; alignment=&#8221;center&#8221;][\/vc_column_inner][vc_column_inner width=&#8221;1\/6&#8243; offset=&#8221;vc_hidden-lg vc_hidden-md&#8221;][vc_single_image image=&#8221;2142&#8243; img_size=&#8221;full&#8221; alignment=&#8221;center&#8221;][\/vc_column_inner][vc_column_inner width=&#8221;1\/6&#8243; offset=&#8221;vc_hidden-lg vc_hidden-md&#8221;][vc_single_image image=&#8221;2141&#8243; img_size=&#8221;full&#8221; alignment=&#8221;center&#8221;][\/vc_column_inner][vc_column_inner width=&#8221;1\/6&#8243;][\/vc_column_inner][vc_column_inner width=&#8221;1\/6&#8243; offset=&#8221;vc_hidden-lg vc_hidden-md vc_hidden-sm vc_hidden-xs&#8221;][vc_single_image img_size=&#8221;full&#8221; alignment=&#8221;center&#8221;][\/vc_column_inner][\/vc_row_inner][\/vc_column][\/vc_row][\/vc_section][vc_section full_width=&#8221;container-wide&#8221; padding_class=&#8221;section-no-padding&#8221; el_id=&#8221;contact&#8221;][vc_row][vc_column][proconf_contact_map style=&#8221;embaed_html&#8221; link=&#8221;#E-8_JTNDaWZyYW1lJTIwc3JjJTNEJTIyaHR0cHMlM0ElMkYlMkZ3d3cuZ29vZ2xlLmNvbSUyRm1hcHMlMkZlbWJlZCUzRnBiJTNEJTIxMW0xOCUyMTFtMTIlMjExbTMlMjExZDMxMTEuMTQ4ODc0ODE4NTM2JTIxMmQtOS4yMzgxODYxODQ2NTM2OSUyMTNkMzguNzYwMjg5Mjc5NTkyMDMlMjEybTMlMjExZjAlMjEyZjAlMjEzZjAlMjEzbTIlMjExaTEwMjQlMjEyaTc2OCUyMTRmMTMuMSUyMTNtMyUyMTFtMiUyMTFzMHhkMWVjZGE3YTFmYmYwYjMlMjUzQTB4MWEwMTA5MDkwN2NiMDNlMiUyMTJzQyUyNUMzJTI1QTJtYXJhJTI1MjBNdW5pY2lwYWwlMjUyMGRhJTI1MjBBbWFkb3JhJTIxNWUwJTIxM20yJTIxMXNwdC1QVCUyMTJzcHQlMjE0djE2NTg5MjQyNDEwMjIlMjE1bTIlMjExc3B0LVBUJTIxMnNwdCUyMiUyMHdpZHRoJTNEJTIyNjAwJTIyJTIwaGVpZ2h0JTNEJTIyNzAwJTIyJTIwc3R5bGUlM0QlMjJib3JkZXIlM0EwJTNCJTIyJTIwYWxsb3dmdWxsc2NyZWVuJTNEJTIyJTIyJTIwbG9hZGluZyUzRCUyMmxhenklMjIlMjByZWZlcnJlcnBvbGljeSUzRCUyMm5vLXJlZmVycmVyLXdoZW4tZG93bmdyYWRlJTIyJTNFJTNDJTJGaWZyYW1lJTNF&#8221; image=&#8221;https:\/\/amadoramove.pt\/wp-content\/uploads\/2017\/06\/WhatsApp-Image-2022-07-25-at-11.41.22.jpeg&#8221; title=&#8221;Amadora&#8221; subtitle=&#8221;&#8221;][proconf_contact_info title=&#8221;SEMA&#8221; subtitle=&#8221;C\u00e2mara Municipal da Amadora&#8221; adress=&#8221;&#8221; phone=&#8221;214 369 060&#8243; email=&#8221;se.mobilidade@cm-amadora.pt&#8221;][\/proconf_contact_map][\/vc_column][\/vc_row][\/vc_section][vc_section padding_class=&#8221;section-no-padding&#8221; bg_class=&#8221;BGdark&#8221; css=&#8221;.vc_custom_1658937569048{margin-top: -10px !important;}&#8221;][vc_row][vc_column][proconf_onepage_footer icons=&#8221;%5B%7B%22icon%22%3A%22fab%20fa-facebook%22%2C%22title%22%3A%22Follow%20me%20on%20Facebook%22%2C%22link%22%3A%22https%3A%2F%2Fwww.facebook.com%2Fsemob.amadora%22%7D%2C%7B%22icon%22%3A%22fab%20fa-instagram%22%2C%22title%22%3A%22Instagram%22%2C%22link%22%3A%22https%3A%2F%2Fwww.instagram.com%2Fsemamadora%2F%22%7D%2C%7B%22icon%22%3A%22far%20fa-heart%22%2C%22title%22%3A%22Tik%20tok%22%2C%22link%22%3A%22https%3A%2F%2Fwww.tiktok.com%2F%40sema_amadora%22%7D%5D&#8221;]<a href=\"https:\/\/amadoramove.pt\/politica-de-privacidade\/\">Pol\u00edtica de Privacidade<\/a> | <a href=\"https:\/\/amadoramove.pt\/subscricao-newsletter\/\">Subscri\u00e7\u00e3o de Newsletter<\/a><\/p>\n<p><a href=\"https:\/\/e-marketing.pt\/\"><strong>E-Marketing<\/strong><\/a> \u00a9 2022. SEMA &#8211; Todos os direitos reservados.[\/proconf_onepage_footer][\/vc_column][\/vc_row][\/vc_section]<\/p>\n","protected":false},"excerpt":{"rendered":"<p>[vc_row el_id=&#8221;top&#8221;][vc_column][proconf_onepage_nav nav_logo=&#8221;https:\/\/amadoramove.pt\/wp-content\/uploads\/2017\/06\/logo5.png&#8221;][proconf_preloader banner_image=&#8221;https:\/\/amadoramove.pt\/wp-content\/uploads\/2017\/06\/corrergif-a.gif&#8221;][\/vc_column][\/vc_row][vc_section full_width=&#8221;container-wide&#8221; padding_class=&#8221;section-no-padding&#8221;][vc_row][vc_column offset=&#8221;vc_hidden-sm vc_hidden-xs&#8221;][vc_single_image image=&#8221;1414&#8243; img_size=&#8221;Full&#8221; alignment=&#8221;center&#8221; css=&#8221;.vc_custom_1660135977027{margin-top: 100px !important;}&#8221;][vc_empty_space][vc_column_text css=&#8221;.vc_custom_1660043673071{margin-right: 150px !important;margin-left: 150px !important;}&#8221;] 1 semana, 7 ideias [\/vc_column_text][vc_empty_space][vc_column_text css=&#8221;.vc_custom_1660044333805{margin-right: 150px !important;margin-left: 150px !important;}&#8221;] Vamos premiar e partilhar as ideias mais criativas 7 ideias, 7 dias, 7 pr\u00e9mios Pensa no conceito de mobilidade e como te ligas ao espa\u00e7o p\u00fablico<\/p>\n","protected":false},"author":1,"featured_media":1519,"parent":0,"menu_order":0,"comment_status":"closed","ping_status":"closed","template":"templates\/one-page.php","meta":{"footnotes":""},"class_list":["post-686","page","type-page","status-publish","has-post-thumbnail","hentry"],"yoast_head":"<!-- This site is optimized with the Yoast SEO plugin v22.5 - https:\/\/yoast.com\/wordpress\/plugins\/seo\/ -->\n<title>1 Semana - 7 Ideias - Amadora<\/title>\n<meta name=\"description\" content=\"SEMA - Semana da Mobilidade da Amadora - 1 semana 7 ideias. Pensa no conceito de mobilidade e como te ligas \u00e0 cidade. Participa j\u00e1!\" \/>\n<meta name=\"robots\" content=\"index, follow, max-snippet:-1, max-image-preview:large, max-video-preview:-1\" \/>\n<link rel=\"canonical\" href=\"https:\/\/mobilidade.cm-amadora.pt\/?page_id=686\" \/>\n<meta name=\"twitter:label1\" content=\"Est. reading time\" \/>\n\t<meta name=\"twitter:data1\" content=\"3 minutes\" \/>\n<script type=\"application\/ld+json\" class=\"yoast-schema-graph\">{\"@context\":\"https:\/\/schema.org\",\"@graph\":[{\"@type\":\"WebPage\",\"@id\":\"https:\/\/mobilidade.cm-amadora.pt\/?page_id=686\",\"url\":\"https:\/\/mobilidade.cm-amadora.pt\/?page_id=686\",\"name\":\"1 Semana - 7 Ideias - Amadora\",\"isPartOf\":{\"@id\":\"http:\/\/mobilidade.cm-amadora.pt\/#website\"},\"primaryImageOfPage\":{\"@id\":\"https:\/\/mobilidade.cm-amadora.pt\/?page_id=686#primaryimage\"},\"image\":{\"@id\":\"https:\/\/mobilidade.cm-amadora.pt\/?page_id=686#primaryimage\"},\"thumbnailUrl\":\"https:\/\/mobilidade.cm-amadora.pt\/wp-content\/uploads\/2017\/06\/Banner-mobile-1semana-7ideias_Prancheta-1.png\",\"datePublished\":\"2022-07-25T14:36:46+00:00\",\"dateModified\":\"2023-09-08T11:24:01+00:00\",\"description\":\"SEMA - Semana da Mobilidade da Amadora - 1 semana 7 ideias. Pensa no conceito de mobilidade e como te ligas \u00e0 cidade. Participa j\u00e1!\",\"breadcrumb\":{\"@id\":\"https:\/\/mobilidade.cm-amadora.pt\/?page_id=686#breadcrumb\"},\"inLanguage\":\"en-US\",\"potentialAction\":[{\"@type\":\"ReadAction\",\"target\":[\"https:\/\/mobilidade.cm-amadora.pt\/?page_id=686\"]}]},{\"@type\":\"ImageObject\",\"inLanguage\":\"en-US\",\"@id\":\"https:\/\/mobilidade.cm-amadora.pt\/?page_id=686#primaryimage\",\"url\":\"https:\/\/mobilidade.cm-amadora.pt\/wp-content\/uploads\/2017\/06\/Banner-mobile-1semana-7ideias_Prancheta-1.png\",\"contentUrl\":\"https:\/\/mobilidade.cm-amadora.pt\/wp-content\/uploads\/2017\/06\/Banner-mobile-1semana-7ideias_Prancheta-1.png\",\"width\":600,\"height\":700,\"caption\":\"amadoramove-sema-1semana-7ideias\"},{\"@type\":\"BreadcrumbList\",\"@id\":\"https:\/\/mobilidade.cm-amadora.pt\/?page_id=686#breadcrumb\",\"itemListElement\":[{\"@type\":\"ListItem\",\"position\":1,\"name\":\"Home\",\"item\":\"http:\/\/mobilidade.cm-amadora.pt\/\"},{\"@type\":\"ListItem\",\"position\":2,\"name\":\"1 Semana &#8211; 7 Ideias\"}]},{\"@type\":\"WebSite\",\"@id\":\"http:\/\/mobilidade.cm-amadora.pt\/#website\",\"url\":\"http:\/\/mobilidade.cm-amadora.pt\/\",\"name\":\"Amadora\",\"description\":\"Semana da Mobilidade da Amadora\",\"potentialAction\":[{\"@type\":\"SearchAction\",\"target\":{\"@type\":\"EntryPoint\",\"urlTemplate\":\"http:\/\/mobilidade.cm-amadora.pt\/?s={search_term_string}\"},\"query-input\":\"required name=search_term_string\"}],\"inLanguage\":\"en-US\"}]}<\/script>\n<!-- \/ Yoast SEO plugin. -->","yoast_head_json":{"title":"1 Semana - 7 Ideias - Amadora","description":"SEMA - Semana da Mobilidade da Amadora - 1 semana 7 ideias. Pensa no conceito de mobilidade e como te ligas \u00e0 cidade. Participa j\u00e1!","robots":{"index":"index","follow":"follow","max-snippet":"max-snippet:-1","max-image-preview":"max-image-preview:large","max-video-preview":"max-video-preview:-1"},"canonical":"https:\/\/mobilidade.cm-amadora.pt\/?page_id=686","twitter_misc":{"Est. reading time":"3 minutes"},"schema":{"@context":"https:\/\/schema.org","@graph":[{"@type":"WebPage","@id":"https:\/\/mobilidade.cm-amadora.pt\/?page_id=686","url":"https:\/\/mobilidade.cm-amadora.pt\/?page_id=686","name":"1 Semana - 7 Ideias - Amadora","isPartOf":{"@id":"http:\/\/mobilidade.cm-amadora.pt\/#website"},"primaryImageOfPage":{"@id":"https:\/\/mobilidade.cm-amadora.pt\/?page_id=686#primaryimage"},"image":{"@id":"https:\/\/mobilidade.cm-amadora.pt\/?page_id=686#primaryimage"},"thumbnailUrl":"https:\/\/mobilidade.cm-amadora.pt\/wp-content\/uploads\/2017\/06\/Banner-mobile-1semana-7ideias_Prancheta-1.png","datePublished":"2022-07-25T14:36:46+00:00","dateModified":"2023-09-08T11:24:01+00:00","description":"SEMA - Semana da Mobilidade da Amadora - 1 semana 7 ideias. Pensa no conceito de mobilidade e como te ligas \u00e0 cidade. Participa j\u00e1!","breadcrumb":{"@id":"https:\/\/mobilidade.cm-amadora.pt\/?page_id=686#breadcrumb"},"inLanguage":"en-US","potentialAction":[{"@type":"ReadAction","target":["https:\/\/mobilidade.cm-amadora.pt\/?page_id=686"]}]},{"@type":"ImageObject","inLanguage":"en-US","@id":"https:\/\/mobilidade.cm-amadora.pt\/?page_id=686#primaryimage","url":"https:\/\/mobilidade.cm-amadora.pt\/wp-content\/uploads\/2017\/06\/Banner-mobile-1semana-7ideias_Prancheta-1.png","contentUrl":"https:\/\/mobilidade.cm-amadora.pt\/wp-content\/uploads\/2017\/06\/Banner-mobile-1semana-7ideias_Prancheta-1.png","width":600,"height":700,"caption":"amadoramove-sema-1semana-7ideias"},{"@type":"BreadcrumbList","@id":"https:\/\/mobilidade.cm-amadora.pt\/?page_id=686#breadcrumb","itemListElement":[{"@type":"ListItem","position":1,"name":"Home","item":"http:\/\/mobilidade.cm-amadora.pt\/"},{"@type":"ListItem","position":2,"name":"1 Semana &#8211; 7 Ideias"}]},{"@type":"WebSite","@id":"http:\/\/mobilidade.cm-amadora.pt\/#website","url":"http:\/\/mobilidade.cm-amadora.pt\/","name":"Amadora","description":"Semana da Mobilidade da Amadora","potentialAction":[{"@type":"SearchAction","target":{"@type":"EntryPoint","urlTemplate":"http:\/\/mobilidade.cm-amadora.pt\/?s={search_term_string}"},"query-input":"required name=search_term_string"}],"inLanguage":"en-US"}]}},"_links":{"self":[{"href":"https:\/\/mobilidade.cm-amadora.pt\/index.php?rest_route=\/wp\/v2\/pages\/686","targetHints":{"allow":["GET"]}}],"collection":[{"href":"https:\/\/mobilidade.cm-amadora.pt\/index.php?rest_route=\/wp\/v2\/pages"}],"about":[{"href":"https:\/\/mobilidade.cm-amadora.pt\/index.php?rest_route=\/wp\/v2\/types\/page"}],"author":[{"embeddable":true,"href":"https:\/\/mobilidade.cm-amadora.pt\/index.php?rest_route=\/wp\/v2\/users\/1"}],"replies":[{"embeddable":true,"href":"https:\/\/mobilidade.cm-amadora.pt\/index.php?rest_route=%2Fwp%2Fv2%2Fcomments&post=686"}],"version-history":[{"count":128,"href":"https:\/\/mobilidade.cm-amadora.pt\/index.php?rest_route=\/wp\/v2\/pages\/686\/revisions"}],"predecessor-version":[{"id":2724,"href":"https:\/\/mobilidade.cm-amadora.pt\/index.php?rest_route=\/wp\/v2\/pages\/686\/revisions\/2724"}],"wp:featuredmedia":[{"embeddable":true,"href":"https:\/\/mobilidade.cm-amadora.pt\/index.php?rest_route=\/wp\/v2\/media\/1519"}],"wp:attachment":[{"href":"https:\/\/mobilidade.cm-amadora.pt\/index.php?rest_route=%2Fwp%2Fv2%2Fmedia&parent=686"}],"curies":[{"name":"wp","href":"https:\/\/api.w.org\/{rel}","templated":true}]}}