{"id":315,"date":"2017-06-09T05:21:19","date_gmt":"2017-06-09T05:21:19","guid":{"rendered":"http:\/\/themeperch.net\/proconf\/?page_id=2"},"modified":"2022-08-19T14:15:38","modified_gmt":"2022-08-19T14:15:38","slug":"regulamento-1semana-7ideias","status":"publish","type":"page","link":"https:\/\/mobilidade.cm-amadora.pt\/?page_id=315","title":{"rendered":"Regulamento &#8211; 1 semana, 7 ideias"},"content":{"rendered":"<p>[vc_row][vc_column offset=&#8221;vc_hidden-sm vc_hidden-xs&#8221;][vc_column_text]<\/p>\n<section><\/section>\n<section><\/section>\n<section><\/section>\n<section><\/section>\n<section><img loading=\"lazy\" decoding=\"async\" class=\"alignnone wp-image-334 size-full\" src=\"https:\/\/amadoramove.pt\/wp-content\/uploads\/2017\/06\/Banner_SEMA_1semana_7ideias_Prancheta-1-e1658502566851.png\" alt=\"\" width=\"1500\" height=\"502\" srcset=\"https:\/\/mobilidade.cm-amadora.pt\/wp-content\/uploads\/2017\/06\/Banner_SEMA_1semana_7ideias_Prancheta-1-e1658502566851.png 1500w, https:\/\/mobilidade.cm-amadora.pt\/wp-content\/uploads\/2017\/06\/Banner_SEMA_1semana_7ideias_Prancheta-1-e1658502566851-300x100.png 300w, https:\/\/mobilidade.cm-amadora.pt\/wp-content\/uploads\/2017\/06\/Banner_SEMA_1semana_7ideias_Prancheta-1-e1658502566851-1024x343.png 1024w, https:\/\/mobilidade.cm-amadora.pt\/wp-content\/uploads\/2017\/06\/Banner_SEMA_1semana_7ideias_Prancheta-1-e1658502566851-768x257.png 768w\" sizes=\"auto, (max-width: 1500px) 100vw, 1500px\" \/><\/section>\n<section><\/section>\n<section><\/section>\n<p>[\/vc_column_text][\/vc_column][\/vc_row][vc_row][vc_column offset=&#8221;vc_hidden-lg vc_hidden-md&#8221;][vc_single_image image=&#8221;1519&#8243; img_size=&#8221;full&#8221; alignment=&#8221;center&#8221;][\/vc_column][\/vc_row][vc_row][vc_column][vc_empty_space][\/vc_column][\/vc_row][vc_row][vc_column width=&#8221;1\/6&#8243;][\/vc_column][vc_column width=&#8221;2\/3&#8243; offset=&#8221;vc_hidden-sm vc_hidden-xs&#8221;][vc_column_text]<\/p>\n<section class=\"article-content clearfix\"><strong>Programa de sensibiliza\u00e7\u00e3o para a popula\u00e7\u00e3o escolar do 1.\u00ba, 2.\u00ba e 3.\u00ba ciclos, Ensino Secund\u00e1rio e Universidades do concelho da Amadora, integrado nas atividades da Semana Europeia da Mobilidade.<br \/>\nEdi\u00e7\u00e3o 2022 \u2013 Sentir a Mobilidade \u2013 1 Semana 7 Ideias<\/strong><\/section>\n<section><\/section>\n<p>[\/vc_column_text][vc_empty_space][vc_column_text]<\/p>\n<section><\/section>\n<section class=\"article-content clearfix\">Baseado no slogan da Semana Europeia da Mobilidade \u2013 Amadora 2022, \u201cMais Liga\u00e7\u00f5es, Melhor Mobilidade\u201d, o Munic\u00edpio da Amadora convida a popula\u00e7\u00e3o escolar a apresentar os seus pensamentos sobre a mobilidade e a sua liga\u00e7\u00e3o ao espa\u00e7o p\u00fablico e a partilhar as suas ideias com toda a comunidade.<\/section>\n<section><\/section>\n<section class=\"article-content clearfix\">Este programa \u00e9 direcionado aos alunos do 1.\u00ba, 2.\u00ba e 3.\u00ba ciclos, Ensino Secund\u00e1rio e Universidades do concelho da Amadora.<\/section>\n<section><\/section>\n<section class=\"article-content clearfix\">A premissa deste programa de sensibiliza\u00e7\u00e3o passa pela apresenta\u00e7\u00e3o das melhores ideias recebidas e sua dissemina\u00e7\u00e3o nas redes sociais, uma por cada dia da Semana Europeia da Mobilidade, de 16 a 22 de setembro de 2022, no total de sete trabalhos.<\/section>\n<section><\/section>\n<section class=\"article-content clearfix\">O tema deve ser relacionado com a mobilidade e a rela\u00e7\u00e3o das pessoas com o espa\u00e7o p\u00fablico.<\/section>\n<section><\/section>\n<p>Para orientar os trabalhos, apresentam-se como exemplos:<\/p>\n<ul>\n<li>Como nos podemos deslocar para a escola de forma mais sustent\u00e1vel?<\/li>\n<li>Como deve ser o espa\u00e7o envolvente \u00e0 minha escola, para ser melhor para mim e para os meus amigos?<\/li>\n<li>Como deve ser a rua onde vivo, para ser melhor para mim, para os meus amigos e para todos os que l\u00e1 vivem?<\/li>\n<li>Como deve ser a cidade onde vivo, para que esta seja boa para todos nos deslocarmos e vivermos melhor, nomeadamente aqueles que t\u00eam mais dificuldades em se movimentar?<\/li>\n<li>Como posso ensinar aos mais velhos a deslocarem-se de forma mais sustent\u00e1vel?<\/li>\n<\/ul>\n<section><\/section>\n<p>Os trabalhos a apresentar devem consistir numa das seguintes formas:<\/p>\n<ul>\n<li>Uma reportagem v\u00eddeo, com dura\u00e7\u00e3o m\u00e1xima de 1 minuto e 30 segundos, com t\u00edtulo e uma breve descri\u00e7\u00e3o em texto;<\/li>\n<li>Uma reportagem fotogr\u00e1fica, com o m\u00e1ximo de 6 fotografias, cada uma legendada e com t\u00edtulo;<\/li>\n<li>Desenhos ou ilustra\u00e7\u00f5es, no m\u00e1ximo de 6 pe\u00e7as, cada uma legendada e com t\u00edtulo.<\/li>\n<\/ul>\n<section class=\"article-content clearfix\">Os trabalhos devem ser entregues por email, para <span id=\"cloakdbea0ff87785699eac78e6192a6491c5\"><a title=\"se.mobilidade@cm-amadora.pt\" href=\"mailto:se.mobilidade@cm-amadora.pt\" target=\"_blank\" rel=\"noopener\">se.mobilidade@cm-amadora.pt<\/a><\/span>.<\/section>\n<section><\/section>\n<section class=\"article-content clearfix\">Todos os esclarecimentos devem ser colocados para o email ou para o telefone 214 369 060.<\/section>\n<section class=\"article-content clearfix\">As sete ideias selecionadas para apresenta\u00e7\u00e3o durante a Semana Europeia da Mobilidade ser\u00e3o premiadas e ser\u00e1 selecionada por um j\u00fari a melhor ideia, que receber\u00e1 um pr\u00e9mio especial.<\/section>\n<section><\/section>\n<section class=\"article-content clearfix\">Criado em 18 julho 2022<\/section>\n<p>[\/vc_column_text][vc_empty_space][\/vc_column][vc_column width=&#8221;1\/6&#8243;][\/vc_column][\/vc_row][vc_row css=&#8221;.vc_custom_1660139560900{margin-right: 50px !important;margin-left: 50px !important;}&#8221;][vc_column width=&#8221;1\/6&#8243;][\/vc_column][vc_column width=&#8221;2\/3&#8243; offset=&#8221;vc_hidden-lg vc_hidden-md&#8221;][vc_column_text]<\/p>\n<section class=\"article-content clearfix\"><strong>Programa de sensibiliza\u00e7\u00e3o para a popula\u00e7\u00e3o escolar do 1.\u00ba, 2.\u00ba e 3.\u00ba ciclos, Ensino Secund\u00e1rio e Universidades do concelho da Amadora, integrado nas atividades da Semana Europeia da Mobilidade.<br \/>\nEdi\u00e7\u00e3o 2022 \u2013 Sentir a Mobilidade \u2013 1 Semana 7 Ideias<\/strong><\/section>\n<section><\/section>\n<p>[\/vc_column_text][vc_empty_space][vc_column_text]<\/p>\n<section><\/section>\n<section class=\"article-content clearfix\">Baseado no slogan da Semana Europeia da Mobilidade \u2013 Amadora 2022, \u201cMais Liga\u00e7\u00f5es, Melhor Mobilidade\u201d, o Munic\u00edpio da Amadora convida a popula\u00e7\u00e3o escolar a apresentar os seus pensamentos sobre a mobilidade e a sua liga\u00e7\u00e3o ao espa\u00e7o p\u00fablico e a partilhar as suas ideias com toda a comunidade.<\/section>\n<section><\/section>\n<section class=\"article-content clearfix\">Este programa \u00e9 direcionado aos alunos do 1.\u00ba, 2.\u00ba e 3.\u00ba ciclos, Ensino Secund\u00e1rio e Universidades do concelho da Amadora.<\/section>\n<section><\/section>\n<section class=\"article-content clearfix\">A premissa deste programa de sensibiliza\u00e7\u00e3o passa pela apresenta\u00e7\u00e3o das melhores ideias recebidas e sua dissemina\u00e7\u00e3o nas redes sociais, uma por cada dia da Semana Europeia da Mobilidade, de 16 a 22 de setembro de 2022, no total de sete trabalhos.<\/section>\n<section><\/section>\n<section class=\"article-content clearfix\">O tema deve ser relacionado com a mobilidade e a rela\u00e7\u00e3o das pessoas com o espa\u00e7o p\u00fablico.<\/section>\n<section><\/section>\n<p>Para orientar os trabalhos, apresentam-se como exemplos:<\/p>\n<ul>\n<li>Como nos podemos deslocar para a escola de forma mais sustent\u00e1vel?<\/li>\n<li>Como deve ser o espa\u00e7o envolvente \u00e0 minha escola, para ser melhor para mim e para os meus amigos?<\/li>\n<li>Como deve ser a rua onde vivo, para ser melhor para mim, para os meus amigos e para todos os que l\u00e1 vivem?<\/li>\n<li>Como deve ser a cidade onde vivo, para que esta seja boa para todos nos deslocarmos e vivermos melhor, nomeadamente aqueles que t\u00eam mais dificuldades em se movimentar?<\/li>\n<li>Como posso ensinar aos mais velhos a deslocarem-se de forma mais sustent\u00e1vel?<\/li>\n<\/ul>\n<section><\/section>\n<p>Os trabalhos a apresentar devem consistir numa das seguintes formas:<\/p>\n<ul>\n<li>Uma reportagem v\u00eddeo, com dura\u00e7\u00e3o m\u00e1xima de 1 minuto e 30 segundos, com t\u00edtulo e uma breve descri\u00e7\u00e3o em texto;<\/li>\n<li>Uma reportagem fotogr\u00e1fica, com o m\u00e1ximo de 6 fotografias, cada uma legendada e com t\u00edtulo;<\/li>\n<li>Desenhos ou ilustra\u00e7\u00f5es, no m\u00e1ximo de 6 pe\u00e7as, cada uma legendada e com t\u00edtulo.<\/li>\n<\/ul>\n<section class=\"article-content clearfix\">Os trabalhos devem ser entregues por email, para <span id=\"cloakdbea0ff87785699eac78e6192a6491c5\"><a title=\"se.mobilidade@cm-amadora.pt\" href=\"mailto:se.mobilidade@cm-amadora.pt\" target=\"_blank\" rel=\"noopener\">se.mobilidade@cm-amadora.pt<\/a><\/span>.<\/section>\n<section><\/section>\n<section class=\"article-content clearfix\">Todos os esclarecimentos devem ser colocados para o email ou para o telefone 214 369 060.<\/section>\n<section class=\"article-content clearfix\">As sete ideias selecionadas para apresenta\u00e7\u00e3o durante a Semana Europeia da Mobilidade ser\u00e3o premiadas e ser\u00e1 selecionada por um j\u00fari a melhor ideia, que receber\u00e1 um pr\u00e9mio especial.<\/section>\n<section><\/section>\n<section class=\"article-content clearfix\">Criado em 18 julho 2022<\/section>\n<p>[\/vc_column_text][vc_empty_space][\/vc_column][vc_column width=&#8221;1\/6&#8243;][\/vc_column][\/vc_row]<\/p>\n","protected":false},"excerpt":{"rendered":"<p>[vc_row][vc_column offset=&#8221;vc_hidden-sm vc_hidden-xs&#8221;][vc_column_text] [\/vc_column_text][\/vc_column][\/vc_row][vc_row][vc_column offset=&#8221;vc_hidden-lg vc_hidden-md&#8221;][vc_single_image image=&#8221;1519&#8243; img_size=&#8221;full&#8221; alignment=&#8221;center&#8221;][\/vc_column][\/vc_row][vc_row][vc_column][vc_empty_space][\/vc_column][\/vc_row][vc_row][vc_column width=&#8221;1\/6&#8243;][\/vc_column][vc_column width=&#8221;2\/3&#8243; offset=&#8221;vc_hidden-sm vc_hidden-xs&#8221;][vc_column_text] Programa de sensibiliza\u00e7\u00e3o para a popula\u00e7\u00e3o escolar do 1.\u00ba, 2.\u00ba e 3.\u00ba ciclos, Ensino Secund\u00e1rio e Universidades do concelho da Amadora, integrado nas atividades da Semana Europeia da Mobilidade. Edi\u00e7\u00e3o 2022 \u2013 Sentir a Mobilidade \u2013 1 Semana 7 Ideias [\/vc_column_text][vc_empty_space][vc_column_text] Baseado<\/p>\n","protected":false},"author":1,"featured_media":1519,"parent":686,"menu_order":0,"comment_status":"closed","ping_status":"open","template":"templates\/one-page.php","meta":{"footnotes":""},"class_list":["post-315","page","type-page","status-publish","has-post-thumbnail","hentry"],"yoast_head":"<!-- This site is optimized with the Yoast SEO plugin v22.5 - https:\/\/yoast.com\/wordpress\/plugins\/seo\/ -->\n<title>Regulamento - 1 semana, 7 ideias - Amadora<\/title>\n<meta name=\"description\" content=\"1 Semana 7 ideias - regulamento de participa\u00e7\u00e3o no passatempo, apresenta\u00e7\u00e3o de regras e informa\u00e7\u00f5es uteis para os participantes.\" \/>\n<meta name=\"robots\" content=\"index, follow, max-snippet:-1, max-image-preview:large, max-video-preview:-1\" \/>\n<link rel=\"canonical\" href=\"https:\/\/mobilidade.cm-amadora.pt\/?page_id=315\" \/>\n<meta name=\"twitter:label1\" content=\"Est. reading time\" \/>\n\t<meta name=\"twitter:data1\" content=\"4 minutes\" \/>\n<script type=\"application\/ld+json\" class=\"yoast-schema-graph\">{\"@context\":\"https:\/\/schema.org\",\"@graph\":[{\"@type\":\"WebPage\",\"@id\":\"https:\/\/mobilidade.cm-amadora.pt\/?page_id=315\",\"url\":\"https:\/\/mobilidade.cm-amadora.pt\/?page_id=315\",\"name\":\"Regulamento - 1 semana, 7 ideias - Amadora\",\"isPartOf\":{\"@id\":\"http:\/\/mobilidade.cm-amadora.pt\/#website\"},\"primaryImageOfPage\":{\"@id\":\"https:\/\/mobilidade.cm-amadora.pt\/?page_id=315#primaryimage\"},\"image\":{\"@id\":\"https:\/\/mobilidade.cm-amadora.pt\/?page_id=315#primaryimage\"},\"thumbnailUrl\":\"https:\/\/mobilidade.cm-amadora.pt\/wp-content\/uploads\/2017\/06\/Banner-mobile-1semana-7ideias_Prancheta-1.png\",\"datePublished\":\"2017-06-09T05:21:19+00:00\",\"dateModified\":\"2022-08-19T14:15:38+00:00\",\"description\":\"1 Semana 7 ideias - regulamento de participa\u00e7\u00e3o no passatempo, apresenta\u00e7\u00e3o de regras e informa\u00e7\u00f5es uteis para os participantes.\",\"breadcrumb\":{\"@id\":\"https:\/\/mobilidade.cm-amadora.pt\/?page_id=315#breadcrumb\"},\"inLanguage\":\"en-US\",\"potentialAction\":[{\"@type\":\"ReadAction\",\"target\":[\"https:\/\/mobilidade.cm-amadora.pt\/?page_id=315\"]}]},{\"@type\":\"ImageObject\",\"inLanguage\":\"en-US\",\"@id\":\"https:\/\/mobilidade.cm-amadora.pt\/?page_id=315#primaryimage\",\"url\":\"https:\/\/mobilidade.cm-amadora.pt\/wp-content\/uploads\/2017\/06\/Banner-mobile-1semana-7ideias_Prancheta-1.png\",\"contentUrl\":\"https:\/\/mobilidade.cm-amadora.pt\/wp-content\/uploads\/2017\/06\/Banner-mobile-1semana-7ideias_Prancheta-1.png\",\"width\":600,\"height\":700,\"caption\":\"amadoramove-sema-1semana-7ideias\"},{\"@type\":\"BreadcrumbList\",\"@id\":\"https:\/\/mobilidade.cm-amadora.pt\/?page_id=315#breadcrumb\",\"itemListElement\":[{\"@type\":\"ListItem\",\"position\":1,\"name\":\"Home\",\"item\":\"http:\/\/mobilidade.cm-amadora.pt\/\"},{\"@type\":\"ListItem\",\"position\":2,\"name\":\"1 Semana &#8211; 7 Ideias\",\"item\":\"https:\/\/mobilidade.cm-amadora.pt\/?page_id=686\"},{\"@type\":\"ListItem\",\"position\":3,\"name\":\"Regulamento &#8211; 1 semana, 7 ideias\"}]},{\"@type\":\"WebSite\",\"@id\":\"http:\/\/mobilidade.cm-amadora.pt\/#website\",\"url\":\"http:\/\/mobilidade.cm-amadora.pt\/\",\"name\":\"Amadora\",\"description\":\"Semana da Mobilidade da Amadora\",\"potentialAction\":[{\"@type\":\"SearchAction\",\"target\":{\"@type\":\"EntryPoint\",\"urlTemplate\":\"http:\/\/mobilidade.cm-amadora.pt\/?s={search_term_string}\"},\"query-input\":\"required name=search_term_string\"}],\"inLanguage\":\"en-US\"}]}<\/script>\n<!-- \/ Yoast SEO plugin. -->","yoast_head_json":{"title":"Regulamento - 1 semana, 7 ideias - Amadora","description":"1 Semana 7 ideias - regulamento de participa\u00e7\u00e3o no passatempo, apresenta\u00e7\u00e3o de regras e informa\u00e7\u00f5es uteis para os participantes.","robots":{"index":"index","follow":"follow","max-snippet":"max-snippet:-1","max-image-preview":"max-image-preview:large","max-video-preview":"max-video-preview:-1"},"canonical":"https:\/\/mobilidade.cm-amadora.pt\/?page_id=315","twitter_misc":{"Est. reading time":"4 minutes"},"schema":{"@context":"https:\/\/schema.org","@graph":[{"@type":"WebPage","@id":"https:\/\/mobilidade.cm-amadora.pt\/?page_id=315","url":"https:\/\/mobilidade.cm-amadora.pt\/?page_id=315","name":"Regulamento - 1 semana, 7 ideias - Amadora","isPartOf":{"@id":"http:\/\/mobilidade.cm-amadora.pt\/#website"},"primaryImageOfPage":{"@id":"https:\/\/mobilidade.cm-amadora.pt\/?page_id=315#primaryimage"},"image":{"@id":"https:\/\/mobilidade.cm-amadora.pt\/?page_id=315#primaryimage"},"thumbnailUrl":"https:\/\/mobilidade.cm-amadora.pt\/wp-content\/uploads\/2017\/06\/Banner-mobile-1semana-7ideias_Prancheta-1.png","datePublished":"2017-06-09T05:21:19+00:00","dateModified":"2022-08-19T14:15:38+00:00","description":"1 Semana 7 ideias - regulamento de participa\u00e7\u00e3o no passatempo, apresenta\u00e7\u00e3o de regras e informa\u00e7\u00f5es uteis para os participantes.","breadcrumb":{"@id":"https:\/\/mobilidade.cm-amadora.pt\/?page_id=315#breadcrumb"},"inLanguage":"en-US","potentialAction":[{"@type":"ReadAction","target":["https:\/\/mobilidade.cm-amadora.pt\/?page_id=315"]}]},{"@type":"ImageObject","inLanguage":"en-US","@id":"https:\/\/mobilidade.cm-amadora.pt\/?page_id=315#primaryimage","url":"https:\/\/mobilidade.cm-amadora.pt\/wp-content\/uploads\/2017\/06\/Banner-mobile-1semana-7ideias_Prancheta-1.png","contentUrl":"https:\/\/mobilidade.cm-amadora.pt\/wp-content\/uploads\/2017\/06\/Banner-mobile-1semana-7ideias_Prancheta-1.png","width":600,"height":700,"caption":"amadoramove-sema-1semana-7ideias"},{"@type":"BreadcrumbList","@id":"https:\/\/mobilidade.cm-amadora.pt\/?page_id=315#breadcrumb","itemListElement":[{"@type":"ListItem","position":1,"name":"Home","item":"http:\/\/mobilidade.cm-amadora.pt\/"},{"@type":"ListItem","position":2,"name":"1 Semana &#8211; 7 Ideias","item":"https:\/\/mobilidade.cm-amadora.pt\/?page_id=686"},{"@type":"ListItem","position":3,"name":"Regulamento &#8211; 1 semana, 7 ideias"}]},{"@type":"WebSite","@id":"http:\/\/mobilidade.cm-amadora.pt\/#website","url":"http:\/\/mobilidade.cm-amadora.pt\/","name":"Amadora","description":"Semana da Mobilidade da Amadora","potentialAction":[{"@type":"SearchAction","target":{"@type":"EntryPoint","urlTemplate":"http:\/\/mobilidade.cm-amadora.pt\/?s={search_term_string}"},"query-input":"required name=search_term_string"}],"inLanguage":"en-US"}]}},"_links":{"self":[{"href":"https:\/\/mobilidade.cm-amadora.pt\/index.php?rest_route=\/wp\/v2\/pages\/315","targetHints":{"allow":["GET"]}}],"collection":[{"href":"https:\/\/mobilidade.cm-amadora.pt\/index.php?rest_route=\/wp\/v2\/pages"}],"about":[{"href":"https:\/\/mobilidade.cm-amadora.pt\/index.php?rest_route=\/wp\/v2\/types\/page"}],"author":[{"embeddable":true,"href":"https:\/\/mobilidade.cm-amadora.pt\/index.php?rest_route=\/wp\/v2\/users\/1"}],"replies":[{"embeddable":true,"href":"https:\/\/mobilidade.cm-amadora.pt\/index.php?rest_route=%2Fwp%2Fv2%2Fcomments&post=315"}],"version-history":[{"count":16,"href":"https:\/\/mobilidade.cm-amadora.pt\/index.php?rest_route=\/wp\/v2\/pages\/315\/revisions"}],"predecessor-version":[{"id":1570,"href":"https:\/\/mobilidade.cm-amadora.pt\/index.php?rest_route=\/wp\/v2\/pages\/315\/revisions\/1570"}],"up":[{"embeddable":true,"href":"https:\/\/mobilidade.cm-amadora.pt\/index.php?rest_route=\/wp\/v2\/pages\/686"}],"wp:featuredmedia":[{"embeddable":true,"href":"https:\/\/mobilidade.cm-amadora.pt\/index.php?rest_route=\/wp\/v2\/media\/1519"}],"wp:attachment":[{"href":"https:\/\/mobilidade.cm-amadora.pt\/index.php?rest_route=%2Fwp%2Fv2%2Fmedia&parent=315"}],"curies":[{"name":"wp","href":"https:\/\/api.w.org\/{rel}","templated":true}]}}