{"id":2789,"date":"2023-11-13T12:27:58","date_gmt":"2023-11-13T12:27:58","guid":{"rendered":"https:\/\/amadoramove.pt\/?page_id=2789"},"modified":"2023-11-13T12:27:58","modified_gmt":"2023-11-13T12:27:58","slug":"amadoramove2023","status":"publish","type":"page","link":"https:\/\/mobilidade.cm-amadora.pt\/?page_id=2789","title":{"rendered":"AmadoraMove2023"},"content":{"rendered":"<p>[vc_row content_placement=&#8221;middle&#8221; el_id=&#8221;top&#8221;][vc_column][proconf_onepage_nav nav_logo=&#8221;https:\/\/amadoramove.pt\/wp-content\/uploads\/2017\/06\/logo5.png&#8221;][proconf_preloader banner_image=&#8221;https:\/\/amadoramove.pt\/wp-content\/uploads\/2017\/06\/edgarinagif.gif&#8221;][\/vc_column][\/vc_row][vc_section full_width=&#8221;container-wide&#8221; padding_class=&#8221;section-no-padding&#8221; css=&#8221;.vc_custom_1659036711874{padding-top: 50px !important;background-color: #ffffff !important;}&#8221; el_id=&#8221;hero&#8221;][vc_row css=&#8221;.vc_custom_1659036467918{background-color: #ffffff !important;background-position: center !important;background-repeat: no-repeat !important;background-size: cover !important;}&#8221;][vc_column css=&#8221;.vc_custom_1659036646077{background-color: #ffffff !important;}&#8221; offset=&#8221;vc_hidden-xs&#8221;][vc_single_image image=&#8221;2693&#8243; img_size=&#8221;full&#8221; alignment=&#8221;center&#8221;][\/vc_column][\/vc_row][vc_row css=&#8221;.vc_custom_1658416567811{background-color: #ffffff !important;background-position: center !important;background-repeat: no-repeat !important;background-size: cover !important;}&#8221;][vc_column css=&#8221;.vc_custom_1660133859473{background-color: #ffffff !important;}&#8221; offset=&#8221;vc_hidden-lg vc_hidden-md&#8221;][vc_single_image image=&#8221;2694&#8243; img_size=&#8221;full&#8221; alignment=&#8221;center&#8221; css=&#8221;.vc_custom_1694171067415{margin-top: 25px !important;}&#8221;][\/vc_column][\/vc_row][\/vc_section][vc_section overlay=&#8221;yes&#8221; overlay_type=&#8221;overlayW&#8221; css=&#8221;.vc_custom_1659035735194{border-right-width: px !important;background-color: #ffffff !important;}&#8221;][vc_row content_placement=&#8221;middle&#8221; css=&#8221;.vc_custom_1658925448856{background-color: #ffffff !important;}&#8221;][vc_column css=&#8221;.vc_custom_1659035547627{background-color: #ffffff !important;background-position: 0 0 !important;background-repeat: repeat !important;}&#8221;][proconf_section_title title=&#8221;ESTAMOS EM CONTAGEM DECRESCENTE PARA A SEMANA DA MOBILIDADE&#8221; icon=&#8221;fas fa-history&#8221;][proconf_countdown event_datetime=&#8221;September 16, 2023 00:00:00&#8243; year=&#8221;Anos&#8221; day=&#8221;Dias&#8221; sec=&#8221;Seg&#8221;][\/vc_column][\/vc_row][\/vc_section][vc_section content_placement=&#8221;middle&#8221; bg_class=&#8221;BGprime&#8221; css=&#8221;.vc_custom_1658931866053{padding-top: 100px !important;background-color: #85c59f !important;background-position: 0 0 !important;background-repeat: no-repeat !important;}&#8221;][vc_row content_placement=&#8221;middle&#8221; video_bg=&#8221;yes&#8221; video_bg_url=&#8221;&#8221; css=&#8221;.vc_custom_1658500805932{margin-top: 0px !important;margin-right: 0px !important;border-right-width: 0px !important;padding-top: 0px !important;}&#8221;][vc_column width=&#8221;1\/3&#8243; offset=&#8221;vc_hidden-sm vc_hidden-xs&#8221;][vc_empty_space][vc_single_image image=&#8221;1174&#8243; img_size=&#8221;400&#215;400&#8243; alignment=&#8221;center&#8221;][\/vc_column][vc_column width=&#8221;1\/3&#8243; offset=&#8221;vc_hidden-sm vc_hidden-xs&#8221;][proconf_eventinfo icon=&#8221;fas fa-calendar-check&#8221; title=&#8221;Semana Europeia da Mobilidade &#8211; Amadora&#8221; subtitle=&#8221;16 a 22 de Setembro&#8221;]Vive. Sente &amp; Move-te[\/proconf_eventinfo][\/vc_column][vc_column width=&#8221;1\/3&#8243; offset=&#8221;vc_hidden-sm vc_hidden-xs&#8221;][proconf_eventinfo icon=&#8221;fas fa-map-marker-alt&#8221; title=&#8221;&#8221; subtitle=&#8221;Amadora&#8221;]Cada evento ter\u00e1 a sua localiza\u00e7\u00e3o espec\u00edfica, sempre na cidade da Amadora.[\/proconf_eventinfo][\/vc_column][\/vc_row][vc_row content_placement=&#8221;middle&#8221; video_bg=&#8221;yes&#8221; video_bg_url=&#8221;&#8221; css=&#8221;.vc_custom_1660135123323{margin-top: -70px !important;margin-right: 0px !important;border-right-width: 0px !important;}&#8221;][vc_column width=&#8221;1\/3&#8243; offset=&#8221;vc_hidden-lg vc_hidden-md&#8221;][vc_single_image image=&#8221;1174&#8243; img_size=&#8221;400&#215;400&#8243; alignment=&#8221;center&#8221;][\/vc_column][vc_column width=&#8221;1\/3&#8243; offset=&#8221;vc_hidden-lg vc_hidden-md&#8221; css=&#8221;.vc_custom_1660134900050{margin-left: 50px !important;}&#8221;][proconf_eventinfo icon=&#8221;fas fa-bicycle&#8221; title=&#8221;Semana Europeia da Mobilidade &#8211; Amadora&#8221; subtitle=&#8221;16 a 22 de Setembro&#8221;]Vive. Sente &amp; Move-te[\/proconf_eventinfo][\/vc_column][vc_column width=&#8221;1\/3&#8243; offset=&#8221;vc_hidden-lg vc_hidden-md&#8221; css=&#8221;.vc_custom_1660134909824{margin-left: 50px !important;}&#8221;][proconf_eventinfo icon=&#8221;fas fa-map-marker-alt&#8221; title=&#8221;&#8221; subtitle=&#8221;Amadora&#8221;]Cada evento ter\u00e1 a sua localiza\u00e7\u00e3o espec\u00edfica, sempre na cidade da Amadora.[\/proconf_eventinfo][\/vc_column][\/vc_row][\/vc_section][vc_section bg_class=&#8221;BGlight&#8221; el_id=&#8221;schedule&#8221;][vc_row][vc_column][proconf_section_title title=&#8221;PROGRAMA\u00c7\u00c3O&#8221; icon=&#8221;fas fa-tasks&#8221;][timeline_carousel button_text=&#8221;&#8221;][proconf_events_timeline date=&#8221;16&#8243; month=&#8221;Setembro&#8221; events=&#8221;%5B%7B%22left_side%22%3A%22None%22%2C%22speaker%22%3A%22Faz%20Tua%20a%20Rua%20%E2%80%93%20Dia%20Europeu%20Sem%20Carros%22%2C%22icon%22%3A%22fas%20fa-walking%22%2C%22type%22%3A%22custom%22%2C%22event%22%3A%22Faz%20Tua%20a%20Rua%20%E2%80%93%20Dia%20Europeu%20Sem%20Carros%22%2C%22title%22%3A%22IV%20Amadora%20Peddy%20Challenge%20%22%2C%22subtitle%22%3A%22%20%20%22%2C%22desccription%22%3A%22Com%20partida%20e%20chegada%20na%20Decathlon%2C%20as%20equipas%20constitu%C3%ADdas%20por%203%20participantes%2C%20ter%C3%A3o%20oportunidade%20de%20conhecer%20melhor%20esta%20zona%20da%20Amadora%2C%20responder%20a%20perguntas%20de%20observa%C3%A7%C3%A3o%20e%20de%20sustentabilidade.%20Haver%C3%A1%20tamb%C3%A9m%20algumas%20tarefas%20a%20executar%2C%20de%20forma%20divertida%20e%20descontra%C3%ADda%2C%20sempre%20numa%20%C3%B3tica%20de%20promo%C3%A7%C3%A3o%20da%20mobilidade%20pedonal%20e%20do%20exerc%C3%ADcio%20f%C3%ADsico.%5Cn%5CnFace%20%C3%A0s%20previs%C3%B5es%20do%20pelo%20Instituto%20Portugu%C3%AAs%20do%20Mar%20e%20Atmosfera%2C%20referentes%20%C3%A0s%20condi%C3%A7%C3%B5es%20atmosf%C3%A9ricas%20adversas%20previstas%20para%20o%20presente%20dia%2C%20o%20IV%20Amadora%20Peddy%20Challenge%20ser%C3%A1%20adiado%20para%20o%20dia%2023%20de%20setembro.%5Cn%22%2C%22time%22%3A%22%2014h30%22%2C%22icon_bg_color%22%3A%22default-bg%22%2C%22right_bg_color%22%3A%22default-bg%22%7D%5D&#8221;][proconf_events_timeline date=&#8221;17&#8243; month=&#8221;Setembro&#8221; events=&#8221;%5B%7B%22left_side%22%3A%22None%22%2C%22speaker%22%3A%22Faz%20Tua%20a%20Rua%20%E2%80%93%20Dia%20Europeu%20Sem%20Carros%22%2C%22icon%22%3A%22fas%20fa-biking%22%2C%22type%22%3A%22custom%22%2C%22event%22%3A%22Faz%20Tua%20a%20Rua%20%E2%80%93%20Dia%20Europeu%20Sem%20Carros%22%2C%22title%22%3A%22A%20pedalar%20pela%20amL%20com%20o%20navegante%20%E2%80%93%20Margem%20Norte%22%2C%22subtitle%22%3A%22%20%22%2C%22desccription%22%3A%22Em%20colabora%C3%A7%C3%A3o%20com%20a%20%C3%81rea%20Metropolitana%20de%20Lisboa%2C%20e%20numa%20%C3%B3tica%20de%20promo%C3%A7%C3%A3o%20da%20mobilidade%20suave%2C%20da%20utiliza%C3%A7%C3%A3o%20da%20bicicleta%20e%20da%20coordena%C3%A7%C3%A3o%20da%20mobilidade%20a%20n%C3%ADvel%20intermunicipal%20e%20metropolitano%2C%20ir%C3%A1%20realizar-se%20na%20parte%20da%20manh%C3%A3%2C%20um%20passeio%20de%20cicloturismo%20com%20in%C3%ADcio%20no%20Parque%20da%20Fantasia%20na%20Amadora%20e%20passagem%20pelos%20munic%C3%ADpios%20vizinhos%20de%20Odivelas%20e%20Lisboa%2C%20com%20um%20percurso%20acess%C3%ADvel%20a%20todas%20as%20idades%20e%20n%C3%ADveis%20de%20utilizador.%5Cn%5CnFace%20%C3%A0s%20previs%C3%B5es%20do%20pelo%20Instituto%20Portugu%C3%AAs%20do%20Mar%20e%20Atmosfera%2C%20referentes%20%C3%A0s%20condi%C3%A7%C3%B5es%20atmosf%C3%A9ricas%20adversas%20previstas%20para%20o%20presente%20dia%2C%20as%20duas%20a%C3%A7%C3%B5es%20previstas%20para%20este%20dia%20ser%C3%A3o%20realizadas%20em%20nova%20data%2C%20nomeadamente%20A%20pedalar%20pela%20amL%20%E2%80%93%20Margem%20Norte%20no%20dia%2023%20e%20a%20Girls%20Ride%20no%20dia%2024.%5Cn%22%2C%22time%22%3A%22%20%208h45%22%2C%22icon_bg_color%22%3A%22default-bg%22%2C%22right_bg_color%22%3A%22default-bg%22%7D%2C%7B%22left_side%22%3A%22None%22%2C%22speaker%22%3A%22Faz%20Tua%20a%20Rua%20%E2%80%93%20Dia%20Europeu%20Sem%20Carros%22%2C%22icon%22%3A%22fas%20fa-biking%22%2C%22type%22%3A%22custom%22%2C%22event%22%3A%22Faz%20Tua%20a%20Rua%20%E2%80%93%20Dia%20Europeu%20Sem%20Carros%22%2C%22title%22%3A%22Girls%20Ride%20-%20Passeio%20de%20Bicicleta%20em%20Alfragide%20%22%2C%22subtitle%22%3A%22%20%22%2C%22desccription%22%3A%22Valorizando%20uma%20mobilidade%20mais%20igual%20entre%20g%C3%A9neros%2C%20saud%C3%A1vel%2C%20segura%20e%20sustent%C3%A1vel%2C%20realizar-se-%C3%A1%20na%20parte%20da%20manh%C3%A3%20em%20Alfragide%2C%20em%20colabora%C3%A7%C3%A3o%20com%20o%20Alfragide%20Sobre%20Rodas%20e%20a%20Decathlon%2C%20um%20passeio%20de%20bicicletas%20destinada%20ao%20p%C3%BAblico%20feminino%2C%20procurando%20com%20esta%20a%C3%A7%C3%A3o%20de%20consciencializa%C3%A7%C3%A3o%20e%20empoderamento%2C%20mostrar%20que%20a%20cidade%20pode%20ser%20ocupada%20por%20todos%20os%20g%C3%A9neros%20e%20onde%20a%20equidade%20na%20mobilidade%20%C3%A9%20um%20dos%20pontos%20estrat%C3%A9gicos%20para%20melhorar%20a%20qualidade%20da%20viv%C3%AAncia%20e%20ocupa%C3%A7%C3%A3o%20das%20ruas%20da%20cidade.%5Cn%5CnFace%20%C3%A0s%20previs%C3%B5es%20do%20pelo%20Instituto%20Portugu%C3%AAs%20do%20Mar%20e%20Atmosfera%2C%20referentes%20%C3%A0s%20condi%C3%A7%C3%B5es%20atmosf%C3%A9ricas%20adversas%20previstas%20para%20o%20presente%20dia%2C%20as%20duas%20a%C3%A7%C3%B5es%20previstas%20para%20este%20dia%20ser%C3%A3o%20realizadas%20em%20nova%20data%2C%20nomeadamente%20A%20pedalar%20pela%20amL%20%E2%80%93%20Margem%20Norte%20no%20dia%2023%20e%20a%20Girls%20Ride%20no%20dia%2024.%5Cn%22%2C%22time%22%3A%22%20%20%209h30%22%2C%22icon_bg_color%22%3A%22default-bg%22%2C%22right_bg_color%22%3A%22default-bg%22%7D%5D&#8221;][proconf_events_timeline date=&#8221;18&#8243; month=&#8221;Setembro&#8221; events=&#8221;%5B%7B%22left_side%22%3A%22None%22%2C%22speaker%22%3A%22Faz%20Tua%20a%20Rua%20%E2%80%93%20Dia%20Europeu%20Sem%20Carros%22%2C%22icon%22%3A%22fas%20fa-biking%22%2C%22type%22%3A%22custom%22%2C%22event%22%3A%22Faz%20Tua%20a%20Rua%20%E2%80%93%20Dia%20Europeu%20Sem%20Carros%22%2C%22title%22%3A%22Mural%20da%20Mobilidade%22%2C%22subtitle%22%3A%22%7BServed%20By%3A%7D%20Spicehub%22%2C%22desccription%22%3A%22Como%20parte%20do%20processo%20de%20consciencializa%C3%A7%C3%A3o%20da%20import%C3%A2ncia%2C%20que%20a%20mobilidade%20sustent%C3%A1vel%20tem%20para%20uma%20vivencia%20mais%20completa%20da%20cidade%2C%20e%20integrando%20o%20processo%20de%20sensibiliza%C3%A7%C3%A3o%20para%20o%20combate%20%C3%A0s%20altera%C3%A7%C3%B5es%20clim%C3%A1ticas%20e%20desafios%20colocados%20%C3%A0%20forma%20como%20nos%20apropriamos%20do%20espa%C3%A7o%20publico%2C%20decorrer%C3%A1%20durante%20a%20Semana%20Europeia%20de%20Mobilidade%20a%20execu%C3%A7%C3%A3o%20de%20um%20mural.%20%5CnCom%20a%20execu%C3%A7%C3%A3o%20deste%20mural%2C%20procurar-se-%C3%A1%20valorizar%20a%20import%C3%A2ncia%20da%20mobilidade%20suave%2C%20e%20a%20sua%20integra%C3%A7%C3%A3o%20com%20a%20utiliza%C3%A7%C3%A3o%20de%20transportes%20p%C3%BAblicos.%5Cn%22%2C%22time%22%3A%22%20%20%20%22%2C%22icon_bg_color%22%3A%22default-bg%22%2C%22right_bg_color%22%3A%22default-bg%22%7D%5D&#8221;][proconf_events_timeline date=&#8221;19&#8243; month=&#8221;Setembro&#8221; events=&#8221;%5B%7B%22left_side%22%3A%22None%22%2C%22speaker%22%3A%22Faz%20Tua%20a%20Rua%20%E2%80%93%20Dia%20Europeu%20Sem%20Carros%22%2C%22icon%22%3A%22fas%20fa-paint-brush%22%2C%22type%22%3A%22custom%22%2C%22event%22%3A%22Faz%20Tua%20a%20Rua%20%E2%80%93%20Dia%20Europeu%20Sem%20Carros%22%2C%22title%22%3A%221%20semana%207%20ideias%3A%20Lan%C3%A7amento%20da%20Edi%C3%A7%C3%A3o%202024%22%2C%22subtitle%22%3A%22%20%20%22%2C%22desccription%22%3A%22Sensibilizar%20os%20alunos%20do%201.%C2%BA%2C%202.%C2%BA%20e%203.%C2%BA%20ciclos%20do%20concelho%20da%20Amadora%20para%20a%20tem%C3%A1tica%20da%20mobilidade%20sustent%C3%A1vel%20%C3%A9%20a%20premissa%20deste%20programa%20que%20passa%20pela%20apresenta%C3%A7%C3%A3o%20das%20melhores%20ideias%20recebidas%20e%20sua%20dissemina%C3%A7%C3%A3o%20nas%20redes%20sociais.%20O%20tema%20de%20cada%20trabalho%20dever%C3%A1%20ser%20relacionado%20com%20a%20mobilidade%2C%20a%20efici%C3%AAncia%20energ%C3%A9tica%20e%20a%20rela%C3%A7%C3%A3o%20das%20pessoas%20com%20o%20espa%C3%A7o%20p%C3%BAblico.%20%5Cn%22%2C%22time%22%3A%22%20%20%20%22%2C%22icon_bg_color%22%3A%22default-bg%22%2C%22right_bg_color%22%3A%22default-bg%22%7D%2C%7B%22left_side%22%3A%22None%22%2C%22speaker%22%3A%22Faz%20Tua%20a%20Rua%20%E2%80%93%20Dia%20Europeu%20Sem%20Carros%22%2C%22icon%22%3A%22fas%20fa-paint-brush%22%2C%22type%22%3A%22custom%22%2C%22event%22%3A%22Faz%20Tua%20a%20Rua%20%E2%80%93%20Dia%20Europeu%20Sem%20Carros%22%2C%22title%22%3A%22Projet.Ar-Te%22%2C%22subtitle%22%3A%22%20%20%22%2C%22desccription%22%3A%22O%20PROJET.AR-TE%20%C3%A9%20um%20projeto%20educativo%20desenvolvido%20pela%20junta%20de%20freguesia%20da%20Falagueira%2FVenda%20Nova%20que%20promove%2C%20entre%20outras%20atividades%2C%20a%20utiliza%C3%A7%C3%A3o%20da%20bicicleta%2Ftrotinete%20junto%20das%20escolas.%20%5CnA%20SEMA%20ir%C3%A1%20acompanhar%20o%20arranque%20do%20programa%20das%20aulas%20de%20bicicleta%20do%20ano%20letivo%202023%2F2024%2C%20na%20escola%20b%C3%A1sica%20Santos%20Mattos%20na%20Falagueira.%5Cn%5Cn%5Cn%22%2C%22time%22%3A%22%20%20%20%22%2C%22icon_bg_color%22%3A%22default-bg%22%2C%22right_bg_color%22%3A%22default-bg%22%7D%5D&#8221;][proconf_events_timeline date=&#8221;20&#8243; month=&#8221;Setembro&#8221; events=&#8221;%5B%7B%22left_side%22%3A%22None%22%2C%22speaker%22%3A%22Faz%20Tua%20a%20Rua%20%E2%80%93%20Dia%20Europeu%20Sem%20Carros%22%2C%22icon%22%3A%22fas%20fa-lightbulb%22%2C%22type%22%3A%22custom%22%2C%22event%22%3A%22Faz%20Tua%20a%20Rua%20%E2%80%93%20Dia%20Europeu%20Sem%20Carros%22%2C%22title%22%3A%22Energia%20na%20Escola%20de%20Mobilidade%22%2C%22subtitle%22%3A%22%20%20%22%2C%22desccription%22%3A%22Na%20Escola%20de%20Mobilidade%2C%20grupos%20de%20crian%C3%A7as%20do%201%C2%BA%20e%202%C2%BA%20ciclos%2C%20de%20escolas%20do%20concelho%2C%20ir%C3%A3o%20adquirir%20conhecimentos%20de%20seguran%C3%A7a%20rodovi%C3%A1ria%2C%20cidadania%20e%20sustentabilidade%20e%20aplic%C3%A1-las%20enquanto%20pe%C3%B5es%2C%20utilizadores%20de%20bicicleta%20e%20de%20outros%20modos%20de%20mobilidade%2C%20respeitando%20os%20sinais%20de%20tr%C3%A2nsito%2C%20e%20de%20uma%20forma%20divertida%20%2C%20aprender%20a%20viver%2C%20a%20sentir%20e%20a%20partilhar%20o%20espa%C3%A7o%20p%C3%BAblico%5Cn%5CnAs%20crian%C3%A7as%20ir%C3%A3o%20viajar%20de%20autocarro%2C%20no%20trajeto%20da%20sua%20escola%20at%C3%A9%20%C3%A0%20Escola%20de%20Mobilidade%2C%20no%20Parque%20Aventura.%5Cn%22%2C%22time%22%3A%22%20%20%20%22%2C%22icon_bg_color%22%3A%22default-bg%22%2C%22right_bg_color%22%3A%22default-bg%22%7D%5D&#8221;][proconf_events_timeline date=&#8221;21&#8243; month=&#8221;Setembro&#8221; events=&#8221;%5B%7B%22left_side%22%3A%22None%22%2C%22speaker%22%3A%22Faz%20Tua%20a%20Rua%20%E2%80%93%20Dia%20Europeu%20Sem%20Carros%22%2C%22icon%22%3A%22fas%20fa-lightbulb%22%2C%22type%22%3A%22custom%22%2C%22event%22%3A%22Faz%20Tua%20a%20Rua%20%E2%80%93%20Dia%20Europeu%20Sem%20Carros%22%2C%22title%22%3A%22Energia%20na%20Escola%20de%20Mobilidade%22%2C%22subtitle%22%3A%22%20%20%22%2C%22desccription%22%3A%22Na%20Escola%20de%20Mobilidade%2C%20grupos%20de%20crian%C3%A7as%20do%201%C2%BA%20e%202%C2%BA%20ciclos%2C%20de%20escolas%20do%20concelho%2C%20ir%C3%A3o%20adquirir%20conhecimentos%20de%20seguran%C3%A7a%20rodovi%C3%A1ria%2C%20cidadania%20e%20sustentabilidade%20e%20aplic%C3%A1-las%20enquanto%20pe%C3%B5es%2C%20utilizadores%20de%20bicicleta%20e%20de%20outros%20modos%20de%20mobilidade%2C%20respeitando%20os%20sinais%20de%20tr%C3%A2nsito%2C%20e%20de%20uma%20forma%20divertida%20%2C%20aprender%20a%20viver%2C%20a%20sentir%20e%20a%20partilhar%20o%20espa%C3%A7o%20p%C3%BAblico%5Cn%5CnAs%20crian%C3%A7as%20ir%C3%A3o%20viajar%20de%20autocarro%2C%20no%20trajeto%20da%20sua%20escola%20at%C3%A9%20%C3%A0%20Escola%20de%20Mobilidade%2C%20no%20Parque%20Aventura.%5Cn%22%2C%22time%22%3A%22%20%20%20%22%2C%22icon_bg_color%22%3A%22default-bg%22%2C%22right_bg_color%22%3A%22default-bg%22%7D%5D&#8221;][proconf_events_timeline date=&#8221;22&#8243; month=&#8221;Setembro&#8221; events=&#8221;%5B%7B%22left_side%22%3A%22None%22%2C%22speaker%22%3A%22Faz%20Tua%20a%20Rua%20%E2%80%93%20Dia%20Europeu%20Sem%20Carros%22%2C%22icon%22%3A%22fas%20fa-taxi%22%2C%22type%22%3A%22custom%22%2C%22event%22%3A%22Faz%20Tua%20a%20Rua%20%E2%80%93%20Dia%20Europeu%20Sem%20Carros%22%2C%22title%22%3A%22Faz%20Tua%20a%20Rua%20-%20Dia%20Europeu%20Sem%20Carros%22%2C%22subtitle%22%3A%22%20%20%22%2C%22desccription%22%3A%22Criar%20novas%20rela%C3%A7%C3%B5es%20entre%20as%20pessoas%20e%20o%20espa%C3%A7o%20p%C3%BAblico%2C%20cativar%20as%20pessoas%20para%20diferentes%20formas%20de%20utiliza%C3%A7%C3%A3o%20e%20de%20apropria%C3%A7%C3%A3o%20da%20cidade%2C%20%C3%A9%20o%20desafio%20do%20Dia%20Europeu%20Sem%20Carros.%20%5Cn%5CnRespondendo%20a%20este%20apelo%2C%20iremos%20fechar%20o%20Largo%20Rotary%20Club%20da%20Amadora%20e%20em%20colabora%C3%A7%C3%A3o%20com%20a%20Decathlon%20Alfragide%2C%20o%20Alfragide%20Sobre%20Rodas%20e%20outras%20associa%C3%A7%C3%B5es%2C%20iremos%20realizar%20diferentes%20atividades%20ligadas%20%C3%A0%20mobilidade%2C%20sustentabilidade%20e%20ambiente%20no%20contexto%20escolar.%20Este%20dia%20terminar%C3%A1%20com%20um%20passeio%20de%20bicicletas%20inserido%20no%20movimento%20internacional%20Kidical%20Mass%2C%20onde%20crian%C3%A7as%20das%20nossas%20escolas%20ser%C3%A3o%20os%20embaixadores%20do%20desafio%20de%20tornar%20a%20cidade%C2%A0mais%C2%A0humana.%22%2C%22time%22%3A%22%20%20%208h00-20h00%22%2C%22icon_bg_color%22%3A%22default-bg%22%2C%22right_bg_color%22%3A%22default-bg%22%7D%5D&#8221;][proconf_events_timeline date=&#8221;23&#8243; month=&#8221;Setembro&#8221; events=&#8221;%5B%7B%22left_side%22%3A%22None%22%2C%22speaker%22%3A%22Faz%20Tua%20a%20Rua%20%E2%80%93%20Dia%20Europeu%20Sem%20Carros%22%2C%22icon%22%3A%22fas%20fa-biking%22%2C%22type%22%3A%22custom%22%2C%22event%22%3A%22Faz%20Tua%20a%20Rua%20%E2%80%93%20Dia%20Europeu%20Sem%20Carros%22%2C%22title%22%3A%22A%20pedalar%20pela%20amL%20com%20o%20navegante%20%E2%80%93%20Margem%20Norte%22%2C%22subtitle%22%3A%22%20%22%2C%22desccription%22%3A%22Em%20colabora%C3%A7%C3%A3o%20com%20a%20%C3%81rea%20Metropolitana%20de%20Lisboa%2C%20e%20numa%20%C3%B3tica%20de%20promo%C3%A7%C3%A3o%20da%20mobilidade%20suave%2C%20da%20utiliza%C3%A7%C3%A3o%20da%20bicicleta%20e%20da%20coordena%C3%A7%C3%A3o%20da%20mobilidade%20a%20n%C3%ADvel%20intermunicipal%20e%20metropolitano%2C%20ir%C3%A1%20realizar-se%20na%20parte%20da%20manh%C3%A3%2C%20um%20passeio%20de%20cicloturismo%20com%20in%C3%ADcio%20no%20Parque%20da%20Fantasia%20na%20Amadora%20e%20passagem%20pelos%20munic%C3%ADpios%20vizinhos%20de%20Odivelas%20e%20Lisboa%2C%20terminando%20no%20Terreiro%20do%20Pa%C3%A7o%20em%20Lisboa%20e%20contar%C3%A1%20com%20um%20percurso%20acess%C3%ADvel%20a%20todas%20as%20idades%20e%20n%C3%ADveis%20de%20utilizador.%5CnO%20ponto%20de%20encontro%20ser%C3%A1%20no%20Parque%20da%20Fantasia%20pelas%208h45%20e%20poder%C3%A1%20se%20inscrever%20em%3A%5Cnhttps%3A%2F%2Fwww.navegante.pt%2Fdestaques%2Fsemana-europeia-da-mobilidade%5Cn%22%2C%22time%22%3A%22%20%208h30%22%2C%22icon_bg_color%22%3A%22default-bg%22%2C%22right_bg_color%22%3A%22default-bg%22%7D%2C%7B%22left_side%22%3A%22None%22%2C%22speaker%22%3A%22Faz%20Tua%20a%20Rua%20%E2%80%93%20Dia%20Europeu%20Sem%20Carros%22%2C%22icon%22%3A%22fas%20fa-biking%22%2C%22type%22%3A%22custom%22%2C%22event%22%3A%22Faz%20Tua%20a%20Rua%20%E2%80%93%20Dia%20Europeu%20Sem%20Carros%22%2C%22title%22%3A%22IV%20Amadora%20Peddy%20Challenge%22%2C%22subtitle%22%3A%22%20%22%2C%22desccription%22%3A%22Com%20partida%20e%20chegada%20na%20Decathlon%2C%20as%20equipas%20constitu%C3%ADdas%20por%203%20participantes%2C%20ter%C3%A3o%20oportunidade%20de%20conhecer%20melhor%20esta%20zona%20da%20Amadora%2C%20responder%20a%20perguntas%20de%20observa%C3%A7%C3%A3o%20e%20de%20sustentabilidade.%20Haver%C3%A1%20tamb%C3%A9m%20algumas%20tarefas%20a%20executar%2C%20de%20forma%20divertida%20e%20descontra%C3%ADda%2C%20sempre%20numa%20%C3%B3tica%20de%20promo%C3%A7%C3%A3o%20da%20mobilidade%20pedonal%20e%20do%20exerc%C3%ADcio%20f%C3%ADsico.%5CnO%20ponto%20de%20encontro%20ser%C3%A1%20na%20Decathlon%2C%20pelas%2014h30.%20As%20inscri%C3%A7%C3%B5es%20s%C3%A3o%20gratuitas%20e%20limitadas%2C%20e%20o%20formul%C3%A1rio%20e%20a%20restante%20informa%C3%A7%C3%A3o%20est%C3%A3o%20em%20https%3A%2F%2Ftinyurl.com%2Fpeddyamadora%5Cn%22%2C%22time%22%3A%22%20%20%2014h30%22%2C%22icon_bg_color%22%3A%22default-bg%22%2C%22right_bg_color%22%3A%22default-bg%22%7D%5D&#8221;][proconf_events_timeline date=&#8221;24&#8243; month=&#8221;Setembro&#8221; events=&#8221;%5B%7B%22left_side%22%3A%22None%22%2C%22speaker%22%3A%22Faz%20Tua%20a%20Rua%20%E2%80%93%20Dia%20Europeu%20Sem%20Carros%22%2C%22icon%22%3A%22fas%20fa-biking%22%2C%22type%22%3A%22custom%22%2C%22event%22%3A%22Faz%20Tua%20a%20Rua%20%E2%80%93%20Dia%20Europeu%20Sem%20Carros%22%2C%22title%22%3A%22Girls%20Ride%22%2C%22subtitle%22%3A%22%20%22%2C%22desccription%22%3A%22Valorizando%20uma%20mobilidade%20mais%20igual%20entre%20g%C3%A9neros%2C%20saud%C3%A1vel%2C%20segura%20e%20sustent%C3%A1vel%2C%20realizar-se-%C3%A1%20na%20parte%20da%20manh%C3%A3%2C%20em%20colabora%C3%A7%C3%A3o%20com%20o%20Alfragide%20Sobre%20Rodas%20e%20a%20Decathlon%2C%20ser%C3%A1%20um%20passeio%20de%20bicicletas%20destinada%20ao%20p%C3%BAblico%20feminino%2C%20procurando%20com%20esta%20a%C3%A7%C3%A3o%20de%20consciencializa%C3%A7%C3%A3o%20e%20empoderamento%2C%20mostrar%20que%20a%20cidade%20pode%20ser%20ocupada%20por%20todos%20os%20g%C3%A9neros%20e%20onde%20a%20equidade%20na%20mobilidade%20%C3%A9%20um%20dos%20pontos%20estrat%C3%A9gicos%20para%20melhorar%20a%20qualidade%20da%20viv%C3%AAncia%20e%20ocupa%C3%A7%C3%A3o%20das%20ruas%20da%20cidade.%5CnO%20passeio%20ir%C3%A1%20juntar-se%20a%20outra%20iniciativa%20enquadrada%20na%20mesma%20tem%C3%A1tica%2C%20e%20o%20grupo%20da%20Amadora%20ir%C3%A1%20refor%C3%A7ar%20a%20import%C3%A2ncia%20deste%20empoderamento%20numa%20escala%20metropolitana.%5CnO%20ponto%20de%20encontro%20ser%C3%A1%20na%20Decathlon%20pelas%2008h30%20e%20poder%C3%A1%20se%20inscrever%20em%3A%5Cnhttps%3A%2F%2Fdesporto.decathlon.pt%2Fpt-PT%2Fatividades-desportivas%2Fdetalhes%2F476172%5Cn%22%2C%22time%22%3A%22%20%208h30%22%2C%22icon_bg_color%22%3A%22default-bg%22%2C%22right_bg_color%22%3A%22default-bg%22%7D%5D&#8221;][\/timeline_carousel][\/vc_column][\/vc_row][\/vc_section][vc_section bg_class=&#8221;BGlight&#8221; el_id=&#8221;gallery&#8221;][vc_row][vc_column][proconf_section_title title=&#8221;Galeria&#8221; icon=&#8221;fas fa-images&#8221;][vc_tta_tabs no_fill_content_area=&#8221;1&#8243; active_section=&#8221;1&#8243; el_id=&#8221;https:\/\/amadoramove.pt\/wp-content\/uploads\/2022\/07\/WhatsApp-Video-2022-06-26-at-10.37.27.mp4&#8243;][vc_tta_section title=&#8221;Imagens&#8221; tab_id=&#8221;image-gallery&#8221;][proconf_gallery css_animation=&#8221;bounceIn&#8221; gallery=&#8221;%5B%7B%22title%22%3A%22Atividade-Sema-9%22%7D%2C%7B%22title%22%3A%22Atividade-Sema-8%22%7D%2C%7B%22title%22%3A%22Atividade-Sema-7%22%7D%2C%7B%22title%22%3A%22Atividade-Sema-6%22%7D%2C%7B%22title%22%3A%22Atividade-Sema-5%22%7D%2C%7B%22title%22%3A%22Atividade-Sema-4%22%7D%2C%7B%22title%22%3A%22Atividade-Sema-3%22%7D%2C%7B%22title%22%3A%22Atividade-Sema-2%22%7D%2C%7B%22title%22%3A%22Atividade-Sema-1%22%7D%5D&#8221;][\/vc_tta_section][vc_tta_section title=&#8221;V\u00eddeos&#8221; tab_id=&#8221;videos&#8221;][proconf_gallery gallery=&#8221;%5B%7B%22title%22%3A%22v%C3%ADdeo%22%7D%5D&#8221;][\/vc_tta_section][\/vc_tta_tabs][\/vc_column][\/vc_row][\/vc_section][vc_section el_id=&#8221;faq&#8221;][vc_row][vc_column][proconf_section_title title=&#8221;D\u00favidas sobre a Semana Europeia da Mobilidade&#8221; icon=&#8221;fas fa-question&#8221;][\/vc_column][\/vc_row][vc_row][vc_column width=&#8221;1\/2&#8243;][vc_tta_accordion][vc_tta_section title=&#8221;O que \u00e9 SEMA?&#8221; tab_id=&#8221;1660049870031-726940ac-1fac&#8221;][vc_column_text]SEMA quer dizer Semana Europeia da Mobilidade da Amadora.[\/vc_column_text][\/vc_tta_section][vc_tta_section title=&#8221;O que \u00e9 a Semana Europeia da Mobilidade?&#8221; tab_id=&#8221;1497093509753-0ef89526-8930&#8243;][vc_column_text]Ap\u00f3s o sucesso do Dia Europeu sem Carros (DESC), em 2000 e 2001, foi lan\u00e7ada em 2002 a Semana Europeia da Mobilidade (SEM), mais concretamente a 19 de abril, durante a Semana Verde, em Bruxelas, pela Comiss\u00e1ria para o Ambiente e com o apoio pol\u00edtico e financeiro da Comiss\u00e3o Europeia. Esta campanha \u00e9 uma parceria entre a Coordena\u00e7\u00e3o Europeia, as Autoridades locais e a Comiss\u00e3o Europeia.<\/p>\n<p>Anualmente de 16 a 22 de setembro, os cidad\u00e3os europeus t\u00eam a oportunidade de gozar uma semana inteira de atividades dedicadas \u00e0 mobilidade sustent\u00e1vel, com o objetivo de se facilitar um debate alargado sobre a necessidade da mudan\u00e7a de comportamentos relativamente \u00e0 mobilidade, em particular no que toca \u00e0 utiliza\u00e7\u00e3o do autom\u00f3vel particular.<\/p>\n<p>A campanha DESC surgiu na sequ\u00eancia de uma diretiva europeia (diretiva 96\/62\/EC) relacionada com a qualidade do ar das nossas cidades. Tendo em conta os crescentes problemas relacionados com o uso do autom\u00f3vel, v\u00e1rios pa\u00edses da Uni\u00e3o Europeia, incluindo Portugal, lan\u00e7aram esta iniciativa pela primeira vez \u00e0 escala europeia em 22 de setembro de 2000.<\/p>\n<p>Na cerim\u00f3nia de lan\u00e7amento da campanha do DESC, presidida pela Comiss\u00e1ria para o Ambiente, Margot Wallstrom, que se realizou em Bruxelas, a 4 de fevereiro de 2000, Portugal foi um dos pa\u00edses europeus a assinar a Declara\u00e7\u00e3o Europeia, comprometendo-se, assim, a participar nesta iniciativa.<\/p>\n<p>Objetivos principais:<\/p>\n<ul>\n<li>Encorajar o desenvolvimento de comportamentos compat\u00edveis com o desenvolvimento sustent\u00e1vel e, em particular, com a prote\u00e7\u00e3o da qualidade do ar, com a mitiga\u00e7\u00e3o do aquecimento global e com a redu\u00e7\u00e3o do ru\u00eddo;<\/li>\n<li>Consciencializar os cidad\u00e3os para os efeitos que a sua escolha de um modo de transporte, ter\u00e3o na qualidade do ambiente;<\/li>\n<li>Proporcionar aos cidad\u00e3os oportunidades para se deslocarem a p\u00e9, utilizarem a bicicleta e os transportes p\u00fablicos, em vez do autom\u00f3vel privado e ainda, promover a intermodalidade;<\/li>\n<li>Proporcionar aos cidad\u00e3os uma oportunidade para redescobrirem a sua cidade ou vila, os seus habitantes e o seu patrim\u00f3nio, num ambiente mais saud\u00e1vel e agrad\u00e1vel.<\/li>\n<\/ul>\n<p>[\/vc_column_text][\/vc_tta_section][vc_tta_section title=&#8221;Qual \u00e9 o slogan da SEM?&#8221; tab_id=&#8221;1660124692912-e02b3113-3eaf&#8221;][vc_column_text]Para este ano, 2022, e, para edi\u00e7\u00f5es futuras, o slogan promocional da campanha \u00e9 \u201cMix and Move\u201d, na vers\u00e3o portuguesa &#8220;Combina e Move-te!&#8221; e na vers\u00e3o da Amadora \u201cVive. Sente &amp; Move-te\u201d.<\/p>\n<p>A &#8220;multimodalidade&#8221; no sector dos transportes, ou &#8220;transporte multimodal&#8221;, \u00e9 a utiliza\u00e7\u00e3o de diferentes modos (ou meios) de transporte na mesma viagem. O conceito aplica-se tanto ao transporte de mercadorias como ao transporte de passageiros e aos modos suaves, como andar a p\u00e9, utiliza\u00e7\u00e3o de bicicleta, e-scooters, entre outros. A multimodalidade aproveita as vantagens espec\u00edficas de cada modo de transporte como uma mais-valia, tais como: conveni\u00eancia, velocidade, custo, confiabilidade, previsibilidade, etc. e que, em combina\u00e7\u00e3o entre si, podem oferecer solu\u00e7\u00f5es de transporte mais eficientes (para pessoas e bens) que ajudar\u00e3o a aliviar a press\u00e3o do congestionamento de tr\u00e1fego e ainda tornar todo o setor mais ecol\u00f3gico, mais seguro e eficiente em termos de custos, nunca esquecendo os benef\u00edcios que tais op\u00e7\u00f5es trazem \u00e0 sa\u00fade e qualidade de vida das pessoas.[\/vc_column_text][\/vc_tta_section][\/vc_tta_accordion][\/vc_column][vc_column width=&#8221;1\/2&#8243;][vc_tta_accordion][vc_tta_section title=&#8221;Qual \u00e9 o tema da SEM2023?&#8221; tab_id=&#8221;1660050294645-9798ed10-2b18&#8243;][vc_column_text]Inspirados no desafio colocado pela Uni\u00e3o Europeia, cujo tema central \u00e9 &#8220;Efici\u00eancia Energ\u00e9tica&#8221; sob o slogan &#8220;Vive. Sente &amp; Move-te&#8221;, elegemos como tema para a SEMANA EUROPEIA DA MOBILIDADE DA AMADORA o tema Economiza Energia, que de uma forma integrada procura sensibilizar todos para a import\u00e2ncia do combate \u00e0s altera\u00e7\u00f5es clim\u00e1ticas e desafios colocados \u00e0 cidade, onde a efici\u00eancia energ\u00e9tica se assume como um importante\u00a0pilar\u00a0de\u00a0a\u00e7\u00e3o.[\/vc_column_text][vc_column_text]SEMA quer dizer Semana Europeia da Mobilidade da Amadora.[\/vc_column_text][\/vc_tta_section][vc_tta_section title=&#8221;H\u00e1 quanto tempo a Amadora participa na Semana Europeia da Mobilidade?&#8221; tab_id=&#8221;1660050576786-42a68566-9fb0&#8243;][vc_column_text]O Munic\u00edpio da Amadora participa na SEM desde o ano de 2003. Os anos em que participou foram: 2003, 2004, 2007, 2008, 2009, 2012, 2014, 2015, 2016, 2017, 2018, 2019, 2020, 2021, 2022. Esta, em 2023, \u00e9 a 16\u00aa participa\u00e7\u00e3o da Amadora.[\/vc_column_text][\/vc_tta_section][vc_tta_section title=&#8221;A SEMA foi uma das finalistas do EuropeanMobilityWEEK Awards 2021?&#8221; tab_id=&#8221;1660124736448-0db9690f-343e&#8221;][vc_column_text]Sim!! \ud83d\ude0a<\/p>\n<p>O munic\u00edpio da Amadora foi um dos tr\u00eas finalistas do EuropeanMobilityWEEK Awards 2021, que decorreu de 16 a 22 de setembro de 2021, sob o lema Mobilidade Sustent\u00e1vel e Saud\u00e1vel, com o objetivo de sensibilizar a popula\u00e7\u00e3o para esta tem\u00e1tica.<\/p>\n<p>O European Mobility Week Awards elegeu, de entre as mais de 3100 vilas e cidades de 53 pa\u00edses, a Semana Europeia da Mobilidade da Amadora como uma das finalistas do pr\u00e9mio para munic\u00edpios de grande dimens\u00e3o (mais de 100.000 habitantes).<\/p>\n<p>Durante a Semana Europeia da Mobilidade, iniciativa organizada pela C\u00e2mara Municipal da Amadora, em parceria com a Ecomood Portugal, foram realizadas um conjunto de atividades que envolveram v\u00e1rios agentes da cidade e os mun\u00edcipes, tendo o j\u00fari do concurso reconhecido a \u201cintegra\u00e7\u00e3o de todos os grupos et\u00e1rios em eventos de mobilidade sustent\u00e1vel \u2013 como passeios de bicicleta, testes de ve\u00edculos el\u00e9tricos e uma conversa organizada com jovens rep\u00f3rteres para o ambiente \u2013 bem como o recurso a parcerias estrat\u00e9gicas com o com\u00e9rcio local e outros parceiros\u201d.<\/p>\n<p>A cidade da Amadora, a par com as cidades de Kassel (Alemanha) e L\u00fcleburgaz (Turquia), concorreu a este pr\u00e9mio.[\/vc_column_text][\/vc_tta_section][\/vc_tta_accordion][\/vc_column][\/vc_row][\/vc_section][vc_section bg_class=&#8221;BGlight&#8221; el_id=&#8221;testimonials&#8221;][vc_row][vc_column][proconf_section_title title=&#8221;Testemunhos&#8221; icon=&#8221;fas fa-pencil-alt&#8221;][proconf_testimonials testimonials=&#8221;%5B%7B%22title%22%3A%22On%20Mobility%22%2C%22image%22%3A%22https%3A%2F%2Famadoramove.pt%2Fwp-content%2Fuploads%2F2017%2F06%2Ftestemunho-1.jpg%22%2C%22name%22%3A%22Mariana%20Sofia%22%2C%22subtitle%22%3A%22Mariana%20Sofia%22%2C%22desc%22%3A%22A%20semana%20europeia%20da%20mobilidade%20promovida%20pela%20CM%20da%20Amadora%20%C3%A9%20uma%20iniciativa%20que%20nos%20consciencializa%20cada%20vez%20mais%20para%20a%20ado%C3%A7%C3%A3o%20de%20comportamentos%20compat%C3%ADveis%20com%20o%20desenvolvimento%20sustent%C3%A1vel%2C%20nomeadamente%20na%20escolha%20do%20meio%20de%20transporte%20nas%20desloca%C3%A7%C3%B5es%20di%C3%A1rias.%20%C3%89%20essencial%20que%20comecemos%20a%20optar%20por%20formas%20mais%20sustent%C3%A1veis%20de%20nos%20deslocarmos.%20Na%20confer%C3%AAncia%20On%20Mobility%20Amadora%202021%20foi%20demonstrado%20como%20%C3%A9%20poss%C3%ADvel%20efetuar%20essas%20escolhas%20e%20a%20import%C3%A2ncia%20do%20transporte%20p%C3%BAblico%20na%20base%20dessas%20desloca%C3%A7%C3%B5es%20mais%20sustent%C3%A1veis.%20Foi%20uma%20confer%C3%AAncia%20muito%20%C3%BAtil%20e%20esclarecedora%20relativamente%20ao%20futuro%20da%20mobilidade!%22%7D%2C%7B%22title%22%3A%22%20Peddy%20de%202021%22%2C%22image%22%3A%22https%3A%2F%2Famadoramove.pt%2Fwp-content%2Fuploads%2F2017%2F06%2Ftestemunho-2.png%22%2C%22name%22%3A%22Helena%20Galante%22%2C%22subtitle%22%3A%22Helena%20Galante%22%2C%22desc%22%3A%22Fui%20desafiada%20a%20participar%20nesta%20iniciativa%2C%20ainda%20bem%20que%20estive%20presente.%20Foi%20uma%20manh%C3%A3%20muito%20bem%20passada.%20Organiza%C3%A7%C3%A3o%20impec%C3%A1vel%2C%20pr%C3%A9mios%20excelentes%20esp%C3%ADrito%20de%20camaradagem%20sempre%20presente.%20Concerteza%20que%20voltarei%20a%20participar.%22%7D%2C%7B%22title%22%3A%22%20Peddy%20de%202021%22%2C%22image%22%3A%22https%3A%2F%2Famadoramove.pt%2Fwp-content%2Fuploads%2F2017%2F06%2Ftestemunho-1.png%22%2C%22name%22%3A%22Paulo%20Afonso%22%2C%22subtitle%22%3A%22Paulo%20Afonso%22%2C%22desc%22%3A%22Participei%20com%20a%20minha%20fam%C3%ADlia%20nesta%20atividade%20promovida%20pela%20CMA%2C%20tendo%20sido%20uma%20experi%C3%AAncia%20muito%20agrad%C3%A1vel.%20O%20conv%C3%ADvio%20foi%20uma%20constante%2C%20na%20procura%20de%20solu%C3%A7%C3%B5es%20para%20os%20desafios%20propostos.%20A%20repetir.%22%7D%2C%7B%22title%22%3A%22Electric%20de%202021%22%2C%22image%22%3A%22https%3A%2F%2Famadoramove.pt%2Fwp-content%2Fuploads%2F2017%2F06%2Fpedromorais2.png%22%2C%22name%22%3A%22Pedro%20Morais%22%2C%22subtitle%22%3A%22Pedro%20Morais%22%2C%22desc%22%3A%22Foi%20muito%20giro.%20Muito%20mais%20dif%C3%ADcil%20do%20que%20n%C3%B3s%20est%C3%A1vamos%20%C3%A0%20espera.%20Quando%20olh%C3%A1mos%20para%20o%20papel%20no%20in%C3%ADcio%20n%C3%A3o%20percebemos%20bem%20o%20que%20est%C3%A1vamos%20a%20fazer%20mas%2C%20depois%20de%20nos%20habituarmos%20ao%20andamento%20e%20a%20como%20interpretar%20as%20pistas%20que%20nos%20estavam%20a%20ser%20dadas%2C%20tornou-se%20mais%20simples.%20Um%20bocadinho%20stressante%20mas%20muito%20giro.%20Se%20n%C3%A3o%20for%20antes%2C%20para%20o%20ano%2C%20quando%20for%20a%20Semana%20da%20Mobilidade%2C%20espero%20c%C3%A1%20estar%20novamente%20a%20participar.%20Todos%20n%C3%B3s!%22%7D%2C%7B%22title%22%3A%22Electric%20de%202021%22%2C%22image%22%3A%22https%3A%2F%2Famadoramove.pt%2Fwp-content%2Fuploads%2F2017%2F06%2Felisabete.png%22%2C%22name%22%3A%22Elisabete%20Jacinto%22%2C%22subtitle%22%3A%22Elisabete%20Jacinto%22%2C%22desc%22%3A%22Foi%20divertido.%20Um%20&#8217;ganda%20mel%C3%A3o&#8217;!%20N%C3%A3o%20consegu%C3%ADamos%20perceber%20nada%20daquilo%2C%20nem%20para%20onde%20%C3%A9%20que%20%C3%ADamos%2C%20nem%20as%20respostas%20%C3%A0s%20perguntas.%20Foi%20dif%C3%ADcil.%20Divertido.%22%7D%2C%7B%22title%22%3A%22Electric%20de%202021%22%2C%22image%22%3A%22https%3A%2F%2Famadoramove.pt%2Fwp-content%2Fuploads%2F2017%2F06%2Fpedro.png%22%2C%22name%22%3A%22Pedro%20Peixoto%22%2C%22subtitle%22%3A%22Pedro%20Peixoto%22%2C%22desc%22%3A%22Participar%20no%20Amadora%20Electric%20Challenge%20%C3%A9%20sempre%20garantia%20de%20uma%20tarde%20bem%20passada%2C%20em%20que%20testamos%20actuais%20e%20adquirimos%20novos%20conhecimentos%2C%20vendo%20a%20cidade%20de%20uma%20forma%20diferente%20da%20correria%20quotidiana%2C%20com%20ve%C3%ADculos%20sustent%C3%A1veis%2C%20enquanto%20damos%20seguimento%20aos%20desafios%20que%20nos%20s%C3%A3o%20propostos%20durante%20todo%20o%20percurso.%20Embora%20a%20participa%C3%A7%C3%A3o%20seja%20pela%20divers%C3%A3o%20(apesar%20de%20haver%20bons%20pr%C3%A9mios)%2C%20desta%20vez%20iremos%20com%20responsabilidades%20acrescidas%2C%20uma%20vez%20que%20no%20ano%20passado%20fomos%20os%20vencedores.%22%7D%5D&#8221;][\/vc_column][\/vc_row][\/vc_section][vc_section bg_class=&#8221;BGprime&#8221; el_id=&#8221;register&#8221;][vc_row][vc_column css=&#8221;.vc_custom_1497093954963{border-bottom-width: 0px !important;}&#8221;][proconf_contact_form icon=&#8221;fas fa-exclamation&#8221; title=&#8221;Subscreve j\u00e1!&#8221; shortcode=&#8221;42&#8243;]Fica a par de todas as novidades![\/proconf_contact_form][\/vc_column][\/vc_row][\/vc_section][vc_section el_id=&#8221;sponsor&#8221;][vc_row][vc_column css_animation=&#8221;slideInLeft&#8221;][proconf_section_title title=&#8221;Com o apoio&#8221; icon=&#8221;fas fa-route&#8221;][\/vc_column][\/vc_row][vc_row][vc_column width=&#8221;1\/6&#8243;][vc_single_image image=&#8221;2143&#8243; img_size=&#8221;full&#8221; alignment=&#8221;center&#8221;][\/vc_column][vc_column width=&#8221;1\/6&#8243;][vc_single_image image=&#8221;2142&#8243; img_size=&#8221;full&#8221; alignment=&#8221;center&#8221;][\/vc_column][vc_column width=&#8221;1\/6&#8243;][vc_single_image image=&#8221;2141&#8243; img_size=&#8221;Full&#8221; alignment=&#8221;center&#8221;][\/vc_column][vc_column width=&#8221;1\/6&#8243;][vc_single_image image=&#8221;2125&#8243; img_size=&#8221;full&#8221; alignment=&#8221;center&#8221;][\/vc_column][vc_column width=&#8221;1\/6&#8243;][vc_single_image image=&#8221;2688&#8243; img_size=&#8221;full&#8221; alignment=&#8221;center&#8221;][\/vc_column][vc_column width=&#8221;1\/6&#8243;][vc_single_image image=&#8221;2689&#8243; img_size=&#8221;full&#8221; alignment=&#8221;center&#8221;][\/vc_column][\/vc_row][vc_row][vc_column css_animation=&#8221;none&#8221; width=&#8221;1\/6&#8243;][vc_single_image image=&#8221;2108&#8243; img_size=&#8221;full&#8221; alignment=&#8221;center&#8221;][\/vc_column][vc_column width=&#8221;1\/6&#8243;][vc_single_image image=&#8221;2646&#8243; img_size=&#8221;full&#8221; alignment=&#8221;center&#8221;][\/vc_column][vc_column width=&#8221;1\/6&#8243;][vc_single_image image=&#8221;2691&#8243; img_size=&#8221;full&#8221; alignment=&#8221;center&#8221;][\/vc_column][vc_column width=&#8221;1\/6&#8243;][vc_single_image image=&#8221;2175&#8243; img_size=&#8221;full&#8221; alignment=&#8221;center&#8221;][\/vc_column][vc_column width=&#8221;1\/6&#8243;][vc_single_image image=&#8221;2690&#8243; img_size=&#8221;full&#8221; alignment=&#8221;center&#8221;][\/vc_column][vc_column width=&#8221;1\/6&#8243;][\/vc_column][\/vc_row][\/vc_section][vc_section full_width=&#8221;container-wide&#8221; full_height=&#8221;yes&#8221; content_placement=&#8221;middle&#8221; padding_class=&#8221;section-bottom-padding&#8221; el_id=&#8221;contact&#8221;][vc_row full_height=&#8221;yes&#8221; columns_placement=&#8221;stretch&#8221;][vc_column][proconf_contact_map style=&#8221;embaed_html&#8221; link=&#8221;#E-8_JTNDaWZyYW1lJTIwc3JjJTNEJTIyaHR0cHMlM0ElMkYlMkZ3d3cuZ29vZ2xlLmNvbSUyRm1hcHMlMkZlbWJlZCUzRnBiJTNEJTIxMW0xOCUyMTFtMTIlMjExbTMlMjExZDMxMTEuMTQ4ODc0ODE4NTM2JTIxMmQtOS4yMzgxODYxODQ2NTM2OSUyMTNkMzguNzYwMjg5Mjc5NTkyMDMlMjEybTMlMjExZjAlMjEyZjAlMjEzZjAlMjEzbTIlMjExaTEwMjQlMjEyaTc2OCUyMTRmMTMuMSUyMTNtMyUyMTFtMiUyMTFzMHhkMWVjZGE3YTFmYmYwYjMlMjUzQTB4MWEwMTA5MDkwN2NiMDNlMiUyMTJzQyUyNUMzJTI1QTJtYXJhJTI1MjBNdW5pY2lwYWwlMjUyMGRhJTI1MjBBbWFkb3JhJTIxNWUwJTIxM20yJTIxMXNwdC1QVCUyMTJzcHQlMjE0djE2NTg5MjQyNDEwMjIlMjE1bTIlMjExc3B0LVBUJTIxMnNwdCUyMiUyMHdpZHRoJTNEJTIyNjAwJTIyJTIwaGVpZ2h0JTNEJTIyNzAwJTIyJTIwc3R5bGUlM0QlMjJib3JkZXIlM0EwJTNCJTIyJTIwYWxsb3dmdWxsc2NyZWVuJTNEJTIyJTIyJTIwbG9hZGluZyUzRCUyMmxhenklMjIlMjByZWZlcnJlcnBvbGljeSUzRCUyMm5vLXJlZmVycmVyLXdoZW4tZG93bmdyYWRlJTIyJTNFJTNDJTJGaWZyYW1lJTNF&#8221; image=&#8221;https:\/\/amadoramove.pt\/wp-content\/uploads\/2017\/06\/Sema-economiza-energia-morada_Prancheta-1.jpg&#8221; title=&#8221;None&#8221; subtitle=&#8221;None&#8221;][proconf_contact_info title=&#8221;SEMA&#8221; subtitle=&#8221;C\u00e2mara Municipal da Amadora&#8221; adress=&#8221;&#8221; phone=&#8221;214 369 060&#8243; email=&#8221;se.mobilidade@cm-amadora.pt&#8221;][\/proconf_contact_map][\/vc_column][\/vc_row][\/vc_section][vc_section padding_class=&#8221;section-no-padding&#8221; bg_class=&#8221;BGdark&#8221; css=&#8221;.vc_custom_1659034401924{margin-top: -50px !important;}&#8221; el_id=&#8221;footer&#8221;][vc_row][vc_column][proconf_onepage_footer icons=&#8221;%5B%7B%22icon%22%3A%22fab%20fa-facebook%22%2C%22title%22%3A%22Facebook%22%2C%22link%22%3A%22https%3A%2F%2Fwww.facebook.com%2Fsemob.amadora%22%7D%2C%7B%22icon%22%3A%22fab%20fa-instagram%22%2C%22title%22%3A%22Instagram%22%2C%22link%22%3A%22https%3A%2F%2Fwww.instagram.com%2Fsemamadora%2F%22%7D%2C%7B%22icon%22%3A%22far%20fa-heart%22%2C%22title%22%3A%22Tik%20tok%22%2C%22link%22%3A%22https%3A%2F%2Fwww.tiktok.com%2F%40sema_amadora%22%7D%5D&#8221;]<a href=\"https:\/\/amadoramove.pt\/politica-de-privacidade\/\">Pol\u00edtica de Privacidade<\/a> | <a href=\"https:\/\/amadoramove.pt\/subscricao-newsletter\/\">Subscri\u00e7\u00e3o de Newsletter<\/a><\/p>\n<p><a href=\"https:\/\/e-marketing.pt\/\"><strong>E-Marketing<\/strong><\/a> \u00a9 2022. SEMA &#8211; Todos os direitos reservados.[\/proconf_onepage_footer][\/vc_column][\/vc_row][\/vc_section]<\/p>\n","protected":false},"excerpt":{"rendered":"<p>[vc_row content_placement=&#8221;middle&#8221; el_id=&#8221;top&#8221;][vc_column][proconf_onepage_nav nav_logo=&#8221;https:\/\/amadoramove.pt\/wp-content\/uploads\/2017\/06\/logo5.png&#8221;][proconf_preloader banner_image=&#8221;https:\/\/amadoramove.pt\/wp-content\/uploads\/2017\/06\/edgarinagif.gif&#8221;][\/vc_column][\/vc_row][vc_section full_width=&#8221;container-wide&#8221; padding_class=&#8221;section-no-padding&#8221; css=&#8221;.vc_custom_1659036711874{padding-top: 50px !important;background-color: #ffffff !important;}&#8221; el_id=&#8221;hero&#8221;][vc_row css=&#8221;.vc_custom_1659036467918{background-color: #ffffff !important;background-position: center !important;background-repeat: no-repeat !important;background-size: cover !important;}&#8221;][vc_column css=&#8221;.vc_custom_1659036646077{background-color: #ffffff !important;}&#8221; offset=&#8221;vc_hidden-xs&#8221;][vc_single_image image=&#8221;2693&#8243; img_size=&#8221;full&#8221; alignment=&#8221;center&#8221;][\/vc_column][\/vc_row][vc_row css=&#8221;.vc_custom_1658416567811{background-color: #ffffff !important;background-position: center !important;background-repeat: no-repeat !important;background-size: cover !important;}&#8221;][vc_column css=&#8221;.vc_custom_1660133859473{background-color: #ffffff !important;}&#8221; offset=&#8221;vc_hidden-lg vc_hidden-md&#8221;][vc_single_image image=&#8221;2694&#8243; img_size=&#8221;full&#8221; alignment=&#8221;center&#8221; css=&#8221;.vc_custom_1694171067415{margin-top: 25px !important;}&#8221;][\/vc_column][\/vc_row][\/vc_section][vc_section overlay=&#8221;yes&#8221; overlay_type=&#8221;overlayW&#8221; css=&#8221;.vc_custom_1659035735194{border-right-width: px !important;background-color: #ffffff<\/p>\n","protected":false},"author":1,"featured_media":2694,"parent":0,"menu_order":0,"comment_status":"closed","ping_status":"closed","template":"templates\/one-page.php","meta":{"footnotes":""},"class_list":["post-2789","page","type-page","status-publish","has-post-thumbnail","hentry"],"yoast_head":"<!-- This site is optimized with the Yoast SEO plugin v22.5 - https:\/\/yoast.com\/wordpress\/plugins\/seo\/ -->\n<title>AmadoraMove2023 - Amadora<\/title>\n<meta name=\"description\" content=\"A SEMA - Semana Europeia da Mobilidade da Amadora, sensibiliza os participantes nas atividades para a mobilidade sustent\u00e1vel. Participa!\" \/>\n<meta name=\"robots\" content=\"index, follow, max-snippet:-1, max-image-preview:large, max-video-preview:-1\" \/>\n<link rel=\"canonical\" href=\"http:\/\/mobilidade.cm-amadora.pt\/?page_id=2789\" \/>\n<meta name=\"twitter:label1\" content=\"Est. reading time\" \/>\n\t<meta name=\"twitter:data1\" content=\"7 minutes\" \/>\n<script type=\"application\/ld+json\" class=\"yoast-schema-graph\">{\"@context\":\"https:\/\/schema.org\",\"@graph\":[{\"@type\":\"WebPage\",\"@id\":\"http:\/\/mobilidade.cm-amadora.pt\/?page_id=2789\",\"url\":\"http:\/\/mobilidade.cm-amadora.pt\/?page_id=2789\",\"name\":\"AmadoraMove2023 - Amadora\",\"isPartOf\":{\"@id\":\"http:\/\/mobilidade.cm-amadora.pt\/#website\"},\"primaryImageOfPage\":{\"@id\":\"http:\/\/mobilidade.cm-amadora.pt\/?page_id=2789#primaryimage\"},\"image\":{\"@id\":\"http:\/\/mobilidade.cm-amadora.pt\/?page_id=2789#primaryimage\"},\"thumbnailUrl\":\"https:\/\/mobilidade.cm-amadora.pt\/wp-content\/uploads\/2023\/09\/Sema-econimizaenergia_mobile_Prancheta-1.jpg\",\"datePublished\":\"2023-11-13T12:27:58+00:00\",\"dateModified\":\"2023-11-13T12:27:58+00:00\",\"description\":\"A SEMA - Semana Europeia da Mobilidade da Amadora, sensibiliza os participantes nas atividades para a mobilidade sustent\u00e1vel. Participa!\",\"breadcrumb\":{\"@id\":\"http:\/\/mobilidade.cm-amadora.pt\/?page_id=2789#breadcrumb\"},\"inLanguage\":\"en-US\",\"potentialAction\":[{\"@type\":\"ReadAction\",\"target\":[\"http:\/\/mobilidade.cm-amadora.pt\/?page_id=2789\"]}]},{\"@type\":\"ImageObject\",\"inLanguage\":\"en-US\",\"@id\":\"http:\/\/mobilidade.cm-amadora.pt\/?page_id=2789#primaryimage\",\"url\":\"https:\/\/mobilidade.cm-amadora.pt\/wp-content\/uploads\/2023\/09\/Sema-econimizaenergia_mobile_Prancheta-1.jpg\",\"contentUrl\":\"https:\/\/mobilidade.cm-amadora.pt\/wp-content\/uploads\/2023\/09\/Sema-econimizaenergia_mobile_Prancheta-1.jpg\",\"width\":600,\"height\":700},{\"@type\":\"BreadcrumbList\",\"@id\":\"http:\/\/mobilidade.cm-amadora.pt\/?page_id=2789#breadcrumb\",\"itemListElement\":[{\"@type\":\"ListItem\",\"position\":1,\"name\":\"Home\",\"item\":\"http:\/\/mobilidade.cm-amadora.pt\/\"},{\"@type\":\"ListItem\",\"position\":2,\"name\":\"AmadoraMove2023\"}]},{\"@type\":\"WebSite\",\"@id\":\"http:\/\/mobilidade.cm-amadora.pt\/#website\",\"url\":\"http:\/\/mobilidade.cm-amadora.pt\/\",\"name\":\"Amadora\",\"description\":\"Semana da Mobilidade da Amadora\",\"potentialAction\":[{\"@type\":\"SearchAction\",\"target\":{\"@type\":\"EntryPoint\",\"urlTemplate\":\"http:\/\/mobilidade.cm-amadora.pt\/?s={search_term_string}\"},\"query-input\":\"required name=search_term_string\"}],\"inLanguage\":\"en-US\"}]}<\/script>\n<!-- \/ Yoast SEO plugin. -->","yoast_head_json":{"title":"AmadoraMove2023 - Amadora","description":"A SEMA - Semana Europeia da Mobilidade da Amadora, sensibiliza os participantes nas atividades para a mobilidade sustent\u00e1vel. Participa!","robots":{"index":"index","follow":"follow","max-snippet":"max-snippet:-1","max-image-preview":"max-image-preview:large","max-video-preview":"max-video-preview:-1"},"canonical":"http:\/\/mobilidade.cm-amadora.pt\/?page_id=2789","twitter_misc":{"Est. reading time":"7 minutes"},"schema":{"@context":"https:\/\/schema.org","@graph":[{"@type":"WebPage","@id":"http:\/\/mobilidade.cm-amadora.pt\/?page_id=2789","url":"http:\/\/mobilidade.cm-amadora.pt\/?page_id=2789","name":"AmadoraMove2023 - Amadora","isPartOf":{"@id":"http:\/\/mobilidade.cm-amadora.pt\/#website"},"primaryImageOfPage":{"@id":"http:\/\/mobilidade.cm-amadora.pt\/?page_id=2789#primaryimage"},"image":{"@id":"http:\/\/mobilidade.cm-amadora.pt\/?page_id=2789#primaryimage"},"thumbnailUrl":"https:\/\/mobilidade.cm-amadora.pt\/wp-content\/uploads\/2023\/09\/Sema-econimizaenergia_mobile_Prancheta-1.jpg","datePublished":"2023-11-13T12:27:58+00:00","dateModified":"2023-11-13T12:27:58+00:00","description":"A SEMA - Semana Europeia da Mobilidade da Amadora, sensibiliza os participantes nas atividades para a mobilidade sustent\u00e1vel. Participa!","breadcrumb":{"@id":"http:\/\/mobilidade.cm-amadora.pt\/?page_id=2789#breadcrumb"},"inLanguage":"en-US","potentialAction":[{"@type":"ReadAction","target":["http:\/\/mobilidade.cm-amadora.pt\/?page_id=2789"]}]},{"@type":"ImageObject","inLanguage":"en-US","@id":"http:\/\/mobilidade.cm-amadora.pt\/?page_id=2789#primaryimage","url":"https:\/\/mobilidade.cm-amadora.pt\/wp-content\/uploads\/2023\/09\/Sema-econimizaenergia_mobile_Prancheta-1.jpg","contentUrl":"https:\/\/mobilidade.cm-amadora.pt\/wp-content\/uploads\/2023\/09\/Sema-econimizaenergia_mobile_Prancheta-1.jpg","width":600,"height":700},{"@type":"BreadcrumbList","@id":"http:\/\/mobilidade.cm-amadora.pt\/?page_id=2789#breadcrumb","itemListElement":[{"@type":"ListItem","position":1,"name":"Home","item":"http:\/\/mobilidade.cm-amadora.pt\/"},{"@type":"ListItem","position":2,"name":"AmadoraMove2023"}]},{"@type":"WebSite","@id":"http:\/\/mobilidade.cm-amadora.pt\/#website","url":"http:\/\/mobilidade.cm-amadora.pt\/","name":"Amadora","description":"Semana da Mobilidade da Amadora","potentialAction":[{"@type":"SearchAction","target":{"@type":"EntryPoint","urlTemplate":"http:\/\/mobilidade.cm-amadora.pt\/?s={search_term_string}"},"query-input":"required name=search_term_string"}],"inLanguage":"en-US"}]}},"_links":{"self":[{"href":"https:\/\/mobilidade.cm-amadora.pt\/index.php?rest_route=\/wp\/v2\/pages\/2789","targetHints":{"allow":["GET"]}}],"collection":[{"href":"https:\/\/mobilidade.cm-amadora.pt\/index.php?rest_route=\/wp\/v2\/pages"}],"about":[{"href":"https:\/\/mobilidade.cm-amadora.pt\/index.php?rest_route=\/wp\/v2\/types\/page"}],"author":[{"embeddable":true,"href":"https:\/\/mobilidade.cm-amadora.pt\/index.php?rest_route=\/wp\/v2\/users\/1"}],"replies":[{"embeddable":true,"href":"https:\/\/mobilidade.cm-amadora.pt\/index.php?rest_route=%2Fwp%2Fv2%2Fcomments&post=2789"}],"version-history":[{"count":1,"href":"https:\/\/mobilidade.cm-amadora.pt\/index.php?rest_route=\/wp\/v2\/pages\/2789\/revisions"}],"predecessor-version":[{"id":2790,"href":"https:\/\/mobilidade.cm-amadora.pt\/index.php?rest_route=\/wp\/v2\/pages\/2789\/revisions\/2790"}],"wp:featuredmedia":[{"embeddable":true,"href":"https:\/\/mobilidade.cm-amadora.pt\/index.php?rest_route=\/wp\/v2\/media\/2694"}],"wp:attachment":[{"href":"https:\/\/mobilidade.cm-amadora.pt\/index.php?rest_route=%2Fwp%2Fv2%2Fmedia&parent=2789"}],"curies":[{"name":"wp","href":"https:\/\/api.w.org\/{rel}","templated":true}]}}