{"id":2554,"date":"2022-09-13T12:45:20","date_gmt":"2022-09-13T12:45:20","guid":{"rendered":"https:\/\/amadoramove.pt\/?page_id=2554"},"modified":"2022-09-19T11:37:06","modified_gmt":"2022-09-19T11:37:06","slug":"liga-te-ha-conversa","status":"publish","type":"page","link":"https:\/\/mobilidade.cm-amadora.pt\/?page_id=2554","title":{"rendered":"LIGA-TE. (H)\u00c1 CONVERSA"},"content":{"rendered":"<p>[vc_row el_id=&#8221;top&#8221;][vc_column][proconf_onepage_nav nav_logo=&#8221;https:\/\/amadoramove.pt\/wp-content\/uploads\/2017\/06\/logo5.png&#8221;][proconf_preloader banner_image=&#8221;https:\/\/amadoramove.pt\/wp-content\/uploads\/2017\/06\/carrogif.gif&#8221;][\/vc_column][\/vc_row][vc_section full_width=&#8221;container-wide&#8221; padding_class=&#8221;section-no-padding&#8221;][vc_row][vc_column offset=&#8221;vc_hidden-sm vc_hidden-xs&#8221;][vc_single_image image=&#8221;2583&#8243; img_size=&#8221;Full&#8221; alignment=&#8221;center&#8221; css=&#8221;.vc_custom_1663083722885{margin-top: 60px !important;}&#8221;][\/vc_column][\/vc_row][vc_row][vc_column offset=&#8221;vc_hidden-lg vc_hidden-md&#8221;][vc_single_image image=&#8221;2588&#8243; img_size=&#8221;Full&#8221; alignment=&#8221;center&#8221; css=&#8221;.vc_custom_1663084042895{margin-top: 100px !important;}&#8221;][\/vc_column][\/vc_row][vc_row][vc_column width=&#8221;1\/2&#8243; css=&#8221;.vc_custom_1660137516388{margin-top: 50px !important;margin-left: 100px !important;}&#8221; offset=&#8221;vc_hidden-sm vc_hidden-xs&#8221;][vc_single_image image=&#8221;2593&#8243; img_size=&#8221;400&#215;400&#8243; alignment=&#8221;center&#8221; style=&#8221;vc_box_circle_2&#8243;][\/vc_column][vc_column width=&#8221;1\/2&#8243; offset=&#8221;vc_hidden-sm vc_hidden-xs&#8221;][vc_empty_space height=&#8221;50px&#8221;][vc_column_text css=&#8221;.vc_custom_1663077628864{margin-right: 150px !important;}&#8221;]<\/p>\n<h2>LIGA-TE. (H)\u00c1 CONVERSA<\/h2>\n<p>&nbsp;<\/p>\n<h3>Uma conversa din\u00e2mica, sustent\u00e1vel e cheia de ideias!<\/h3>\n<p>&nbsp;<\/p>\n<p><strong>Uma conversa digital<\/strong>, com a participa\u00e7\u00e3o de representantes de projetos de <strong>mobilidade ativa<\/strong> de v\u00e1rios pontos do pa\u00eds.<\/p>\n<p>Neste encontro ser\u00e3o apresentados exemplos de sucesso no trabalho com crian\u00e7as, mulheres e idosos, em escolas e munic\u00edpios, do andar a p\u00e9 \u00e0s cargo bikes.<\/p>\n<p><strong>Liga-te (H)\u00e1 Conversa, no dia 19, segunda-feira, pelas 18:45h, na p\u00e1gina de Facebook da SEMA, do ECOnversas e do Alfragide Sobre Rodas.<\/strong>[\/vc_column_text][\/vc_column][\/vc_row][vc_row][vc_column offset=&#8221;vc_hidden-lg vc_hidden-md&#8221;][vc_single_image image=&#8221;2593&#8243; img_size=&#8221;400&#215;400&#8243; alignment=&#8221;center&#8221; style=&#8221;vc_box_circle_2&#8243;][vc_empty_space height=&#8221;50px&#8221;][vc_column_text css=&#8221;.vc_custom_1663077634170{margin-right: 50px !important;margin-left: 50px !important;}&#8221;]<\/p>\n<h2>LIGA-TE. (H)\u00c1 CONVERSA<\/h2>\n<p>&nbsp;<\/p>\n<h3>Uma conversa din\u00e2mica, sustent\u00e1vel e cheia de ideias!<\/h3>\n<p>&nbsp;<\/p>\n<p><strong>Uma conversa digital<\/strong>, com a participa\u00e7\u00e3o de representantes de projetos de <strong>mobilidade ativa<\/strong> de v\u00e1rios pontos do pa\u00eds.<\/p>\n<p>Neste encontro ser\u00e3o apresentados exemplos de sucesso no trabalho com crian\u00e7as, mulheres e idosos, em escolas e munic\u00edpios, do andar a p\u00e9 \u00e0s cargo bikes.<\/p>\n<p><strong>Liga-te (H)\u00e1 Conversa, no dia 19, segunda-feira, pelas 18:45h, na p\u00e1gina de Facebook da SEMA, do ECOnversas e do Alfragide Sobre Rodas.<\/strong>[\/vc_column_text][\/vc_column][\/vc_row][\/vc_section][vc_section][vc_row][vc_column offset=&#8221;vc_hidden-sm vc_hidden-xs&#8221;][proconf_section_title title=&#8221;ORADORES&#8221; icon=&#8221;fas fa-user&#8221;][vc_row_inner css=&#8221;.vc_custom_1662310421289{margin-left: 150px !important;}&#8221;][vc_column_inner offset=&#8221;vc_hidden-sm vc_hidden-xs&#8221;][vc_empty_space][\/vc_column_inner][\/vc_row_inner][vc_row_inner css=&#8221;.vc_custom_1662310421289{margin-left: 150px !important;}&#8221;][vc_column_inner width=&#8221;1\/4&#8243; offset=&#8221;vc_hidden-sm vc_hidden-xs&#8221;][vc_single_image image=&#8221;2668&#8243;][\/vc_column_inner][vc_column_inner width=&#8221;3\/4&#8243;][vc_toggle title=&#8221;Cristina Batista | Cicloda&#8221;]Brevemente&#8230;[\/vc_toggle][\/vc_column_inner][\/vc_row_inner][vc_row_inner css=&#8221;.vc_custom_1662310421289{margin-left: 150px !important;}&#8221;][vc_column_inner width=&#8221;1\/4&#8243; offset=&#8221;vc_hidden-sm vc_hidden-xs&#8221;][vc_single_image image=&#8221;2600&#8243;][\/vc_column_inner][vc_column_inner width=&#8221;3\/4&#8243; offset=&#8221;vc_hidden-sm vc_hidden-xs&#8221;][vc_toggle title=&#8221;Margarida Quinhones | Pedalar Sem Idade&#8221;]Margarida Guedes de Quinhones, Diretora Executiva da Associa\u00e7\u00e3o Pedalar Sem Idade Portugal desde setembro de 2020, volunt\u00e1ria na Associa\u00e7\u00e3o desde novembro de 2018.<\/p>\n<p>Educadora de Inf\u00e2ncia de forma\u00e7\u00e3o, exerceu esta profiss\u00e3o durante 19 anos num col\u00e9gio privado de Lisboa do qual saiu h\u00e1 2 anos com uma licen\u00e7a sem vencimento para exercer fun\u00e7\u00f5es de gest\u00e3o na Pedalar Sem Idade.<\/p>\n<p>A Pedalar Sem Idade Portugal pertence a um movimento internacional sem fins lucrativos, constitu\u00eddo por volunt\u00e1rios (pilotos) que se dedicam a apoiar os idosos das suas comunidades, realizando passeios gratuitos de 30 a 60 minutos em bicicletas preparadas para o efeito. Teve inicio em 2012 em Copenhaga e foi fundado por Ole Kassow.<\/p>\n<p>Hoje, a comemorar 10 anos, est\u00e1 presente em 59 pa\u00edses, com mais de 3600 bicicletas (trishaws) e est\u00e3o envolvidos mais de 35.000 volunt\u00e1rios devidamente treinados. A miss\u00e3o da Pedalar Sem Idade \u00e9 combater a solid\u00e3o e o isolamento desta popula\u00e7\u00e3o, re-integrando-os nas suas comunidades.<\/p>\n<p>A Pedalar Sem Idade acrescenta benef\u00edcios relevantes para os idosos, ou pessoas com mobilidade reduzida, na melhoria do seu bem-estar geral, da sua auto-estima e auto-confian\u00e7a. O movimento Pedalar Sem Idade n\u00e3o \u00e9 apenas sobre bicicletas, nem sobre mobilidade ou sustentabilidade. Pedalar Sem Idade \u00e9 uma atitude inovadora de ver o voluntariado, \u00e9 sobre rela\u00e7\u00f5es humanas, generosidade para com quem n\u00e3o tem acesso aos pequenos prazeres da vida, sobre fazer as coisas devagar e com prop\u00f3sito e sobre as hist\u00f3rias que nos inspiram.[\/vc_toggle][\/vc_column_inner][\/vc_row_inner][vc_row_inner css=&#8221;.vc_custom_1662310421289{margin-left: 150px !important;}&#8221;][vc_column_inner width=&#8221;1\/4&#8243; offset=&#8221;vc_hidden-sm vc_hidden-xs&#8221;][vc_single_image image=&#8221;2597&#8243;][\/vc_column_inner][vc_column_inner width=&#8221;3\/4&#8243; offset=&#8221;vc_hidden-sm vc_hidden-xs&#8221;][vc_toggle title=&#8221;Adriana Saraiva | Sigap\u00e9&#8221;]Adriana Saraiva, de 44 anos fez licenciatura em Terapia Ocupacional na Escola Superior de Tecnologias do Porto, mas reside em Tavira desde 2003.<\/p>\n<p>Trabalha em Desenvolvimento Infantil, especializando-se em Integra\u00e7\u00e3o Sensorial, Dificuldades de Aprendizagem e Sa\u00fade Mental Infantil, \u00e1reas nas quais interv\u00e9m at\u00e9 aos dias de hoje. A P\u00f3s gradua\u00e7\u00e3o em Integra\u00e7\u00e3o Sensorial pela Universidade da Calif\u00f3rnia do Sul foi um dos marcos da sua forma\u00e7\u00e3o, bem como a forma\u00e7\u00e3o em Touchpoints de Brazelton, e no Brincar.<\/p>\n<p>Hoje m\u00e3e de duas meninas de 7 e 8 anos, inspirada pelas mesmas, criou desde 2020 uma Associa\u00e7\u00e3o sem fins lucrativos chamada Rotinas Selvagens, que visa promover oportunidades de literacia motora, brincar livre e a conex\u00e3o com a natureza a crian\u00e7as e fam\u00edlias, aumentando factores de prote\u00e7\u00e3o no desenvolvimento infantil integral.[\/vc_toggle][\/vc_column_inner][\/vc_row_inner][vc_row_inner css=&#8221;.vc_custom_1662310421289{margin-left: 150px !important;}&#8221;][vc_column_inner width=&#8221;1\/4&#8243; offset=&#8221;vc_hidden-sm vc_hidden-xs&#8221;][vc_single_image image=&#8221;2657&#8243;][\/vc_column_inner][vc_column_inner width=&#8221;3\/4&#8243; offset=&#8221;vc_hidden-sm vc_hidden-xs&#8221;][vc_toggle title=&#8221;Joana Iv\u00f3nia | Ciclaveiro&#8221;]Designer, activista, m\u00e3e e investigadora doutoranda na Universidade de Aveiro onde desenvolve a sua tese \u201cPedalar desde crian\u00e7a: contributos do Design para a reintegra\u00e7\u00e3o da bicicleta na cultura da regi\u00e3o de Aveiro\u201d.<\/p>\n<p>\u00c9 co-fundadora da Ciclaveiro &#8211; Associa\u00e7\u00e3o para a Mobilidade Urbana em Bicicleta, defendendo a promo\u00e7\u00e3o da utiliza\u00e7\u00e3o da bicicleta para a constru\u00e7\u00e3o de uma cidade mais sustent\u00e1vel e do envolvimento dos cidad\u00e3os e entidades num compromisso para uma mudan\u00e7a de paradigma na mobilidade na cidade. Co-fundou a Casa da Bicicleta &#8211; Ciclaveiro, que re\u00fane num s\u00f3 espa\u00e7o um velocowork, uma oficina comunit\u00e1ria, workshops e forma\u00e7\u00f5es, proje\u00e7\u00f5es e exposi\u00e7\u00f5es e acolhe projetos onde a bicicleta se destaca como elemento de liga\u00e7\u00e3o entre\u00a0 pessoas e os territ\u00f3rios.<\/p>\n<p>Iniciou e dinamiza em a rede de Cicloexpressos em Aveiro, comboios escolares em bicicleta. Venceu a primeira edi\u00e7\u00e3o do or\u00e7amento participativo de ac\u00e7\u00e3o directa de Aveiro (OPAD), com mais seis colegas o projeto, Rota Segura para a Escola.<\/p>\n<p>Co-fundou o projecto Lanterne Rouge\u00ae em 2012, o seu projeto profissional que desenha solu\u00e7\u00f5es potenciadoras da utiliza\u00e7\u00e3o da bicicleta em contextos urbanos, atrav\u00e9s de val\u00eancias do design estrat\u00e9gico, de comunica\u00e7\u00e3o, do produto e digital.[\/vc_toggle][\/vc_column_inner][\/vc_row_inner][vc_row_inner css=&#8221;.vc_custom_1662310421289{margin-left: 150px !important;}&#8221;][vc_column_inner width=&#8221;1\/4&#8243; offset=&#8221;vc_hidden-sm vc_hidden-xs&#8221;][vc_single_image image=&#8221;2599&#8243;][\/vc_column_inner][vc_column_inner width=&#8221;3\/4&#8243; offset=&#8221;vc_hidden-sm vc_hidden-xs&#8221;][vc_toggle title=&#8221;Ana Pereira | Bicicultura&#8221;]Ana Pereira, nos \u00faltimos 17 anos co-fundou tr\u00eas organiza\u00e7\u00f5es cicloativistas: a Cenas a Pedal, a MUBi e a Bicicultura, e envolveu-se em v\u00e1rios outros projetos e iniciativas por cidades mais am\u00e1veis, e de sedu\u00e7\u00e3o e educa\u00e7\u00e3o para o uso utilit\u00e1rio e recreativo da bicicleta. \u00c9 Bicycle Mayor de Lisboa desde 2019.[\/vc_toggle][\/vc_column_inner][\/vc_row_inner][vc_row_inner css=&#8221;.vc_custom_1662310421289{margin-left: 150px !important;}&#8221;][vc_column_inner offset=&#8221;vc_hidden-sm vc_hidden-xs&#8221;][vc_separator][vc_empty_space][vc_custom_heading text=&#8221;Moderadores&#8221; google_fonts=&#8221;font_family:Lato%3A100%2C100italic%2C300%2C300italic%2Cregular%2Citalic%2C700%2C700italic%2C900%2C900italic|font_style:700%20bold%20regular%3A700%3Anormal&#8221;][vc_empty_space][\/vc_column_inner][\/vc_row_inner][vc_row_inner css=&#8221;.vc_custom_1662310421289{margin-left: 150px !important;}&#8221;][vc_column_inner width=&#8221;1\/4&#8243; offset=&#8221;vc_hidden-sm vc_hidden-xs&#8221;][vc_single_image image=&#8221;2601&#8243;][\/vc_column_inner][vc_column_inner width=&#8221;3\/4&#8243; offset=&#8221;vc_hidden-sm vc_hidden-xs&#8221;][vc_toggle title=&#8221;Liliana Madureira&#8221;]Apaixonada pelas pessoas e por todas as formas de vida, com especial carinho pelas crian\u00e7as, formou-se em educa\u00e7\u00e3o. Com um mestrado em Educa\u00e7\u00e3o e uma P\u00f3s gradua\u00e7\u00e3o em Servi\u00e7o Social, tem trabalhado ao longo da sua carreira a criar e dinamizar projetos de desenvolvimento comunit\u00e1rio e territorial. Apaixonada tamb\u00e9m pelas artes e pela comunica\u00e7\u00e3o formou-se em imagem digital, tendo tirado uma forma\u00e7\u00e3o profissional em webdesign. Ativista e m\u00e3e tem ainda presidido Associa\u00e7\u00f5es de Pais e criado no seu territ\u00f3rio projetos e atividades que promovem mais comunidade e estilos de vida saud\u00e1veis.[\/vc_toggle][\/vc_column_inner][\/vc_row_inner][vc_row_inner css=&#8221;.vc_custom_1662310421289{margin-left: 150px !important;}&#8221;][vc_column_inner width=&#8221;1\/4&#8243; offset=&#8221;vc_hidden-sm vc_hidden-xs&#8221;][vc_single_image image=&#8221;2598&#8243;][\/vc_column_inner][vc_column_inner width=&#8221;3\/4&#8243; offset=&#8221;vc_hidden-sm vc_hidden-xs&#8221;][vc_toggle title=&#8221;Ant\u00f3nio Gon\u00e7alves Pereira&#8221;]Ant\u00f3nio Gon\u00e7alves Pereira \u00e9 o presidente da associa\u00e7\u00e3o EcoMood Portugal, co-organizadora da Semana Europeia da Mobilidade da Amadora, no \u00e2mbito da sua miss\u00e3o social de promo\u00e7\u00e3o da sustentabilidade, com principal foco na mobilidade.<\/p>\n<p>Produtor de eventos e espect\u00e1culos h\u00e1 mais de 40 anos, \u00e9 orador e moderador frequente em confer\u00eancias e debates dedicados \u00e0 mobilidade sustent\u00e1vel. \u00c9 tamb\u00e9m um dos embaixadores portugueses do Pacto Clim\u00e1tico Europeu.[\/vc_toggle][\/vc_column_inner][\/vc_row_inner][vc_empty_space][\/vc_column][\/vc_row][\/vc_section][vc_section][vc_row][vc_column offset=&#8221;vc_hidden-lg vc_hidden-md&#8221;][proconf_section_title title=&#8221;ORADORES&#8221; icon=&#8221;fas fa-user&#8221;][vc_row_inner css=&#8221;.vc_custom_1662310421289{margin-left: 150px !important;}&#8221;][vc_column_inner offset=&#8221;vc_hidden-sm vc_hidden-xs&#8221;][vc_empty_space][\/vc_column_inner][\/vc_row_inner][vc_row_inner][vc_column_inner width=&#8221;1\/4&#8243; offset=&#8221;vc_hidden-lg vc_hidden-md&#8221;][vc_single_image image=&#8221;2668&#8243; alignment=&#8221;center&#8221;][\/vc_column_inner][vc_column_inner width=&#8221;3\/4&#8243;][vc_toggle title=&#8221;Cristina Batista | Cicloda&#8221;]Brevemente&#8230;[\/vc_toggle][\/vc_column_inner][\/vc_row_inner][vc_row_inner][vc_column_inner width=&#8221;1\/4&#8243; offset=&#8221;vc_hidden-lg vc_hidden-md&#8221;][vc_single_image image=&#8221;2600&#8243; alignment=&#8221;center&#8221;][\/vc_column_inner][vc_column_inner width=&#8221;3\/4&#8243;][vc_toggle title=&#8221;Margarida Quinhones | Pedalar Sem Idade&#8221;]Margarida Guedes de Quinhones, Diretora Executiva da Associa\u00e7\u00e3o Pedalar Sem Idade Portugal desde setembro de 2020, volunt\u00e1ria na Associa\u00e7\u00e3o desde novembro de 2018.<\/p>\n<p>Educadora de Inf\u00e2ncia de forma\u00e7\u00e3o, exerceu esta profiss\u00e3o durante 19 anos num col\u00e9gio privado de Lisboa do qual saiu h\u00e1 2 anos com uma licen\u00e7a sem vencimento para exercer fun\u00e7\u00f5es de gest\u00e3o na Pedalar Sem Idade.<\/p>\n<p>A Pedalar Sem Idade Portugal pertence a um movimento internacional sem fins lucrativos, constitu\u00eddo por volunt\u00e1rios (pilotos) que se dedicam a apoiar os idosos das suas comunidades, realizando passeios gratuitos de 30 a 60 minutos em bicicletas preparadas para o efeito. Teve inicio em 2012 em Copenhaga e foi fundado por Ole Kassow.<\/p>\n<p>Hoje, a comemorar 10 anos, est\u00e1 presente em 59 pa\u00edses, com mais de 3600 bicicletas (trishaws) e est\u00e3o envolvidos mais de 35.000 volunt\u00e1rios devidamente treinados. A miss\u00e3o da Pedalar Sem Idade \u00e9 combater a solid\u00e3o e o isolamento desta popula\u00e7\u00e3o, re-integrando-os nas suas comunidades.<\/p>\n<p>A Pedalar Sem Idade acrescenta benef\u00edcios relevantes para os idosos, ou pessoas com mobilidade reduzida, na melhoria do seu bem-estar geral, da sua auto-estima e auto-confian\u00e7a. O movimento Pedalar Sem Idade n\u00e3o \u00e9 apenas sobre bicicletas, nem sobre mobilidade ou sustentabilidade. Pedalar Sem Idade \u00e9 uma atitude inovadora de ver o voluntariado, \u00e9 sobre rela\u00e7\u00f5es humanas, generosidade para com quem n\u00e3o tem acesso aos pequenos prazeres da vida, sobre fazer as coisas devagar e com prop\u00f3sito e sobre as hist\u00f3rias que nos inspiram.[\/vc_toggle][\/vc_column_inner][\/vc_row_inner][vc_row_inner][vc_column_inner width=&#8221;1\/4&#8243; offset=&#8221;vc_hidden-lg vc_hidden-md&#8221;][vc_single_image image=&#8221;2597&#8243; alignment=&#8221;center&#8221;][\/vc_column_inner][vc_column_inner width=&#8221;3\/4&#8243; offset=&#8221;vc_hidden-lg vc_hidden-md&#8221;][vc_toggle title=&#8221;Adriana Saraiva | Sigap\u00e9&#8221;]Adriana Saraiva, de 44 anos fez licenciatura em Terapia Ocupacional na Escola Superior de Tecnologias do Porto, mas reside em Tavira desde 2003.<\/p>\n<p>Trabalha em Desenvolvimento Infantil, especializando-se em Integra\u00e7\u00e3o Sensorial, Dificuldades de Aprendizagem e Sa\u00fade Mental Infantil, \u00e1reas nas quais interv\u00e9m at\u00e9 aos dias de hoje. A P\u00f3s gradua\u00e7\u00e3o em Integra\u00e7\u00e3o Sensorial pela Universidade da Calif\u00f3rnia do Sul foi um dos marcos da sua forma\u00e7\u00e3o, bem como a forma\u00e7\u00e3o em Touchpoints de Brazelton, e no Brincar.<\/p>\n<p>Hoje m\u00e3e de duas meninas de 7 e 8 anos, inspirada pelas mesmas, criou desde 2020 uma Associa\u00e7\u00e3o sem fins lucrativos chamada Rotinas Selvagens, que visa promover oportunidades de literacia motora, brincar livre e a conex\u00e3o com a natureza a crian\u00e7as e fam\u00edlias, aumentando factores de prote\u00e7\u00e3o no desenvolvimento infantil integral.[\/vc_toggle][\/vc_column_inner][\/vc_row_inner][vc_row_inner][vc_column_inner width=&#8221;1\/4&#8243; offset=&#8221;vc_hidden-lg vc_hidden-md&#8221;][vc_single_image image=&#8221;2657&#8243; alignment=&#8221;center&#8221;][\/vc_column_inner][vc_column_inner width=&#8221;3\/4&#8243; offset=&#8221;vc_hidden-lg vc_hidden-md&#8221;][vc_toggle title=&#8221;Joana Iv\u00f3nia | Ciclaveiro&#8221;]Designer, activista, m\u00e3e e investigadora doutoranda na Universidade de Aveiro onde desenvolve a sua tese \u201cPedalar desde crian\u00e7a: contributos do Design para a reintegra\u00e7\u00e3o da bicicleta na cultura da regi\u00e3o de Aveiro\u201d.<\/p>\n<p>\u00c9 co-fundadora da Ciclaveiro &#8211; Associa\u00e7\u00e3o para a Mobilidade Urbana em Bicicleta, defendendo a promo\u00e7\u00e3o da utiliza\u00e7\u00e3o da bicicleta para a constru\u00e7\u00e3o de uma cidade mais sustent\u00e1vel e do envolvimento dos cidad\u00e3os e entidades num compromisso para uma mudan\u00e7a de paradigma na mobilidade na cidade. Co-fundou a Casa da Bicicleta &#8211; Ciclaveiro, que re\u00fane num s\u00f3 espa\u00e7o um velocowork, uma oficina comunit\u00e1ria, workshops e forma\u00e7\u00f5es, proje\u00e7\u00f5es e exposi\u00e7\u00f5es e acolhe projetos onde a bicicleta se destaca como elemento de liga\u00e7\u00e3o entre\u00a0 pessoas e os territ\u00f3rios.<\/p>\n<p>Iniciou e dinamiza em a rede de Cicloexpressos em Aveiro, comboios escolares em bicicleta. Venceu a primeira edi\u00e7\u00e3o do or\u00e7amento participativo de ac\u00e7\u00e3o directa de Aveiro (OPAD), com mais seis colegas o projeto, Rota Segura para a Escola.<\/p>\n<p>Co-fundou o projecto Lanterne Rouge\u00ae em 2012, o seu projeto profissional que desenha solu\u00e7\u00f5es potenciadoras da utiliza\u00e7\u00e3o da bicicleta em contextos urbanos, atrav\u00e9s de val\u00eancias do design estrat\u00e9gico, de comunica\u00e7\u00e3o, do produto e digital.<\/p>\n<p>Designer, activista, m\u00e3e e investigadora doutoranda na Universidade de Aveiro onde desenvolve a sua tese \u201cPedalar desde crian\u00e7a: contributos do Design para a reintegra\u00e7\u00e3o da bicicleta na cultura da regi\u00e3o de Aveiro\u201d.<\/p>\n<p>\u00c9 co-fundadora da Ciclaveiro &#8211; Associa\u00e7\u00e3o para a Mobilidade Urbana em Bicicleta, defendendo a promo\u00e7\u00e3o da utiliza\u00e7\u00e3o da bicicleta para a constru\u00e7\u00e3o de uma cidade mais sustent\u00e1vel e do envolvimento dos cidad\u00e3os e entidades num compromisso para uma mudan\u00e7a de paradigma na mobilidade na cidade. Co-fundou a Casa da Bicicleta &#8211; Ciclaveiro, que re\u00fane num s\u00f3 espa\u00e7o um velocowork, uma oficina comunit\u00e1ria, workshops e forma\u00e7\u00f5es, proje\u00e7\u00f5es e exposi\u00e7\u00f5es e acolhe projetos onde a bicicleta se destaca como elemento de liga\u00e7\u00e3o entre\u00a0 pessoas e os territ\u00f3rios.<\/p>\n<p>Iniciou e dinamiza em a rede de Cicloexpressos em Aveiro, comboios escolares em bicicleta. Venceu a primeira edi\u00e7\u00e3o do or\u00e7amento participativo de ac\u00e7\u00e3o directa de Aveiro (OPAD), com mais seis colegas o projeto, Rota Segura para a Escola.<\/p>\n<p>Co-fundou o projecto Lanterne Rouge\u00ae em 2012, o seu projeto profissional que desenha solu\u00e7\u00f5es potenciadoras da utiliza\u00e7\u00e3o da bicicleta em contextos urbanos, atrav\u00e9s de val\u00eancias do design estrat\u00e9gico, de comunica\u00e7\u00e3o, do produto e digital.[\/vc_toggle][\/vc_column_inner][\/vc_row_inner][vc_row_inner][vc_column_inner width=&#8221;1\/4&#8243; offset=&#8221;vc_hidden-lg vc_hidden-md&#8221;][vc_single_image image=&#8221;2599&#8243; alignment=&#8221;center&#8221;][\/vc_column_inner][vc_column_inner width=&#8221;3\/4&#8243; offset=&#8221;vc_hidden-lg vc_hidden-md&#8221;][vc_toggle title=&#8221;Ana Pereira | Bicicultura&#8221;]Ana Pereira, nos \u00faltimos 17 anos co-fundou tr\u00eas organiza\u00e7\u00f5es cicloativistas: a Cenas a Pedal, a MUBi e a Bicicultura, e envolveu-se em v\u00e1rios outros projetos e iniciativas por cidades mais am\u00e1veis, e de sedu\u00e7\u00e3o e educa\u00e7\u00e3o para o uso utilit\u00e1rio e recreativo da bicicleta. \u00c9 Bicycle Mayor de Lisboa desde 2019.[\/vc_toggle][\/vc_column_inner][\/vc_row_inner][vc_row_inner css=&#8221;.vc_custom_1662310421289{margin-left: 150px !important;}&#8221;][vc_column_inner offset=&#8221;vc_hidden-sm vc_hidden-xs&#8221;][vc_separator][vc_empty_space][vc_custom_heading text=&#8221;Moderadores&#8221; google_fonts=&#8221;font_family:Lato%3A100%2C100italic%2C300%2C300italic%2Cregular%2Citalic%2C700%2C700italic%2C900%2C900italic|font_style:700%20bold%20regular%3A700%3Anormal&#8221;][vc_empty_space][\/vc_column_inner][\/vc_row_inner][vc_row_inner][vc_column_inner width=&#8221;1\/4&#8243; offset=&#8221;vc_hidden-lg vc_hidden-md&#8221;][vc_single_image image=&#8221;2601&#8243; alignment=&#8221;center&#8221;][\/vc_column_inner][vc_column_inner width=&#8221;3\/4&#8243; offset=&#8221;vc_hidden-lg vc_hidden-md&#8221;][vc_toggle title=&#8221;Liliana Madureira&#8221;]Apaixonada pelas pessoas e por todas as formas de vida, com especial carinho pelas crian\u00e7as, formou-se em educa\u00e7\u00e3o. Com um mestrado em Educa\u00e7\u00e3o e uma P\u00f3s gradua\u00e7\u00e3o em Servi\u00e7o Social, tem trabalhado ao longo da sua carreira a criar e dinamizar projetos de desenvolvimento comunit\u00e1rio e territorial. Apaixonada tamb\u00e9m pelas artes e pela comunica\u00e7\u00e3o formou-se em imagem digital, tendo tirado uma forma\u00e7\u00e3o profissional em webdesign. Ativista e m\u00e3e tem ainda presidido Associa\u00e7\u00f5es de Pais e criado no seu territ\u00f3rio projetos e atividades que promovem mais comunidade e estilos de vida saud\u00e1veis.[\/vc_toggle][\/vc_column_inner][\/vc_row_inner][vc_row_inner][vc_column_inner width=&#8221;1\/4&#8243; offset=&#8221;vc_hidden-lg vc_hidden-md&#8221;][vc_single_image image=&#8221;2598&#8243; alignment=&#8221;center&#8221;][\/vc_column_inner][vc_column_inner width=&#8221;3\/4&#8243; offset=&#8221;vc_hidden-lg vc_hidden-md&#8221;][vc_toggle title=&#8221;Ant\u00f3nio Gon\u00e7alves Pereira&#8221;]Ant\u00f3nio Gon\u00e7alves Pereira \u00e9 o presidente da associa\u00e7\u00e3o EcoMood Portugal, co-organizadora da Semana Europeia da Mobilidade da Amadora, no \u00e2mbito da sua miss\u00e3o social de promo\u00e7\u00e3o da sustentabilidade, com principal foco na mobilidade.<\/p>\n<p>Produtor de eventos e espect\u00e1culos h\u00e1 mais de 40 anos, \u00e9 orador e moderador frequente em confer\u00eancias e debates dedicados \u00e0 mobilidade sustent\u00e1vel. \u00c9 tamb\u00e9m um dos embaixadores portugueses do Pacto Clim\u00e1tico Europeu.[\/vc_toggle][\/vc_column_inner][\/vc_row_inner][vc_empty_space][\/vc_column][\/vc_row][\/vc_section][vc_section][vc_row][vc_column][proconf_section_title title=&#8221;QUEST\u00d5ES &amp; CONDI\u00c7\u00d5ES DE ACESSO&#8221; icon=&#8221;far fa-comments&#8221;][\/vc_column][\/vc_row][vc_row][vc_column width=&#8221;1\/2&#8243;][vc_tta_accordion][vc_tta_section title=&#8221;Onde ser\u00e1 transmitida esta conversa?&#8221; tab_id=&#8221;1662310315045-d2d8171b-7156&#8243;][vc_column_text]Na p\u00e1gina Facebook da <a href=\"https:\/\/www.facebook.com\/semob.amadora\">SEMA<\/a>, na p\u00e1gina Facebook do ECOnversas e na p\u00e1gina Facebook do Alfragide sobre Rodas.[\/vc_column_text][\/vc_tta_section][\/vc_tta_accordion][\/vc_column][vc_column width=&#8221;1\/2&#8243;][vc_tta_accordion][vc_tta_section title=&#8221;Em que dia \u00e9 a confer\u00eancia e em que hor\u00e1rio?&#8221; tab_id=&#8221;1662310315162-cb59215b-f5e2&#8243;][vc_column_text]A confer\u00eancia digital \u00e9 no dia 19 de setembro, pelas 18:45h. Basta aceder a uma das p\u00e1ginas Facebook referidas e assistir.[\/vc_column_text][\/vc_tta_section][\/vc_tta_accordion][\/vc_column][\/vc_row][\/vc_section][vc_section el_id=&#8221;sponsor&#8221;][vc_row][vc_column offset=&#8221;vc_hidden-sm vc_hidden-xs&#8221;][proconf_section_title title=&#8221;Co-organizador&#8221; icon=&#8221;fas fa-route&#8221;][\/vc_column][\/vc_row][vc_row][vc_column offset=&#8221;vc_hidden-sm vc_hidden-xs&#8221;][vc_single_image image=&#8221;2140&#8243; img_size=&#8221;full&#8221; alignment=&#8221;center&#8221;][\/vc_column][\/vc_row][vc_row][vc_column offset=&#8221;vc_hidden-sm vc_hidden-xs&#8221;][proconf_section_title title=&#8221;Parceiros&#8221; icon=&#8221;fas fa-route&#8221;][\/vc_column][\/vc_row][vc_row][vc_column width=&#8221;1\/6&#8243; offset=&#8221;vc_hidden-sm vc_hidden-xs&#8221;][vc_single_image image=&#8221;2158&#8243; img_size=&#8221;full&#8221; alignment=&#8221;center&#8221;][\/vc_column][vc_column width=&#8221;1\/6&#8243; offset=&#8221;vc_hidden-sm vc_hidden-xs&#8221;][vc_single_image image=&#8221;2100&#8243; img_size=&#8221;full&#8221; alignment=&#8221;center&#8221;][\/vc_column][vc_column width=&#8221;1\/6&#8243; offset=&#8221;vc_hidden-sm vc_hidden-xs&#8221;][vc_single_image image=&#8221;2118&#8243; img_size=&#8221;full&#8221; alignment=&#8221;center&#8221;][\/vc_column][vc_column width=&#8221;1\/6&#8243; offset=&#8221;vc_hidden-sm vc_hidden-xs&#8221;][vc_single_image image=&#8221;2537&#8243; img_size=&#8221;full&#8221; alignment=&#8221;center&#8221;][\/vc_column][vc_column width=&#8221;1\/6&#8243; offset=&#8221;vc_hidden-sm vc_hidden-xs&#8221;][vc_single_image image=&#8221;2540&#8243; img_size=&#8221;full&#8221; alignment=&#8221;center&#8221;][\/vc_column][vc_column width=&#8221;1\/6&#8243; offset=&#8221;vc_hidden-sm vc_hidden-xs&#8221;][vc_single_image image=&#8221;2535&#8243; img_size=&#8221;full&#8221; alignment=&#8221;center&#8221;][\/vc_column][\/vc_row][vc_row][vc_column width=&#8221;1\/6&#8243; offset=&#8221;vc_hidden-sm vc_hidden-xs&#8221;][vc_single_image image=&#8221;2539&#8243; img_size=&#8221;full&#8221; alignment=&#8221;center&#8221;][\/vc_column][vc_column width=&#8221;1\/6&#8243; offset=&#8221;vc_hidden-sm vc_hidden-xs&#8221;][\/vc_column][vc_column width=&#8221;1\/6&#8243; offset=&#8221;vc_hidden-sm vc_hidden-xs&#8221;][\/vc_column][vc_column width=&#8221;1\/6&#8243; offset=&#8221;vc_hidden-sm vc_hidden-xs&#8221;][\/vc_column][vc_column width=&#8221;1\/6&#8243; offset=&#8221;vc_hidden-sm vc_hidden-xs&#8221;][\/vc_column][vc_column width=&#8221;1\/6&#8243; offset=&#8221;vc_hidden-sm vc_hidden-xs&#8221;][\/vc_column][\/vc_row][\/vc_section][vc_section][vc_row][vc_column offset=&#8221;vc_hidden-lg vc_hidden-md&#8221;][proconf_section_title title=&#8221;Co-organizador&#8221; icon=&#8221;fas fa-route&#8221;][vc_single_image image=&#8221;2140&#8243; img_size=&#8221;full&#8221; alignment=&#8221;center&#8221;][\/vc_column][\/vc_row][\/vc_section][vc_row][vc_column offset=&#8221;vc_hidden-lg vc_hidden-md&#8221;][proconf_section_title title=&#8221;Parceiros&#8221; icon=&#8221;fas fa-route&#8221;][\/vc_column][\/vc_row][vc_row][vc_column width=&#8221;1\/6&#8243; offset=&#8221;vc_hidden-lg vc_hidden-md&#8221;][vc_single_image image=&#8221;2158&#8243; img_size=&#8221;300&#215;300&#8243; alignment=&#8221;center&#8221;][\/vc_column][vc_column width=&#8221;1\/6&#8243; offset=&#8221;vc_hidden-lg vc_hidden-md&#8221;][vc_single_image image=&#8221;2100&#8243; img_size=&#8221;300&#215;300&#8243; alignment=&#8221;center&#8221;][\/vc_column][vc_column width=&#8221;1\/6&#8243; offset=&#8221;vc_hidden-lg vc_hidden-md&#8221;][vc_single_image image=&#8221;2118&#8243; img_size=&#8221;300&#215;300&#8243; alignment=&#8221;center&#8221;][\/vc_column][vc_column width=&#8221;1\/6&#8243; offset=&#8221;vc_hidden-lg vc_hidden-md&#8221;][vc_single_image image=&#8221;2537&#8243; img_size=&#8221;full&#8221; alignment=&#8221;center&#8221;][\/vc_column][vc_column width=&#8221;1\/6&#8243; offset=&#8221;vc_hidden-lg vc_hidden-md&#8221;][vc_single_image image=&#8221;2540&#8243; img_size=&#8221;300&#215;300&#8243; alignment=&#8221;center&#8221;][\/vc_column][vc_column width=&#8221;1\/6&#8243; offset=&#8221;vc_hidden-lg vc_hidden-md&#8221;][vc_single_image image=&#8221;2535&#8243; img_size=&#8221;300&#215;300&#8243; alignment=&#8221;center&#8221;][\/vc_column][\/vc_row][vc_row][vc_column width=&#8221;1\/6&#8243; offset=&#8221;vc_hidden-lg vc_hidden-md&#8221;][vc_single_image image=&#8221;2539&#8243; img_size=&#8221;300&#215;300&#8243; alignment=&#8221;center&#8221;][\/vc_column][vc_column width=&#8221;1\/6&#8243; offset=&#8221;vc_hidden-lg vc_hidden-md&#8221;][\/vc_column][vc_column width=&#8221;1\/6&#8243; offset=&#8221;vc_hidden-lg vc_hidden-md&#8221;][\/vc_column][vc_column width=&#8221;1\/6&#8243; offset=&#8221;vc_hidden-lg vc_hidden-md&#8221;][\/vc_column][vc_column width=&#8221;1\/6&#8243; offset=&#8221;vc_hidden-lg vc_hidden-md&#8221;][\/vc_column][vc_column width=&#8221;1\/6&#8243; offset=&#8221;vc_hidden-lg vc_hidden-md&#8221;][\/vc_column][\/vc_row][vc_section full_width=&#8221;container-wide&#8221; padding_class=&#8221;section-no-padding&#8221; el_id=&#8221;contact&#8221;][vc_row][vc_column][proconf_contact_map style=&#8221;embaed_html&#8221; link=&#8221;#E-8_JTNDaWZyYW1lJTIwc3JjJTNEJTIyaHR0cHMlM0ElMkYlMkZ3d3cuZ29vZ2xlLmNvbSUyRm1hcHMlMkZlbWJlZCUzRnBiJTNEJTIxMW0xOCUyMTFtMTIlMjExbTMlMjExZDMxMTEuMTQ4ODc0ODE4NTM2JTIxMmQtOS4yMzgxODYxODQ2NTM2OSUyMTNkMzguNzYwMjg5Mjc5NTkyMDMlMjEybTMlMjExZjAlMjEyZjAlMjEzZjAlMjEzbTIlMjExaTEwMjQlMjEyaTc2OCUyMTRmMTMuMSUyMTNtMyUyMTFtMiUyMTFzMHhkMWVjZGE3YTFmYmYwYjMlMjUzQTB4MWEwMTA5MDkwN2NiMDNlMiUyMTJzQyUyNUMzJTI1QTJtYXJhJTI1MjBNdW5pY2lwYWwlMjUyMGRhJTI1MjBBbWFkb3JhJTIxNWUwJTIxM20yJTIxMXNwdC1QVCUyMTJzcHQlMjE0djE2NTg5MjQyNDEwMjIlMjE1bTIlMjExc3B0LVBUJTIxMnNwdCUyMiUyMHdpZHRoJTNEJTIyNjAwJTIyJTIwaGVpZ2h0JTNEJTIyNzAwJTIyJTIwc3R5bGUlM0QlMjJib3JkZXIlM0EwJTNCJTIyJTIwYWxsb3dmdWxsc2NyZWVuJTNEJTIyJTIyJTIwbG9hZGluZyUzRCUyMmxhenklMjIlMjByZWZlcnJlcnBvbGljeSUzRCUyMm5vLXJlZmVycmVyLXdoZW4tZG93bmdyYWRlJTIyJTNFJTNDJTJGaWZyYW1lJTNF&#8221; image=&#8221;https:\/\/amadoramove.pt\/wp-content\/uploads\/2017\/06\/WhatsApp-Image-2022-07-25-at-11.41.22.jpeg&#8221; title=&#8221;Amadora&#8221; subtitle=&#8221;&#8221;][proconf_contact_info title=&#8221;SEMA&#8221; subtitle=&#8221;C\u00e2mara Municipal da Amadora&#8221; adress=&#8221;&#8221; phone=&#8221;214 369 060&#8243; email=&#8221;se.mobilidade@cm-amadora.pt&#8221;][\/proconf_contact_map][\/vc_column][\/vc_row][\/vc_section][vc_section padding_class=&#8221;section-no-padding&#8221; bg_class=&#8221;BGdark&#8221; css=&#8221;.vc_custom_1658938138133{margin-top: -10px !important;}&#8221;][vc_row][vc_column][proconf_onepage_footer icons=&#8221;%5B%7B%22icon%22%3A%22fab%20fa-facebook%22%2C%22title%22%3A%22Follow%20me%20on%20Facebook%22%2C%22link%22%3A%22https%3A%2F%2Fwww.facebook.com%2Fsemob.amadora%22%7D%2C%7B%22icon%22%3A%22fab%20fa-instagram%22%2C%22title%22%3A%22Instagram%22%2C%22link%22%3A%22https%3A%2F%2Fwww.instagram.com%2Fsemamadora%2F%22%7D%2C%7B%22icon%22%3A%22far%20fa-heart%22%2C%22title%22%3A%22Tik%20tok%22%2C%22link%22%3A%22https%3A%2F%2Fwww.tiktok.com%2F%40sema_amadora%22%7D%5D&#8221;]<a href=\"https:\/\/amadoramove.pt\/politica-de-privacidade\/\">Pol\u00edtica de Privacidade<\/a> | <a href=\"https:\/\/amadoramove.pt\/subscricao-newsletter\/\">Subscri\u00e7\u00e3o de Newsletter<\/a><\/p>\n<p><a href=\"https:\/\/e-marketing.pt\/\"><strong>E-Marketing<\/strong><\/a> \u00a9 2022. SEMA &#8211; Todos os direitos reservados.[\/proconf_onepage_footer][\/vc_column][\/vc_row][\/vc_section]<\/p>\n","protected":false},"excerpt":{"rendered":"<p>[vc_row el_id=&#8221;top&#8221;][vc_column][proconf_onepage_nav nav_logo=&#8221;https:\/\/amadoramove.pt\/wp-content\/uploads\/2017\/06\/logo5.png&#8221;][proconf_preloader banner_image=&#8221;https:\/\/amadoramove.pt\/wp-content\/uploads\/2017\/06\/carrogif.gif&#8221;][\/vc_column][\/vc_row][vc_section full_width=&#8221;container-wide&#8221; padding_class=&#8221;section-no-padding&#8221;][vc_row][vc_column offset=&#8221;vc_hidden-sm vc_hidden-xs&#8221;][vc_single_image image=&#8221;2583&#8243; img_size=&#8221;Full&#8221; alignment=&#8221;center&#8221; css=&#8221;.vc_custom_1663083722885{margin-top: 60px !important;}&#8221;][\/vc_column][\/vc_row][vc_row][vc_column offset=&#8221;vc_hidden-lg vc_hidden-md&#8221;][vc_single_image image=&#8221;2588&#8243; img_size=&#8221;Full&#8221; alignment=&#8221;center&#8221; css=&#8221;.vc_custom_1663084042895{margin-top: 100px !important;}&#8221;][\/vc_column][\/vc_row][vc_row][vc_column width=&#8221;1\/2&#8243; css=&#8221;.vc_custom_1660137516388{margin-top: 50px !important;margin-left: 100px !important;}&#8221; offset=&#8221;vc_hidden-sm vc_hidden-xs&#8221;][vc_single_image image=&#8221;2593&#8243; img_size=&#8221;400&#215;400&#8243; alignment=&#8221;center&#8221; style=&#8221;vc_box_circle_2&#8243;][\/vc_column][vc_column width=&#8221;1\/2&#8243; offset=&#8221;vc_hidden-sm vc_hidden-xs&#8221;][vc_empty_space height=&#8221;50px&#8221;][vc_column_text css=&#8221;.vc_custom_1663077628864{margin-right: 150px !important;}&#8221;] LIGA-TE. (H)\u00c1 CONVERSA &nbsp; Uma conversa din\u00e2mica, sustent\u00e1vel e cheia de ideias! &nbsp; Uma<\/p>\n","protected":false},"author":1,"featured_media":0,"parent":0,"menu_order":0,"comment_status":"closed","ping_status":"closed","template":"templates\/one-page.php","meta":{"footnotes":""},"class_list":["post-2554","page","type-page","status-publish","hentry"],"yoast_head":"<!-- This site is optimized with the Yoast SEO plugin v22.5 - https:\/\/yoast.com\/wordpress\/plugins\/seo\/ -->\n<title>LIGA-TE. (H)\u00c1 CONVERSA - Amadora<\/title>\n<meta name=\"description\" content=\"O OnMobility \u00e9 uma das atividades para a sensibiliza\u00e7\u00e3o da mobilidade sustent\u00e1vel da SEMA - Semana Europeia da Mobilidade da Amadora.\" \/>\n<meta name=\"robots\" content=\"index, follow, max-snippet:-1, max-image-preview:large, max-video-preview:-1\" \/>\n<link rel=\"canonical\" href=\"https:\/\/mobilidade.cm-amadora.pt\/?page_id=2554\" \/>\n<meta name=\"twitter:label1\" content=\"Est. reading time\" \/>\n\t<meta name=\"twitter:data1\" content=\"11 minutes\" \/>\n<script type=\"application\/ld+json\" class=\"yoast-schema-graph\">{\"@context\":\"https:\/\/schema.org\",\"@graph\":[{\"@type\":\"WebPage\",\"@id\":\"https:\/\/mobilidade.cm-amadora.pt\/?page_id=2554\",\"url\":\"https:\/\/mobilidade.cm-amadora.pt\/?page_id=2554\",\"name\":\"LIGA-TE. (H)\u00c1 CONVERSA - Amadora\",\"isPartOf\":{\"@id\":\"http:\/\/mobilidade.cm-amadora.pt\/#website\"},\"datePublished\":\"2022-09-13T12:45:20+00:00\",\"dateModified\":\"2022-09-19T11:37:06+00:00\",\"description\":\"O OnMobility \u00e9 uma das atividades para a sensibiliza\u00e7\u00e3o da mobilidade sustent\u00e1vel da SEMA - Semana Europeia da Mobilidade da Amadora.\",\"breadcrumb\":{\"@id\":\"https:\/\/mobilidade.cm-amadora.pt\/?page_id=2554#breadcrumb\"},\"inLanguage\":\"en-US\",\"potentialAction\":[{\"@type\":\"ReadAction\",\"target\":[\"https:\/\/mobilidade.cm-amadora.pt\/?page_id=2554\"]}]},{\"@type\":\"BreadcrumbList\",\"@id\":\"https:\/\/mobilidade.cm-amadora.pt\/?page_id=2554#breadcrumb\",\"itemListElement\":[{\"@type\":\"ListItem\",\"position\":1,\"name\":\"Home\",\"item\":\"http:\/\/mobilidade.cm-amadora.pt\/\"},{\"@type\":\"ListItem\",\"position\":2,\"name\":\"LIGA-TE. (H)\u00c1 CONVERSA\"}]},{\"@type\":\"WebSite\",\"@id\":\"http:\/\/mobilidade.cm-amadora.pt\/#website\",\"url\":\"http:\/\/mobilidade.cm-amadora.pt\/\",\"name\":\"Amadora\",\"description\":\"Semana da Mobilidade da Amadora\",\"potentialAction\":[{\"@type\":\"SearchAction\",\"target\":{\"@type\":\"EntryPoint\",\"urlTemplate\":\"http:\/\/mobilidade.cm-amadora.pt\/?s={search_term_string}\"},\"query-input\":\"required name=search_term_string\"}],\"inLanguage\":\"en-US\"}]}<\/script>\n<!-- \/ Yoast SEO plugin. -->","yoast_head_json":{"title":"LIGA-TE. (H)\u00c1 CONVERSA - Amadora","description":"O OnMobility \u00e9 uma das atividades para a sensibiliza\u00e7\u00e3o da mobilidade sustent\u00e1vel da SEMA - Semana Europeia da Mobilidade da Amadora.","robots":{"index":"index","follow":"follow","max-snippet":"max-snippet:-1","max-image-preview":"max-image-preview:large","max-video-preview":"max-video-preview:-1"},"canonical":"https:\/\/mobilidade.cm-amadora.pt\/?page_id=2554","twitter_misc":{"Est. reading time":"11 minutes"},"schema":{"@context":"https:\/\/schema.org","@graph":[{"@type":"WebPage","@id":"https:\/\/mobilidade.cm-amadora.pt\/?page_id=2554","url":"https:\/\/mobilidade.cm-amadora.pt\/?page_id=2554","name":"LIGA-TE. (H)\u00c1 CONVERSA - Amadora","isPartOf":{"@id":"http:\/\/mobilidade.cm-amadora.pt\/#website"},"datePublished":"2022-09-13T12:45:20+00:00","dateModified":"2022-09-19T11:37:06+00:00","description":"O OnMobility \u00e9 uma das atividades para a sensibiliza\u00e7\u00e3o da mobilidade sustent\u00e1vel da SEMA - Semana Europeia da Mobilidade da Amadora.","breadcrumb":{"@id":"https:\/\/mobilidade.cm-amadora.pt\/?page_id=2554#breadcrumb"},"inLanguage":"en-US","potentialAction":[{"@type":"ReadAction","target":["https:\/\/mobilidade.cm-amadora.pt\/?page_id=2554"]}]},{"@type":"BreadcrumbList","@id":"https:\/\/mobilidade.cm-amadora.pt\/?page_id=2554#breadcrumb","itemListElement":[{"@type":"ListItem","position":1,"name":"Home","item":"http:\/\/mobilidade.cm-amadora.pt\/"},{"@type":"ListItem","position":2,"name":"LIGA-TE. (H)\u00c1 CONVERSA"}]},{"@type":"WebSite","@id":"http:\/\/mobilidade.cm-amadora.pt\/#website","url":"http:\/\/mobilidade.cm-amadora.pt\/","name":"Amadora","description":"Semana da Mobilidade da Amadora","potentialAction":[{"@type":"SearchAction","target":{"@type":"EntryPoint","urlTemplate":"http:\/\/mobilidade.cm-amadora.pt\/?s={search_term_string}"},"query-input":"required name=search_term_string"}],"inLanguage":"en-US"}]}},"_links":{"self":[{"href":"https:\/\/mobilidade.cm-amadora.pt\/index.php?rest_route=\/wp\/v2\/pages\/2554","targetHints":{"allow":["GET"]}}],"collection":[{"href":"https:\/\/mobilidade.cm-amadora.pt\/index.php?rest_route=\/wp\/v2\/pages"}],"about":[{"href":"https:\/\/mobilidade.cm-amadora.pt\/index.php?rest_route=\/wp\/v2\/types\/page"}],"author":[{"embeddable":true,"href":"https:\/\/mobilidade.cm-amadora.pt\/index.php?rest_route=\/wp\/v2\/users\/1"}],"replies":[{"embeddable":true,"href":"https:\/\/mobilidade.cm-amadora.pt\/index.php?rest_route=%2Fwp%2Fv2%2Fcomments&post=2554"}],"version-history":[{"count":53,"href":"https:\/\/mobilidade.cm-amadora.pt\/index.php?rest_route=\/wp\/v2\/pages\/2554\/revisions"}],"predecessor-version":[{"id":2670,"href":"https:\/\/mobilidade.cm-amadora.pt\/index.php?rest_route=\/wp\/v2\/pages\/2554\/revisions\/2670"}],"wp:attachment":[{"href":"https:\/\/mobilidade.cm-amadora.pt\/index.php?rest_route=%2Fwp%2Fv2%2Fmedia&parent=2554"}],"curies":[{"name":"wp","href":"https:\/\/api.w.org\/{rel}","templated":true}]}}