{"id":1846,"date":"2022-08-12T10:49:31","date_gmt":"2022-08-12T10:49:31","guid":{"rendered":"https:\/\/amadoramove.pt\/?page_id=1846"},"modified":"2023-09-08T11:18:03","modified_gmt":"2023-09-08T11:18:03","slug":"outras-atividades-sema","status":"publish","type":"page","link":"https:\/\/mobilidade.cm-amadora.pt\/?page_id=1846","title":{"rendered":"Outras Atividades-SEMA"},"content":{"rendered":"<p>[vc_row el_id=&#8221;top&#8221;][vc_column][proconf_onepage_nav nav_logo=&#8221;https:\/\/amadoramove.pt\/wp-content\/uploads\/2017\/06\/logo5.png&#8221;][proconf_preloader banner_image=&#8221;https:\/\/amadoramove.pt\/wp-content\/uploads\/2017\/06\/edgarinagif.gif&#8221;][vc_separator][\/vc_column][\/vc_row][vc_section full_width=&#8221;container-wide&#8221; padding_class=&#8221;section-no-padding&#8221;][vc_row css=&#8221;.vc_custom_1660310492284{margin-top: 150px !important;margin-right: 105px !important;margin-left: 150px !important;}&#8221;][vc_column width=&#8221;1\/4&#8243; offset=&#8221;vc_hidden-sm vc_hidden-xs&#8221;][vc_single_image image=&#8221;648&#8243; style=&#8221;vc_box_circle_2&#8243;][\/vc_column][vc_column width=&#8221;3\/4&#8243; offset=&#8221;vc_hidden-sm vc_hidden-xs&#8221;][vc_custom_heading text=&#8221;Volta Metropolitana \u00c0 Amadora&#8221; google_fonts=&#8221;font_family:Lato%3A100%2C100italic%2C300%2C300italic%2Cregular%2Citalic%2C700%2C700italic%2C900%2C900italic|font_style:700%20bold%20regular%3A700%3Anormal&#8221;][vc_column_text]Participa neste passeio de cicloturismo com um trajeto que parte da Amadora com breves passagens pelos munic\u00edpios vizinhos.[\/vc_column_text][\/vc_column][\/vc_row][vc_row][vc_column offset=&#8221;vc_hidden-lg vc_hidden-md&#8221;][vc_empty_space][vc_single_image image=&#8221;648&#8243; alignment=&#8221;center&#8221; style=&#8221;vc_box_circle_2&#8243;][vc_custom_heading text=&#8221;Volta Metropolitana \u00c0 Amadora&#8221; font_container=&#8221;tag:h2|text_align:center&#8221; google_fonts=&#8221;font_family:Lato%3A100%2C100italic%2C300%2C300italic%2Cregular%2Citalic%2C700%2C700italic%2C900%2C900italic|font_style:700%20bold%20regular%3A700%3Anormal&#8221;][vc_column_text css=&#8221;.vc_custom_1660639079024{margin-right: 50px !important;margin-left: 60px !important;}&#8221;]Participa neste passeio de cicloturismo com um trajeto que parte da Amadora com breves passagens pelos munic\u00edpios vizinhos.[\/vc_column_text][\/vc_column][\/vc_row][vc_row css=&#8221;.vc_custom_1660226302983{margin-right: 150px !important;margin-left: 150px !important;}&#8221;][vc_column css_animation=&#8221;slideInLeft&#8221; width=&#8221;1\/3&#8243;][\/vc_column][vc_column width=&#8221;1\/3&#8243; offset=&#8221;vc_hidden-sm vc_hidden-xs&#8221;][proconf_section_title title=&#8221;Co-organizador&#8221; icon=&#8221;fas fa-route&#8221;][\/vc_column][vc_column width=&#8221;1\/3&#8243;][\/vc_column][\/vc_row][vc_row css=&#8221;.vc_custom_1660235870834{margin-right: 150px !important;margin-left: 150px !important;}&#8221;][vc_column width=&#8221;1\/5&#8243; offset=&#8221;vc_hidden-sm vc_hidden-xs&#8221;][\/vc_column][vc_column width=&#8221;1\/5&#8243; offset=&#8221;vc_hidden-sm vc_hidden-xs&#8221;][vc_single_image image=&#8221;2116&#8243; img_size=&#8221;Full&#8221; alignment=&#8221;center&#8221;][\/vc_column][vc_column width=&#8221;1\/5&#8243; offset=&#8221;vc_hidden-sm vc_hidden-xs&#8221;][vc_single_image image=&#8221;2140&#8243; img_size=&#8221;Full&#8221; alignment=&#8221;center&#8221;][\/vc_column][vc_column width=&#8221;1\/5&#8243; offset=&#8221;vc_hidden-sm vc_hidden-xs&#8221;][vc_single_image image=&#8221;2198&#8243; img_size=&#8221;Full&#8221; alignment=&#8221;center&#8221;][\/vc_column][vc_column width=&#8221;1\/5&#8243; offset=&#8221;vc_hidden-sm vc_hidden-xs&#8221;][\/vc_column][\/vc_row][vc_row css=&#8221;.vc_custom_1660235870834{margin-right: 150px !important;margin-left: 150px !important;}&#8221;][vc_column width=&#8221;1\/5&#8243; offset=&#8221;vc_hidden-sm vc_hidden-xs&#8221;][\/vc_column][vc_column width=&#8221;1\/5&#8243; offset=&#8221;vc_hidden-sm vc_hidden-xs&#8221;][vc_single_image image=&#8221;2196&#8243; img_size=&#8221;Full&#8221; alignment=&#8221;center&#8221;][\/vc_column][vc_column width=&#8221;1\/5&#8243; offset=&#8221;vc_hidden-sm vc_hidden-xs&#8221;][vc_single_image image=&#8221;2200&#8243; img_size=&#8221;Full&#8221; alignment=&#8221;center&#8221;][\/vc_column][vc_column width=&#8221;1\/5&#8243; offset=&#8221;vc_hidden-sm vc_hidden-xs&#8221;][vc_single_image image=&#8221;2303&#8243; img_size=&#8221;Full&#8221; alignment=&#8221;center&#8221;][\/vc_column][vc_column width=&#8221;1\/5&#8243; offset=&#8221;vc_hidden-sm vc_hidden-xs&#8221;][\/vc_column][\/vc_row][vc_row css=&#8221;.vc_custom_1660226302983{margin-right: 150px !important;margin-left: 150px !important;}&#8221;][vc_column css_animation=&#8221;slideInLeft&#8221; offset=&#8221;vc_hidden-sm vc_hidden-xs&#8221;][proconf_section_title title=&#8221;Com o apoio&#8221; icon=&#8221;fas fa-route&#8221;][\/vc_column][\/vc_row][vc_row css=&#8221;.vc_custom_1660235870834{margin-right: 150px !important;margin-left: 150px !important;}&#8221;][vc_column width=&#8221;1\/6&#8243; offset=&#8221;vc_hidden-sm vc_hidden-xs&#8221;][vc_single_image image=&#8221;2122&#8243; img_size=&#8221;full&#8221; alignment=&#8221;center&#8221;][\/vc_column][vc_column width=&#8221;1\/6&#8243; offset=&#8221;vc_hidden-sm vc_hidden-xs&#8221;][vc_single_image image=&#8221;2100&#8243; img_size=&#8221;Full&#8221; alignment=&#8221;center&#8221;][\/vc_column][vc_column width=&#8221;1\/6&#8243; offset=&#8221;vc_hidden-sm vc_hidden-xs&#8221;][vc_single_image image=&#8221;2143&#8243; img_size=&#8221;Full&#8221; alignment=&#8221;center&#8221;][\/vc_column][vc_column width=&#8221;1\/6&#8243; offset=&#8221;vc_hidden-sm vc_hidden-xs&#8221;][vc_single_image image=&#8221;2141&#8243; img_size=&#8221;Full&#8221; alignment=&#8221;center&#8221;][\/vc_column][vc_column width=&#8221;1\/6&#8243; offset=&#8221;vc_hidden-sm vc_hidden-xs&#8221;][vc_single_image image=&#8221;2118&#8243; img_size=&#8221;full&#8221; alignment=&#8221;center&#8221;][\/vc_column][vc_column width=&#8221;1\/6&#8243; offset=&#8221;vc_hidden-sm vc_hidden-xs&#8221;][vc_single_image image=&#8221;2136&#8243; img_size=&#8221;Full&#8221; alignment=&#8221;center&#8221;][\/vc_column][\/vc_row][vc_row css=&#8221;.vc_custom_1660226302983{margin-right: 150px !important;margin-left: 150px !important;}&#8221;][vc_column css_animation=&#8221;slideInLeft&#8221; offset=&#8221;vc_hidden-lg vc_hidden-md&#8221;][proconf_section_title title=&#8221;Co-organizador&#8221; icon=&#8221;fas fa-route&#8221;][\/vc_column][\/vc_row][vc_row css=&#8221;.vc_custom_1660235870834{margin-right: 150px !important;margin-left: 150px !important;}&#8221;][vc_column width=&#8221;1\/5&#8243; offset=&#8221;vc_hidden-lg vc_hidden-md&#8221;][vc_single_image image=&#8221;469&#8243; img_size=&#8221;full&#8221; alignment=&#8221;center&#8221;][\/vc_column][vc_column width=&#8221;1\/6&#8243; offset=&#8221;vc_hidden-lg vc_hidden-md&#8221;][vc_single_image image=&#8221;325&#8243; img_size=&#8221;full&#8221; alignment=&#8221;center&#8221;][\/vc_column][vc_column width=&#8221;1\/5&#8243; offset=&#8221;vc_hidden-lg vc_hidden-md&#8221;][vc_single_image image=&#8221;2198&#8243; img_size=&#8221;full&#8221; alignment=&#8221;center&#8221;][\/vc_column][vc_column width=&#8221;1\/5&#8243; offset=&#8221;vc_hidden-lg vc_hidden-md&#8221;][vc_single_image image=&#8221;2196&#8243; img_size=&#8221;full&#8221; alignment=&#8221;center&#8221;][\/vc_column][vc_column width=&#8221;1\/5&#8243; offset=&#8221;vc_hidden-lg vc_hidden-md&#8221;][vc_single_image image=&#8221;2200&#8243; img_size=&#8221;full&#8221; alignment=&#8221;center&#8221;][\/vc_column][\/vc_row][vc_row css=&#8221;.vc_custom_1660235870834{margin-right: 150px !important;margin-left: 150px !important;}&#8221;][vc_column width=&#8221;1\/5&#8243; offset=&#8221;vc_hidden-lg vc_hidden-md&#8221;][vc_single_image image=&#8221;2303&#8243; img_size=&#8221;full&#8221; alignment=&#8221;center&#8221;][\/vc_column][vc_column width=&#8221;1\/6&#8243; offset=&#8221;vc_hidden-lg vc_hidden-md&#8221;][\/vc_column][vc_column width=&#8221;1\/5&#8243; offset=&#8221;vc_hidden-lg vc_hidden-md&#8221;][\/vc_column][vc_column width=&#8221;1\/5&#8243; offset=&#8221;vc_hidden-lg vc_hidden-md&#8221;][\/vc_column][vc_column width=&#8221;1\/5&#8243; offset=&#8221;vc_hidden-lg vc_hidden-md&#8221;][\/vc_column][\/vc_row][vc_row css=&#8221;.vc_custom_1660226302983{margin-right: 150px !important;margin-left: 150px !important;}&#8221;][vc_column css_animation=&#8221;slideInLeft&#8221; offset=&#8221;vc_hidden-lg vc_hidden-md&#8221;][proconf_section_title title=&#8221;Com o apoio&#8221; icon=&#8221;fas fa-route&#8221;][\/vc_column][\/vc_row][vc_row css=&#8221;.vc_custom_1660235870834{margin-right: 150px !important;margin-left: 150px !important;}&#8221;][vc_column width=&#8221;1\/6&#8243; offset=&#8221;vc_hidden-lg vc_hidden-md&#8221;][vc_single_image image=&#8221;1445&#8243; img_size=&#8221;full&#8221; alignment=&#8221;center&#8221;][\/vc_column][vc_column width=&#8221;1\/6&#8243; offset=&#8221;vc_hidden-lg vc_hidden-md&#8221;][vc_single_image image=&#8221;428&#8243; img_size=&#8221;Full&#8221; alignment=&#8221;center&#8221;][\/vc_column][vc_column width=&#8221;1\/6&#8243; offset=&#8221;vc_hidden-lg vc_hidden-md&#8221;][vc_single_image image=&#8221;326&#8243; img_size=&#8221;Full&#8221; alignment=&#8221;center&#8221;][\/vc_column][vc_column width=&#8221;1\/6&#8243; offset=&#8221;vc_hidden-lg vc_hidden-md&#8221;][vc_single_image image=&#8221;328&#8243; img_size=&#8221;Full&#8221; alignment=&#8221;center&#8221;][\/vc_column][vc_column width=&#8221;1\/6&#8243; offset=&#8221;vc_hidden-lg vc_hidden-md&#8221;][vc_single_image image=&#8221;2052&#8243; img_size=&#8221;full&#8221; alignment=&#8221;center&#8221;][\/vc_column][vc_column width=&#8221;1\/6&#8243; offset=&#8221;vc_hidden-lg vc_hidden-md&#8221;][vc_single_image image=&#8221;1435&#8243; img_size=&#8221;Full&#8221; alignment=&#8221;center&#8221;][\/vc_column][\/vc_row][vc_row][vc_column][vc_separator][\/vc_column][\/vc_row][\/vc_section][vc_section full_width=&#8221;container-wide&#8221; padding_class=&#8221;section-no-padding&#8221;][vc_row css=&#8221;.vc_custom_1658761751183{margin-right: 105px !important;margin-left: 150px !important;}&#8221;][vc_column width=&#8221;1\/4&#8243; offset=&#8221;vc_hidden-sm vc_hidden-xs&#8221;][vc_single_image image=&#8221;819&#8243; style=&#8221;vc_box_circle_2&#8243;][\/vc_column][vc_column width=&#8221;3\/4&#8243; offset=&#8221;vc_hidden-sm vc_hidden-xs&#8221;][vc_custom_heading text=&#8221;Amadora Liga. \u00c0 Bicicleta&#8221; google_fonts=&#8221;font_family:Lato%3A100%2C100italic%2C300%2C300italic%2Cregular%2Citalic%2C700%2C700italic%2C900%2C900italic|font_style:700%20bold%20regular%3A700%3Anormal&#8221;][vc_column_text]Vamos todos andar de bicicleta?[\/vc_column_text][\/vc_column][\/vc_row][vc_row][vc_column offset=&#8221;vc_hidden-lg vc_hidden-md&#8221;][vc_single_image image=&#8221;819&#8243; alignment=&#8221;center&#8221; style=&#8221;vc_box_circle_2&#8243;][vc_custom_heading text=&#8221;Amadora Liga. \u00c0 Bicicleta&#8221; font_container=&#8221;tag:h2|text_align:center&#8221; google_fonts=&#8221;font_family:Lato%3A100%2C100italic%2C300%2C300italic%2Cregular%2Citalic%2C700%2C700italic%2C900%2C900italic|font_style:700%20bold%20regular%3A700%3Anormal&#8221;][vc_column_text css=&#8221;.vc_custom_1660639054288{margin-right: 50px !important;margin-left: 80px !important;}&#8221;]Vamos todos andar de bicicleta?[\/vc_column_text][vc_btn title=&#8221;Inscri\u00e7\u00f5es a abrir brevemente!&#8221; align=&#8221;center&#8221; link=&#8221;url:https%3A%2F%2Famadoramove.pt%2F|target:_blank|rel:nofollow&#8221;][\/vc_column][\/vc_row][vc_row css=&#8221;.vc_custom_1660226302983{margin-right: 150px !important;margin-left: 150px !important;}&#8221;][vc_column css_animation=&#8221;slideInLeft&#8221; width=&#8221;1\/3&#8243;][\/vc_column][vc_column css_animation=&#8221;slideInLeft&#8221; width=&#8221;1\/3&#8243; offset=&#8221;vc_hidden-sm vc_hidden-xs&#8221;][proconf_section_title title=&#8221;Co-organizador&#8221; icon=&#8221;fas fa-route&#8221;][\/vc_column][vc_column width=&#8221;1\/3&#8243;][\/vc_column][\/vc_row][vc_row css=&#8221;.vc_custom_1660235870834{margin-right: 150px !important;margin-left: 150px !important;}&#8221;][vc_column width=&#8221;1\/5&#8243;][\/vc_column][vc_column width=&#8221;1\/5&#8243;][\/vc_column][vc_column width=&#8221;1\/5&#8243; offset=&#8221;vc_hidden-sm vc_hidden-xs&#8221;][vc_single_image image=&#8221;2140&#8243; img_size=&#8221;Full&#8221; alignment=&#8221;center&#8221;][\/vc_column][vc_column width=&#8221;1\/5&#8243;][\/vc_column][vc_column width=&#8221;1\/5&#8243;][\/vc_column][\/vc_row][vc_row css=&#8221;.vc_custom_1660226302983{margin-right: 150px !important;margin-left: 150px !important;}&#8221;][vc_column css_animation=&#8221;slideInLeft&#8221; offset=&#8221;vc_hidden-lg vc_hidden-md&#8221;][proconf_section_title title=&#8221;Co-organizador&#8221; icon=&#8221;fas fa-route&#8221;][\/vc_column][\/vc_row][vc_row css=&#8221;.vc_custom_1660235870834{margin-right: 150px !important;margin-left: 150px !important;}&#8221;][vc_column width=&#8221;1\/5&#8243;][\/vc_column][vc_column width=&#8221;1\/6&#8243; offset=&#8221;vc_hidden-lg vc_hidden-md&#8221;][\/vc_column][vc_column width=&#8221;1\/5&#8243; offset=&#8221;vc_hidden-lg vc_hidden-md&#8221;][vc_single_image image=&#8221;2140&#8243; img_size=&#8221;full&#8221; alignment=&#8221;center&#8221;][\/vc_column][vc_column width=&#8221;1\/5&#8243;][\/vc_column][vc_column width=&#8221;1\/5&#8243;][\/vc_column][\/vc_row][vc_row css=&#8221;.vc_custom_1660226302983{margin-right: 150px !important;margin-left: 150px !important;}&#8221;][vc_column css_animation=&#8221;slideInLeft&#8221; offset=&#8221;vc_hidden-sm vc_hidden-xs&#8221;][proconf_section_title title=&#8221;Com o apoio&#8221; icon=&#8221;fas fa-route&#8221;][\/vc_column][\/vc_row][vc_row css=&#8221;.vc_custom_1660310699112{margin-right: 150px !important;margin-left: 150px !important;}&#8221;][vc_column width=&#8221;1\/6&#8243; offset=&#8221;vc_hidden-sm vc_hidden-xs&#8221;][\/vc_column][vc_column width=&#8221;1\/6&#8243; offset=&#8221;vc_hidden-sm vc_hidden-xs&#8221;][vc_single_image image=&#8221;2100&#8243; img_size=&#8221;full&#8221; alignment=&#8221;center&#8221;][\/vc_column][vc_column width=&#8221;1\/6&#8243; offset=&#8221;vc_hidden-sm vc_hidden-xs&#8221;][vc_single_image image=&#8221;2116&#8243; img_size=&#8221;Full&#8221; alignment=&#8221;center&#8221;][\/vc_column][vc_column width=&#8221;1\/6&#8243; offset=&#8221;vc_hidden-sm vc_hidden-xs&#8221;][vc_single_image image=&#8221;2122&#8243; img_size=&#8221;Full&#8221; alignment=&#8221;center&#8221;][\/vc_column][vc_column width=&#8221;1\/6&#8243; offset=&#8221;vc_hidden-sm vc_hidden-xs&#8221;][vc_single_image image=&#8221;2118&#8243; img_size=&#8221;Full&#8221; alignment=&#8221;center&#8221;][\/vc_column][vc_column width=&#8221;1\/6&#8243;][\/vc_column][\/vc_row][vc_row css=&#8221;.vc_custom_1660226302983{margin-right: 150px !important;margin-left: 150px !important;}&#8221;][vc_column css_animation=&#8221;slideInLeft&#8221; offset=&#8221;vc_hidden-lg vc_hidden-md&#8221;][proconf_section_title title=&#8221;Com o apoio&#8221; icon=&#8221;fas fa-route&#8221;][\/vc_column][\/vc_row][vc_row css=&#8221;.vc_custom_1660310699112{margin-right: 150px !important;margin-left: 150px !important;}&#8221;][vc_column width=&#8221;1\/6&#8243; offset=&#8221;vc_hidden-lg vc_hidden-md&#8221;][\/vc_column][vc_column width=&#8221;1\/6&#8243; offset=&#8221;vc_hidden-lg vc_hidden-md&#8221;][vc_single_image image=&#8221;428&#8243; img_size=&#8221;full&#8221; alignment=&#8221;center&#8221;][\/vc_column][vc_column width=&#8221;1\/6&#8243; offset=&#8221;vc_hidden-lg vc_hidden-md&#8221;][vc_single_image image=&#8221;469&#8243; img_size=&#8221;Full&#8221; alignment=&#8221;center&#8221;][\/vc_column][vc_column width=&#8221;1\/6&#8243; offset=&#8221;vc_hidden-lg vc_hidden-md&#8221;][vc_single_image image=&#8221;1445&#8243; img_size=&#8221;Full&#8221; alignment=&#8221;center&#8221;][\/vc_column][vc_column width=&#8221;1\/6&#8243; offset=&#8221;vc_hidden-lg vc_hidden-md&#8221;][vc_single_image image=&#8221;2052&#8243; img_size=&#8221;Full&#8221; alignment=&#8221;center&#8221;][\/vc_column][vc_column width=&#8221;1\/6&#8243;][\/vc_column][\/vc_row][vc_row][vc_column][vc_separator][\/vc_column][\/vc_row][\/vc_section][vc_section full_width=&#8221;container-wide&#8221; padding_class=&#8221;section-no-padding&#8221;][vc_row css=&#8221;.vc_custom_1658761751183{margin-right: 105px !important;margin-left: 150px !important;}&#8221;][vc_column width=&#8221;1\/4&#8243; offset=&#8221;vc_hidden-sm vc_hidden-xs&#8221;][vc_single_image image=&#8221;684&#8243; style=&#8221;vc_box_circle_2&#8243;][\/vc_column][vc_column width=&#8221;3\/4&#8243; offset=&#8221;vc_hidden-sm vc_hidden-xs&#8221;][vc_custom_heading text=&#8221;De Volta \u00c0 Escola&#8221; google_fonts=&#8221;font_family:Lato%3A100%2C100italic%2C300%2C300italic%2Cregular%2Citalic%2C700%2C700italic%2C900%2C900italic|font_style:700%20bold%20regular%3A700%3Anormal&#8221;][vc_column_text]Este ano letivo vai come\u00e7ar sobre rodas![\/vc_column_text][\/vc_column][\/vc_row][vc_row][vc_column offset=&#8221;vc_hidden-lg vc_hidden-md&#8221;][vc_single_image image=&#8221;684&#8243; alignment=&#8221;center&#8221; style=&#8221;vc_box_circle_2&#8243;][vc_custom_heading text=&#8221;De Volta \u00c0 Escola&#8221; font_container=&#8221;tag:h2|text_align:center&#8221; google_fonts=&#8221;font_family:Lato%3A100%2C100italic%2C300%2C300italic%2Cregular%2Citalic%2C700%2C700italic%2C900%2C900italic|font_style:700%20bold%20regular%3A700%3Anormal&#8221;][vc_column_text css=&#8221;.vc_custom_1660639020119{margin-right: 50px !important;margin-left: 80px !important;}&#8221;]Este ano letivo vai come\u00e7ar sobre rodas![\/vc_column_text][\/vc_column][\/vc_row][vc_row css=&#8221;.vc_custom_1660226302983{margin-right: 150px !important;margin-left: 150px !important;}&#8221;][vc_column css_animation=&#8221;slideInLeft&#8221; width=&#8221;1\/2&#8243; offset=&#8221;vc_hidden-sm vc_hidden-xs&#8221;][proconf_section_title title=&#8221;Co-organizador&#8221; icon=&#8221;fas fa-route&#8221;][\/vc_column][vc_column css_animation=&#8221;slideInLeft&#8221; width=&#8221;1\/2&#8243; offset=&#8221;vc_hidden-sm vc_hidden-xs&#8221;][proconf_section_title title=&#8221;Com o apoio&#8221; icon=&#8221;fas fa-route&#8221;][\/vc_column][\/vc_row][vc_row css=&#8221;.vc_custom_1660235915160{margin-right: 150px !important;margin-left: 150px !important;}&#8221;][vc_column width=&#8221;1\/6&#8243; offset=&#8221;vc_hidden-sm vc_hidden-xs&#8221;][vc_single_image image=&#8221;2140&#8243; img_size=&#8221;Full&#8221; alignment=&#8221;center&#8221;][\/vc_column][vc_column width=&#8221;1\/6&#8243; offset=&#8221;vc_hidden-sm vc_hidden-xs&#8221;][vc_single_image image=&#8221;2108&#8243; img_size=&#8221;Full&#8221; alignment=&#8221;center&#8221;][\/vc_column][vc_column width=&#8221;1\/6&#8243;][\/vc_column][vc_column width=&#8221;1\/6&#8243; offset=&#8221;vc_hidden-sm vc_hidden-xs&#8221;][vc_single_image image=&#8221;2141&#8243; img_size=&#8221;Full&#8221; alignment=&#8221;center&#8221;][\/vc_column][vc_column width=&#8221;1\/6&#8243; offset=&#8221;vc_hidden-sm vc_hidden-xs&#8221;][vc_single_image image=&#8221;2117&#8243; img_size=&#8221;Full&#8221; alignment=&#8221;center&#8221;][\/vc_column][vc_column width=&#8221;1\/6&#8243;][\/vc_column][\/vc_row][vc_row css=&#8221;.vc_custom_1660226302983{margin-right: 150px !important;margin-left: 150px !important;}&#8221;][vc_column css_animation=&#8221;slideInLeft&#8221; offset=&#8221;vc_hidden-lg vc_hidden-md&#8221;][proconf_section_title title=&#8221;Co-organizador&#8221; icon=&#8221;fas fa-route&#8221;][vc_single_image image=&#8221;325&#8243; img_size=&#8221;Full&#8221; alignment=&#8221;center&#8221;][vc_single_image image=&#8221;482&#8243; img_size=&#8221;Full&#8221; alignment=&#8221;center&#8221;][proconf_section_title title=&#8221;Com o apoio&#8221; icon=&#8221;fas fa-route&#8221;][vc_single_image image=&#8221;328&#8243; img_size=&#8221;Full&#8221; alignment=&#8221;center&#8221;][vc_single_image image=&#8221;481&#8243; img_size=&#8221;Full&#8221; alignment=&#8221;center&#8221;][\/vc_column][\/vc_row][vc_row][vc_column][vc_separator][\/vc_column][\/vc_row][\/vc_section][vc_section full_width=&#8221;container-wide&#8221; padding_class=&#8221;section-no-padding&#8221;][vc_row css=&#8221;.vc_custom_1658761751183{margin-right: 105px !important;margin-left: 150px !important;}&#8221;][vc_column width=&#8221;1\/4&#8243; offset=&#8221;vc_hidden-sm vc_hidden-xs&#8221;][vc_single_image image=&#8221;2378&#8243; style=&#8221;vc_box_circle_2&#8243;][\/vc_column][vc_column width=&#8221;3\/4&#8243; offset=&#8221;vc_hidden-sm vc_hidden-xs&#8221;][vc_custom_heading text=&#8221;#cicloexpresso Alfragide Sobre Rodas&#8221; google_fonts=&#8221;font_family:Lato%3A100%2C100italic%2C300%2C300italic%2Cregular%2Citalic%2C700%2C700italic%2C900%2C900italic|font_style:700%20bold%20regular%3A700%3Anormal&#8221;][vc_column_text]Uma atividade para todos![\/vc_column_text][\/vc_column][\/vc_row][vc_row][vc_column offset=&#8221;vc_hidden-lg vc_hidden-md&#8221;][vc_single_image image=&#8221;2378&#8243; alignment=&#8221;center&#8221; style=&#8221;vc_box_circle_2&#8243;][vc_custom_heading text=&#8221;Cicloexpresso&#8221; font_container=&#8221;tag:h2|text_align:center&#8221; google_fonts=&#8221;font_family:Lato%3A100%2C100italic%2C300%2C300italic%2Cregular%2Citalic%2C700%2C700italic%2C900%2C900italic|font_style:700%20bold%20regular%3A700%3Anormal&#8221; css=&#8221;.vc_custom_1660236545765{margin-right: 50px !important;margin-left: 50px !important;}&#8221;][vc_column_text css=&#8221;.vc_custom_1660638791288{margin-right: 50px !important;margin-left: 100px !important;}&#8221;]Uma atividade para todos![\/vc_column_text][\/vc_column][\/vc_row][vc_row css=&#8221;.vc_custom_1660226302983{margin-right: 150px !important;margin-left: 150px !important;}&#8221;][vc_column css_animation=&#8221;slideInLeft&#8221; width=&#8221;1\/3&#8243;][\/vc_column][vc_column css_animation=&#8221;slideInLeft&#8221; width=&#8221;1\/3&#8243; offset=&#8221;vc_hidden-sm vc_hidden-xs&#8221;][proconf_section_title title=&#8221;Co-organizador&#8221; icon=&#8221;fas fa-route&#8221;][\/vc_column][vc_column width=&#8221;1\/3&#8243;][\/vc_column][\/vc_row][vc_row css=&#8221;.vc_custom_1660235870834{margin-right: 150px !important;margin-left: 150px !important;}&#8221;][vc_column width=&#8221;1\/5&#8243;][\/vc_column][vc_column width=&#8221;1\/5&#8243;][\/vc_column][vc_column width=&#8221;1\/5&#8243; offset=&#8221;vc_hidden-sm vc_hidden-xs&#8221;][vc_single_image image=&#8221;2140&#8243; img_size=&#8221;Full&#8221; alignment=&#8221;center&#8221;][\/vc_column][vc_column width=&#8221;1\/5&#8243;][\/vc_column][vc_column width=&#8221;1\/5&#8243;][\/vc_column][\/vc_row][vc_row css=&#8221;.vc_custom_1660226302983{margin-right: 150px !important;margin-left: 150px !important;}&#8221;][vc_column css_animation=&#8221;slideInLeft&#8221; offset=&#8221;vc_hidden-lg vc_hidden-md&#8221;][proconf_section_title title=&#8221;Co-organizador&#8221; icon=&#8221;fas fa-route&#8221;][\/vc_column][\/vc_row][vc_row css=&#8221;.vc_custom_1660235870834{margin-right: 150px !important;margin-left: 150px !important;}&#8221;][vc_column width=&#8221;1\/5&#8243;][\/vc_column][vc_column width=&#8221;1\/6&#8243; offset=&#8221;vc_hidden-lg vc_hidden-md&#8221;][vc_single_image image=&#8221;2140&#8243; img_size=&#8221;full&#8221; alignment=&#8221;center&#8221;][\/vc_column][vc_column width=&#8221;1\/5&#8243; offset=&#8221;vc_hidden-lg vc_hidden-md&#8221;][\/vc_column][vc_column width=&#8221;1\/5&#8243;][\/vc_column][vc_column width=&#8221;1\/5&#8243;][\/vc_column][\/vc_row][vc_row css=&#8221;.vc_custom_1660226302983{margin-right: 150px !important;margin-left: 150px !important;}&#8221;][vc_column css_animation=&#8221;slideInLeft&#8221; offset=&#8221;vc_hidden-sm vc_hidden-xs&#8221;][proconf_section_title title=&#8221;Com o apoio&#8221; icon=&#8221;fas fa-route&#8221;][\/vc_column][\/vc_row][vc_row css=&#8221;.vc_custom_1660235930445{margin-right: 150px !important;margin-left: 150px !important;}&#8221;][vc_column width=&#8221;1\/6&#8243; offset=&#8221;vc_hidden-sm vc_hidden-xs&#8221;][\/vc_column][vc_column width=&#8221;1\/6&#8243; offset=&#8221;vc_hidden-sm vc_hidden-xs&#8221;][\/vc_column][vc_column width=&#8221;1\/6&#8243; offset=&#8221;vc_hidden-sm vc_hidden-xs&#8221;][vc_single_image image=&#8221;2100&#8243; img_size=&#8221;Full&#8221; alignment=&#8221;center&#8221;][\/vc_column][vc_column width=&#8221;1\/6&#8243; offset=&#8221;vc_hidden-sm vc_hidden-xs&#8221;][vc_single_image image=&#8221;2131&#8243; img_size=&#8221;Full&#8221; alignment=&#8221;center&#8221;][\/vc_column][vc_column width=&#8221;1\/6&#8243;][\/vc_column][vc_column width=&#8221;1\/6&#8243; offset=&#8221;vc_hidden-lg vc_hidden-md vc_hidden-sm vc_hidden-xs&#8221;][\/vc_column][\/vc_row][vc_row css=&#8221;.vc_custom_1660226302983{margin-right: 150px !important;margin-left: 150px !important;}&#8221;][vc_column css_animation=&#8221;slideInLeft&#8221; offset=&#8221;vc_hidden-lg vc_hidden-md&#8221;][proconf_section_title title=&#8221;Com o apoio&#8221; icon=&#8221;fas fa-route&#8221;][\/vc_column][\/vc_row][vc_row css=&#8221;.vc_custom_1660235930445{margin-right: 150px !important;margin-left: 150px !important;}&#8221;][vc_column width=&#8221;1\/6&#8243; offset=&#8221;vc_hidden-lg vc_hidden-md&#8221;][\/vc_column][vc_column width=&#8221;1\/6&#8243; offset=&#8221;vc_hidden-lg vc_hidden-md&#8221;][\/vc_column][vc_column width=&#8221;1\/6&#8243; offset=&#8221;vc_hidden-lg vc_hidden-md&#8221;][vc_single_image image=&#8221;428&#8243; img_size=&#8221;Full&#8221; alignment=&#8221;center&#8221;][\/vc_column][vc_column width=&#8221;1\/6&#8243; offset=&#8221;vc_hidden-lg vc_hidden-md&#8221;][vc_single_image image=&#8221;1423&#8243; img_size=&#8221;Full&#8221; alignment=&#8221;center&#8221;][\/vc_column][vc_column width=&#8221;1\/6&#8243;][\/vc_column][vc_column width=&#8221;1\/6&#8243; offset=&#8221;vc_hidden-lg vc_hidden-md vc_hidden-sm vc_hidden-xs&#8221;][\/vc_column][\/vc_row][vc_row][vc_column][vc_separator][\/vc_column][\/vc_row][\/vc_section][vc_section full_width=&#8221;container-wide&#8221; padding_class=&#8221;section-no-padding&#8221;][vc_row css=&#8221;.vc_custom_1658761751183{margin-right: 105px !important;margin-left: 150px !important;}&#8221;][vc_column width=&#8221;1\/4&#8243; offset=&#8221;vc_hidden-sm vc_hidden-xs&#8221;][vc_single_image image=&#8221;1297&#8243; style=&#8221;vc_box_circle_2&#8243;][\/vc_column][vc_column width=&#8221;3\/4&#8243; offset=&#8221;vc_hidden-sm vc_hidden-xs&#8221;][vc_custom_heading text=&#8221;PROJET.AR.TE&#8221; google_fonts=&#8221;font_family:Lato%3A100%2C100italic%2C300%2C300italic%2Cregular%2Citalic%2C700%2C700italic%2C900%2C900italic|font_style:700%20bold%20regular%3A700%3Anormal&#8221;][vc_column_text]Criar, reciclar e transformar.[\/vc_column_text][\/vc_column][\/vc_row][vc_row][vc_column offset=&#8221;vc_hidden-lg vc_hidden-md&#8221;][vc_single_image image=&#8221;1297&#8243; alignment=&#8221;center&#8221; style=&#8221;vc_box_circle_2&#8243;][vc_custom_heading text=&#8221;PROJET.AR.TE&#8221; font_container=&#8221;tag:h2|text_align:center&#8221; google_fonts=&#8221;font_family:Lato%3A100%2C100italic%2C300%2C300italic%2Cregular%2Citalic%2C700%2C700italic%2C900%2C900italic|font_style:700%20bold%20regular%3A700%3Anormal&#8221; css=&#8221;.vc_custom_1660638873930{margin-right: 50px !important;margin-left: 50px !important;}&#8221;][vc_column_text css=&#8221;.vc_custom_1660638914289{margin-right: 50px !important;margin-left: 95px !important;}&#8221;]Criar, reciclar e transformar.[\/vc_column_text][\/vc_column][\/vc_row][vc_row css=&#8221;.vc_custom_1660226302983{margin-right: 150px !important;margin-left: 150px !important;}&#8221;][vc_column css_animation=&#8221;slideInLeft&#8221; width=&#8221;1\/2&#8243; offset=&#8221;vc_hidden-sm vc_hidden-xs&#8221;][proconf_section_title title=&#8221;Co-organizador&#8221; icon=&#8221;fas fa-route&#8221;][\/vc_column][vc_column css_animation=&#8221;slideInLeft&#8221; width=&#8221;1\/2&#8243; offset=&#8221;vc_hidden-sm vc_hidden-xs&#8221;][proconf_section_title title=&#8221;Com o apoio&#8221; icon=&#8221;fas fa-route&#8221;][\/vc_column][\/vc_row][vc_row css=&#8221;.vc_custom_1660235938111{margin-right: 150px !important;margin-left: 150px !important;}&#8221;][vc_column width=&#8221;1\/6&#8243;][vc_single_image image=&#8221;2140&#8243; img_size=&#8221;Full&#8221; alignment=&#8221;center&#8221;][\/vc_column][vc_column width=&#8221;1\/6&#8243; offset=&#8221;vc_hidden-sm vc_hidden-xs&#8221;][vc_single_image image=&#8221;2108&#8243; img_size=&#8221;Full&#8221; alignment=&#8221;center&#8221;][\/vc_column][vc_column width=&#8221;1\/6&#8243;][\/vc_column][vc_column width=&#8221;1\/6&#8243;][\/vc_column][vc_column width=&#8221;1\/6&#8243; offset=&#8221;vc_hidden-sm vc_hidden-xs&#8221;][vc_single_image image=&#8221;2100&#8243; img_size=&#8221;Full&#8221; alignment=&#8221;center&#8221;][\/vc_column][vc_column width=&#8221;1\/6&#8243;][\/vc_column][\/vc_row][vc_row css=&#8221;.vc_custom_1660226302983{margin-right: 150px !important;margin-left: 150px !important;}&#8221;][vc_column css_animation=&#8221;slideInLeft&#8221; offset=&#8221;vc_hidden-lg vc_hidden-md&#8221;][proconf_section_title title=&#8221;Co-organizador&#8221; icon=&#8221;fas fa-route&#8221;][vc_single_image image=&#8221;325&#8243; img_size=&#8221;Full&#8221; alignment=&#8221;center&#8221;][vc_single_image image=&#8221;482&#8243; img_size=&#8221;Full&#8221; alignment=&#8221;center&#8221;][proconf_section_title title=&#8221;Com o apoio&#8221; icon=&#8221;fas fa-route&#8221;][vc_single_image image=&#8221;428&#8243; img_size=&#8221;Full&#8221; alignment=&#8221;center&#8221;][\/vc_column][\/vc_row][vc_row][vc_column][vc_separator][\/vc_column][\/vc_row][\/vc_section][vc_section full_width=&#8221;container-wide&#8221; padding_class=&#8221;section-no-padding&#8221;][vc_row css=&#8221;.vc_custom_1658761751183{margin-right: 105px !important;margin-left: 150px !important;}&#8221;][vc_column width=&#8221;1\/4&#8243; offset=&#8221;vc_hidden-sm vc_hidden-xs&#8221;][vc_single_image image=&#8221;1150&#8243; style=&#8221;vc_box_circle_2&#8243;][\/vc_column][vc_column width=&#8221;3\/4&#8243; offset=&#8221;vc_hidden-sm vc_hidden-xs&#8221;][vc_custom_heading text=&#8221;Faz tua a rua. Dia sem Carros&#8221; google_fonts=&#8221;font_family:Lato%3A100%2C100italic%2C300%2C300italic%2Cregular%2Citalic%2C700%2C700italic%2C900%2C900italic|font_style:700%20bold%20regular%3A700%3Anormal&#8221;][vc_column_text]A atividade da SEMA &#8211; Semana Europeia da Mobilidade da Amadora, em que &#8221; A Rua \u00e9 tua!&#8221;[\/vc_column_text][\/vc_column][\/vc_row][vc_row][vc_column offset=&#8221;vc_hidden-lg vc_hidden-md&#8221;][vc_single_image image=&#8221;1150&#8243; alignment=&#8221;center&#8221; style=&#8221;vc_box_circle_2&#8243;][vc_custom_heading text=&#8221;Faz tua a rua. Zona 30&#8243; google_fonts=&#8221;font_family:Lato%3A100%2C100italic%2C300%2C300italic%2Cregular%2Citalic%2C700%2C700italic%2C900%2C900italic|font_style:700%20bold%20regular%3A700%3Anormal&#8221; css=&#8221;.vc_custom_1660236598476{margin-right: 50px !important;margin-left: 50px !important;}&#8221;][vc_column_text css=&#8221;.vc_custom_1660236609304{margin-left: 150px !important;}&#8221;]A rua \u00e9 tua![\/vc_column_text][\/vc_column][\/vc_row][vc_row css=&#8221;.vc_custom_1660226302983{margin-right: 150px !important;margin-left: 150px !important;}&#8221;][vc_column css_animation=&#8221;slideInLeft&#8221; width=&#8221;1\/3&#8243;][\/vc_column][vc_column css_animation=&#8221;slideInLeft&#8221; width=&#8221;1\/3&#8243; offset=&#8221;vc_hidden-sm vc_hidden-xs&#8221;][proconf_section_title title=&#8221;Co-organizador&#8221; icon=&#8221;fas fa-route&#8221;][\/vc_column][vc_column width=&#8221;1\/3&#8243;][\/vc_column][\/vc_row][vc_row css=&#8221;.vc_custom_1660235870834{margin-right: 150px !important;margin-left: 150px !important;}&#8221;][vc_column width=&#8221;1\/5&#8243;][\/vc_column][vc_column width=&#8221;1\/5&#8243;][\/vc_column][vc_column width=&#8221;1\/5&#8243; offset=&#8221;vc_hidden-sm vc_hidden-xs&#8221;][vc_single_image image=&#8221;2140&#8243; img_size=&#8221;Full&#8221; alignment=&#8221;center&#8221;][\/vc_column][vc_column width=&#8221;1\/5&#8243;][\/vc_column][vc_column width=&#8221;1\/5&#8243;][\/vc_column][\/vc_row][vc_row css=&#8221;.vc_custom_1660226302983{margin-right: 150px !important;margin-left: 150px !important;}&#8221;][vc_column css_animation=&#8221;slideInLeft&#8221; offset=&#8221;vc_hidden-lg vc_hidden-md&#8221;][proconf_section_title title=&#8221;Co-organizador&#8221; icon=&#8221;fas fa-route&#8221;][\/vc_column][\/vc_row][vc_row css=&#8221;.vc_custom_1660235870834{margin-right: 150px !important;margin-left: 150px !important;}&#8221;][vc_column width=&#8221;1\/5&#8243;][\/vc_column][vc_column width=&#8221;1\/6&#8243; offset=&#8221;vc_hidden-lg vc_hidden-md&#8221;][vc_single_image image=&#8221;2140&#8243; img_size=&#8221;full&#8221; alignment=&#8221;center&#8221;][\/vc_column][vc_column width=&#8221;1\/5&#8243; offset=&#8221;vc_hidden-lg vc_hidden-md&#8221;][\/vc_column][vc_column width=&#8221;1\/5&#8243;][\/vc_column][vc_column width=&#8221;1\/5&#8243;][\/vc_column][\/vc_row][vc_row css=&#8221;.vc_custom_1660226302983{margin-right: 150px !important;margin-left: 150px !important;}&#8221;][vc_column css_animation=&#8221;slideInLeft&#8221; offset=&#8221;vc_hidden-sm vc_hidden-xs&#8221;][proconf_section_title title=&#8221;Com o apoio&#8221; icon=&#8221;fas fa-route&#8221;][\/vc_column][\/vc_row][vc_row css=&#8221;.vc_custom_1660235938111{margin-right: 150px !important;margin-left: 150px !important;}&#8221;][vc_column width=&#8221;1\/6&#8243;][vc_single_image image=&#8221;2121&#8243; img_size=&#8221;full&#8221; alignment=&#8221;center&#8221;][\/vc_column][vc_column width=&#8221;1\/6&#8243; offset=&#8221;vc_hidden-sm vc_hidden-xs&#8221;][vc_single_image image=&#8221;2100&#8243; img_size=&#8221;full&#8221; alignment=&#8221;center&#8221;][\/vc_column][vc_column width=&#8221;1\/6&#8243; offset=&#8221;vc_hidden-sm vc_hidden-xs&#8221;][vc_single_image image=&#8221;2125&#8243; img_size=&#8221;full&#8221; alignment=&#8221;center&#8221;][\/vc_column][vc_column width=&#8221;1\/6&#8243; offset=&#8221;vc_hidden-sm vc_hidden-xs&#8221;][vc_single_image image=&#8221;2120&#8243;][\/vc_column][vc_column width=&#8221;1\/6&#8243;][vc_single_image image=&#8221;2118&#8243;][\/vc_column][vc_column width=&#8221;1\/6&#8243;][vc_single_image image=&#8221;2122&#8243;][\/vc_column][\/vc_row][vc_row css=&#8221;.vc_custom_1660235938111{margin-right: 150px !important;margin-left: 150px !important;}&#8221;][vc_column width=&#8221;1\/6&#8243;][vc_single_image image=&#8221;2523&#8243; img_size=&#8221;full&#8221; alignment=&#8221;center&#8221;][\/vc_column][vc_column width=&#8221;1\/6&#8243; offset=&#8221;vc_hidden-sm vc_hidden-xs&#8221;][vc_single_image image=&#8221;2646&#8243; img_size=&#8221;full&#8221; alignment=&#8221;center&#8221;][\/vc_column][vc_column width=&#8221;1\/6&#8243; offset=&#8221;vc_hidden-sm vc_hidden-xs&#8221;][\/vc_column][vc_column width=&#8221;1\/6&#8243; offset=&#8221;vc_hidden-sm vc_hidden-xs&#8221;][\/vc_column][vc_column width=&#8221;1\/6&#8243;][\/vc_column][vc_column width=&#8221;1\/6&#8243;][\/vc_column][\/vc_row][vc_row css=&#8221;.vc_custom_1660226302983{margin-right: 150px !important;margin-left: 150px !important;}&#8221;][vc_column css_animation=&#8221;slideInLeft&#8221; offset=&#8221;vc_hidden-lg vc_hidden-md&#8221;][proconf_section_title title=&#8221;Com o apoio&#8221; icon=&#8221;fas fa-route&#8221;][\/vc_column][\/vc_row][vc_row css=&#8221;.vc_custom_1660235938111{margin-right: 150px !important;margin-left: 150px !important;}&#8221;][vc_column width=&#8221;1\/6&#8243; offset=&#8221;vc_hidden-lg vc_hidden-md&#8221;][vc_single_image image=&#8221;2074&#8243; img_size=&#8221;full&#8221; alignment=&#8221;center&#8221;][\/vc_column][vc_column width=&#8221;1\/6&#8243; offset=&#8221;vc_hidden-lg vc_hidden-md&#8221;][vc_single_image image=&#8221;2100&#8243; img_size=&#8221;full&#8221; alignment=&#8221;center&#8221;][\/vc_column][vc_column width=&#8221;1\/6&#8243; offset=&#8221;vc_hidden-lg vc_hidden-md&#8221;][vc_single_image image=&#8221;2125&#8243;][\/vc_column][vc_column width=&#8221;1\/6&#8243; offset=&#8221;vc_hidden-lg vc_hidden-md&#8221;][vc_single_image image=&#8221;2051&#8243;][\/vc_column][vc_column width=&#8221;1\/6&#8243; offset=&#8221;vc_hidden-lg vc_hidden-md&#8221;][vc_single_image image=&#8221;2052&#8243;][\/vc_column][vc_column width=&#8221;1\/6&#8243; offset=&#8221;vc_hidden-lg vc_hidden-md&#8221;][vc_single_image image=&#8221;2122&#8243;][\/vc_column][\/vc_row][vc_row css=&#8221;.vc_custom_1660235938111{margin-right: 150px !important;margin-left: 150px !important;}&#8221;][vc_column width=&#8221;1\/6&#8243; offset=&#8221;vc_hidden-lg vc_hidden-md&#8221;][vc_single_image image=&#8221;2523&#8243; img_size=&#8221;full&#8221; alignment=&#8221;center&#8221;][\/vc_column][vc_column width=&#8221;1\/6&#8243; offset=&#8221;vc_hidden-lg vc_hidden-md&#8221;][vc_single_image image=&#8221;2646&#8243; img_size=&#8221;full&#8221; alignment=&#8221;center&#8221;][\/vc_column][vc_column width=&#8221;1\/6&#8243; offset=&#8221;vc_hidden-lg vc_hidden-md&#8221;][\/vc_column][vc_column width=&#8221;1\/6&#8243; offset=&#8221;vc_hidden-lg vc_hidden-md&#8221;][\/vc_column][vc_column width=&#8221;1\/6&#8243; offset=&#8221;vc_hidden-lg vc_hidden-md&#8221;][\/vc_column][vc_column width=&#8221;1\/6&#8243; offset=&#8221;vc_hidden-lg vc_hidden-md&#8221;][\/vc_column][\/vc_row][vc_row][vc_column][vc_separator][vc_empty_space][\/vc_column][\/vc_row][\/vc_section][vc_section full_width=&#8221;container-wide&#8221; padding_class=&#8221;section-no-padding&#8221;][vc_row css=&#8221;.vc_custom_1658761751183{margin-right: 105px !important;margin-left: 150px !important;}&#8221;][vc_column width=&#8221;1\/4&#8243; offset=&#8221;vc_hidden-sm vc_hidden-xs&#8221;][vc_single_image image=&#8221;2395&#8243; style=&#8221;vc_box_circle_2&#8243;][\/vc_column][vc_column width=&#8221;3\/4&#8243; offset=&#8221;vc_hidden-sm vc_hidden-xs&#8221;][vc_custom_heading text=&#8221;Andar em Fam\u00edlia Contra a Diabetes&#8221; google_fonts=&#8221;font_family:Lato%3A100%2C100italic%2C300%2C300italic%2Cregular%2Citalic%2C700%2C700italic%2C900%2C900italic|font_style:700%20bold%20regular%3A700%3Anormal&#8221;][vc_column_text]Promovida pela Unidade Coordenadora Funcional da Diabetes Amadora Sintra, decorre entre as 09h00 e as 13h00 uma manh\u00e3 de atividades para a sensibiliza\u00e7\u00e3o contra a Diabetes e pela promo\u00e7\u00e3o de estilos de vida saud\u00e1vel. Acontecer\u00e1 uma caminhada com um percurso de cerca de 4 km e uma a\u00e7\u00e3o de promo\u00e7\u00e3o de alimenta\u00e7\u00e3o saud\u00e1vel e cuidados com o corpo.[\/vc_column_text][\/vc_column][\/vc_row][vc_row][vc_column offset=&#8221;vc_hidden-lg vc_hidden-md&#8221;][vc_single_image image=&#8221;2395&#8243; alignment=&#8221;center&#8221; style=&#8221;vc_box_circle_2&#8243;][vc_custom_heading text=&#8221;Andar em Fam\u00edlia Contra a Diabetes&#8221; google_fonts=&#8221;font_family:Lato%3A100%2C100italic%2C300%2C300italic%2Cregular%2Citalic%2C700%2C700italic%2C900%2C900italic|font_style:700%20bold%20regular%3A700%3Anormal&#8221; css=&#8221;.vc_custom_1662043365687{margin-right: 50px !important;margin-left: 50px !important;}&#8221;][vc_column_text css=&#8221;.vc_custom_1662044634328{margin-right: 50px !important;margin-left: 50px !important;}&#8221;]Promovida pela Unidade Coordenadora Funcional da Diabetes Amadora Sintra, decorre entre as 09h00 e as 13h00 uma manh\u00e3 de atividades para a sensibiliza\u00e7\u00e3o contra a Diabetes e pela promo\u00e7\u00e3o de estilos de vida saud\u00e1vel. Acontecer\u00e1 uma caminhada com um percurso de cerca de 4 km e uma a\u00e7\u00e3o de promo\u00e7\u00e3o de alimenta\u00e7\u00e3o saud\u00e1vel e cuidados com o corpo.[\/vc_column_text][\/vc_column][\/vc_row][vc_row css=&#8221;.vc_custom_1660226302983{margin-right: 150px !important;margin-left: 150px !important;}&#8221;][vc_column css_animation=&#8221;slideInLeft&#8221; width=&#8221;1\/3&#8243;][\/vc_column][vc_column css_animation=&#8221;slideInLeft&#8221; width=&#8221;1\/3&#8243; offset=&#8221;vc_hidden-sm vc_hidden-xs&#8221;][proconf_section_title title=&#8221;Organiza\u00e7\u00e3o&#8221; icon=&#8221;fas fa-route&#8221;][\/vc_column][vc_column width=&#8221;1\/3&#8243;][\/vc_column][\/vc_row][vc_row css=&#8221;.vc_custom_1660235870834{margin-right: 150px !important;margin-left: 150px !important;}&#8221;][vc_column width=&#8221;1\/6&#8243; offset=&#8221;vc_hidden-sm vc_hidden-xs&#8221;][vc_single_image image=&#8221;2382&#8243; img_size=&#8221;131&#215;102&#8243; alignment=&#8221;center&#8221;][\/vc_column][vc_column width=&#8221;1\/6&#8243; offset=&#8221;vc_hidden-sm vc_hidden-xs&#8221;][vc_single_image image=&#8221;2383&#8243; img_size=&#8221;131&#215;102&#8243; alignment=&#8221;center&#8221;][\/vc_column][vc_column width=&#8221;1\/6&#8243; offset=&#8221;vc_hidden-sm vc_hidden-xs&#8221;][vc_single_image image=&#8221;2384&#8243; img_size=&#8221;131&#215;102&#8243; alignment=&#8221;center&#8221;][\/vc_column][vc_column width=&#8221;1\/6&#8243; offset=&#8221;vc_hidden-sm vc_hidden-xs&#8221;][vc_single_image image=&#8221;2385&#8243; img_size=&#8221;131&#215;102&#8243; alignment=&#8221;center&#8221;][\/vc_column][vc_column width=&#8221;1\/6&#8243; offset=&#8221;vc_hidden-sm vc_hidden-xs&#8221;][vc_single_image image=&#8221;2386&#8243; img_size=&#8221;131&#215;102&#8243; alignment=&#8221;center&#8221;][\/vc_column][vc_column width=&#8221;1\/6&#8243; offset=&#8221;vc_hidden-sm vc_hidden-xs&#8221;][vc_single_image image=&#8221;2387&#8243; img_size=&#8221;131&#215;102&#8243; alignment=&#8221;center&#8221;][\/vc_column][\/vc_row][vc_row css=&#8221;.vc_custom_1660235870834{margin-right: 150px !important;margin-left: 150px !important;}&#8221;][vc_column width=&#8221;1\/6&#8243; offset=&#8221;vc_hidden-lg vc_hidden-md&#8221;][vc_single_image image=&#8221;2382&#8243; img_size=&#8221;131&#215;102&#8243; alignment=&#8221;center&#8221;][\/vc_column][vc_column width=&#8221;1\/6&#8243; offset=&#8221;vc_hidden-lg vc_hidden-md&#8221;][vc_single_image image=&#8221;2383&#8243; img_size=&#8221;131&#215;102&#8243; alignment=&#8221;center&#8221;][\/vc_column][vc_column width=&#8221;1\/6&#8243; offset=&#8221;vc_hidden-lg vc_hidden-md&#8221;][vc_single_image image=&#8221;2384&#8243; img_size=&#8221;131&#215;102&#8243; alignment=&#8221;center&#8221;][\/vc_column][vc_column width=&#8221;1\/6&#8243; offset=&#8221;vc_hidden-lg vc_hidden-md&#8221;][vc_single_image image=&#8221;2385&#8243; img_size=&#8221;131&#215;102&#8243; alignment=&#8221;center&#8221;][\/vc_column][vc_column width=&#8221;1\/6&#8243; offset=&#8221;vc_hidden-lg vc_hidden-md&#8221;][vc_single_image image=&#8221;2386&#8243; img_size=&#8221;131&#215;102&#8243; alignment=&#8221;center&#8221;][\/vc_column][vc_column width=&#8221;1\/6&#8243; offset=&#8221;vc_hidden-lg vc_hidden-md&#8221;][vc_single_image image=&#8221;2387&#8243; img_size=&#8221;131&#215;102&#8243; alignment=&#8221;center&#8221;][\/vc_column][\/vc_row][vc_row][vc_column][vc_separator][vc_empty_space][\/vc_column][\/vc_row][vc_row css=&#8221;.vc_custom_1660226302983{margin-right: 150px !important;margin-left: 150px !important;}&#8221;][vc_column css_animation=&#8221;slideInLeft&#8221; width=&#8221;1\/2&#8243; offset=&#8221;vc_hidden-sm vc_hidden-xs&#8221;][proconf_section_title title=&#8221;Co-organizador&#8221; icon=&#8221;fas fa-route&#8221;][\/vc_column][vc_column css_animation=&#8221;slideInLeft&#8221; width=&#8221;1\/2&#8243; offset=&#8221;vc_hidden-sm vc_hidden-xs&#8221;][proconf_section_title title=&#8221;Chancela&#8221; icon=&#8221;fas fa-route&#8221;][\/vc_column][\/vc_row][vc_row css=&#8221;.vc_custom_1660235945701{margin-right: 150px !important;margin-left: 150px !important;}&#8221;][vc_column width=&#8221;1\/6&#8243; offset=&#8221;vc_hidden-sm vc_hidden-xs&#8221;][\/vc_column][vc_column width=&#8221;1\/6&#8243; offset=&#8221;vc_hidden-sm vc_hidden-xs&#8221;][vc_single_image image=&#8221;2140&#8243; img_size=&#8221;Full&#8221; alignment=&#8221;center&#8221;][\/vc_column][vc_column width=&#8221;1\/6&#8243; offset=&#8221;vc_hidden-sm vc_hidden-xs&#8221;][\/vc_column][vc_column width=&#8221;1\/6&#8243;][\/vc_column][vc_column width=&#8221;1\/6&#8243; offset=&#8221;vc_hidden-sm vc_hidden-xs&#8221;][vc_single_image image=&#8221;2110&#8243; img_size=&#8221;Full&#8221; alignment=&#8221;center&#8221;][\/vc_column][vc_column width=&#8221;1\/6&#8243; offset=&#8221;vc_hidden-lg vc_hidden-md vc_hidden-sm vc_hidden-xs&#8221;][\/vc_column][\/vc_row][vc_row css=&#8221;.vc_custom_1660226302983{margin-right: 150px !important;margin-left: 150px !important;}&#8221;][vc_column css_animation=&#8221;slideInLeft&#8221; offset=&#8221;vc_hidden-lg vc_hidden-md&#8221;][proconf_section_title title=&#8221;Co-organizador&#8221; icon=&#8221;fas fa-route&#8221;][vc_single_image image=&#8221;325&#8243; img_size=&#8221;Full&#8221; alignment=&#8221;center&#8221;][proconf_section_title title=&#8221;Chancela&#8221; icon=&#8221;fas fa-route&#8221;][vc_single_image image=&#8221;427&#8243; img_size=&#8221;Full&#8221; alignment=&#8221;center&#8221;][\/vc_column][\/vc_row][vc_row][vc_column][vc_separator][\/vc_column][\/vc_row][\/vc_section][vc_section bg_class=&#8221;BGprime&#8221;][vc_row][vc_column css=&#8221;.vc_custom_1497093954963{border-bottom-width: 0px !important;}&#8221;][proconf_contact_form icon=&#8221;fas fa-pencil-alt&#8221; title=&#8221;Subscreve j\u00e1!&#8221; shortcode=&#8221;42&#8243;]Fica a par de todas as novidades![\/proconf_contact_form][\/vc_column][\/vc_row][\/vc_section][vc_section full_width=&#8221;container-wide&#8221; padding_class=&#8221;section-no-padding&#8221; el_id=&#8221;contact&#8221;][vc_row][vc_column][proconf_contact_map style=&#8221;embaed_html&#8221; link=&#8221;#E-8_JTNDaWZyYW1lJTIwc3JjJTNEJTIyaHR0cHMlM0ElMkYlMkZ3d3cuZ29vZ2xlLmNvbSUyRm1hcHMlMkZlbWJlZCUzRnBiJTNEJTIxMW0xOCUyMTFtMTIlMjExbTMlMjExZDMxMTEuMTQ4ODc0ODE4NTM2JTIxMmQtOS4yMzgxODYxODQ2NTM2OSUyMTNkMzguNzYwMjg5Mjc5NTkyMDMlMjEybTMlMjExZjAlMjEyZjAlMjEzZjAlMjEzbTIlMjExaTEwMjQlMjEyaTc2OCUyMTRmMTMuMSUyMTNtMyUyMTFtMiUyMTFzMHhkMWVjZGE3YTFmYmYwYjMlMjUzQTB4MWEwMTA5MDkwN2NiMDNlMiUyMTJzQyUyNUMzJTI1QTJtYXJhJTI1MjBNdW5pY2lwYWwlMjUyMGRhJTI1MjBBbWFkb3JhJTIxNWUwJTIxM20yJTIxMXNwdC1QVCUyMTJzcHQlMjE0djE2NTg5MjQyNDEwMjIlMjE1bTIlMjExc3B0LVBUJTIxMnNwdCUyMiUyMHdpZHRoJTNEJTIyNjAwJTIyJTIwaGVpZ2h0JTNEJTIyNzAwJTIyJTIwc3R5bGUlM0QlMjJib3JkZXIlM0EwJTNCJTIyJTIwYWxsb3dmdWxsc2NyZWVuJTNEJTIyJTIyJTIwbG9hZGluZyUzRCUyMmxhenklMjIlMjByZWZlcnJlcnBvbGljeSUzRCUyMm5vLXJlZmVycmVyLXdoZW4tZG93bmdyYWRlJTIyJTNFJTNDJTJGaWZyYW1lJTNF&#8221; image=&#8221;https:\/\/amadoramove.pt\/wp-content\/uploads\/2017\/06\/WhatsApp-Image-2022-07-25-at-11.41.22.jpeg&#8221; title=&#8221;Amadora&#8221; subtitle=&#8221;&#8221;][proconf_contact_info title=&#8221;SEMA&#8221; subtitle=&#8221;C\u00e2mara Municipal da Amadora&#8221; adress=&#8221;&#8221; phone=&#8221;214 369 060&#8243; email=&#8221;se.mobilidade@cm-amadora.pt&#8221;][\/proconf_contact_map][\/vc_column][\/vc_row][\/vc_section][vc_section padding_class=&#8221;section-no-padding&#8221; bg_class=&#8221;BGdark&#8221; css=&#8221;.vc_custom_1658939583212{margin-top: -10px !important;}&#8221;][vc_row][vc_column][proconf_onepage_footer icons=&#8221;%5B%7B%22icon%22%3A%22fab%20fa-facebook%22%2C%22title%22%3A%22Follow%20me%20on%20Facebook%22%2C%22link%22%3A%22https%3A%2F%2Fwww.facebook.com%2Fsemob.amadora%22%7D%2C%7B%22icon%22%3A%22fab%20fa-instagram%22%2C%22title%22%3A%22Instagram%22%2C%22link%22%3A%22https%3A%2F%2Fwww.instagram.com%2Fsemamadora%2F%22%7D%2C%7B%22icon%22%3A%22far%20fa-heart%22%2C%22title%22%3A%22Tik%20tok%22%2C%22link%22%3A%22https%3A%2F%2Fwww.tiktok.com%2F%40sema_amadora%22%7D%5D&#8221;]<a href=\"https:\/\/amadoramove.pt\/politica-de-privacidade\/\">Pol\u00edtica de Privacidade<\/a> | <a href=\"https:\/\/amadoramove.pt\/subscricao-newsletter\/\">Subscri\u00e7\u00e3o de Newsletter<\/a><\/p>\n<p><a href=\"https:\/\/e-marketing.pt\/\"><strong>E-Marketing<\/strong><\/a> \u00a9 2022. SEMA &#8211; Todos os direitos reservados.[\/proconf_onepage_footer][\/vc_column][\/vc_row][\/vc_section]<\/p>\n","protected":false},"excerpt":{"rendered":"<p>[vc_row el_id=&#8221;top&#8221;][vc_column][proconf_onepage_nav nav_logo=&#8221;https:\/\/amadoramove.pt\/wp-content\/uploads\/2017\/06\/logo5.png&#8221;][proconf_preloader banner_image=&#8221;https:\/\/amadoramove.pt\/wp-content\/uploads\/2017\/06\/edgarinagif.gif&#8221;][vc_separator][\/vc_column][\/vc_row][vc_section full_width=&#8221;container-wide&#8221; padding_class=&#8221;section-no-padding&#8221;][vc_row css=&#8221;.vc_custom_1660310492284{margin-top: 150px !important;margin-right: 105px !important;margin-left: 150px !important;}&#8221;][vc_column width=&#8221;1\/4&#8243; offset=&#8221;vc_hidden-sm vc_hidden-xs&#8221;][vc_single_image image=&#8221;648&#8243; style=&#8221;vc_box_circle_2&#8243;][\/vc_column][vc_column width=&#8221;3\/4&#8243; offset=&#8221;vc_hidden-sm vc_hidden-xs&#8221;][vc_custom_heading text=&#8221;Volta Metropolitana \u00c0 Amadora&#8221; google_fonts=&#8221;font_family:Lato%3A100%2C100italic%2C300%2C300italic%2Cregular%2Citalic%2C700%2C700italic%2C900%2C900italic|font_style:700%20bold%20regular%3A700%3Anormal&#8221;][vc_column_text]Participa neste passeio de cicloturismo com um trajeto que parte da Amadora com breves passagens pelos munic\u00edpios vizinhos.[\/vc_column_text][\/vc_column][\/vc_row][vc_row][vc_column offset=&#8221;vc_hidden-lg vc_hidden-md&#8221;][vc_empty_space][vc_single_image image=&#8221;648&#8243; alignment=&#8221;center&#8221; style=&#8221;vc_box_circle_2&#8243;][vc_custom_heading text=&#8221;Volta Metropolitana \u00c0 Amadora&#8221; font_container=&#8221;tag:h2|text_align:center&#8221; google_fonts=&#8221;font_family:Lato%3A100%2C100italic%2C300%2C300italic%2Cregular%2Citalic%2C700%2C700italic%2C900%2C900italic|font_style:700%20bold%20regular%3A700%3Anormal&#8221;][vc_column_text css=&#8221;.vc_custom_1660639079024{margin-right:<\/p>\n","protected":false},"author":1,"featured_media":1518,"parent":0,"menu_order":0,"comment_status":"closed","ping_status":"closed","template":"templates\/one-page.php","meta":{"footnotes":""},"class_list":["post-1846","page","type-page","status-publish","has-post-thumbnail","hentry"],"yoast_head":"<!-- This site is optimized with the Yoast SEO plugin v22.5 - https:\/\/yoast.com\/wordpress\/plugins\/seo\/ -->\n<title>Outras Atividades-SEMA - Amadora<\/title>\n<meta name=\"description\" content=\"Venha descobrir todas as atividades SEMA - Semana Europeia da Mobilidade da Amadora e participe nas v\u00e1rias a\u00e7\u00f5es que temos para si!\" \/>\n<meta name=\"robots\" content=\"index, follow, max-snippet:-1, max-image-preview:large, max-video-preview:-1\" \/>\n<link rel=\"canonical\" href=\"https:\/\/mobilidade.cm-amadora.pt\/?page_id=1846\" \/>\n<meta name=\"twitter:label1\" content=\"Est. reading time\" \/>\n\t<meta name=\"twitter:data1\" content=\"7 minutes\" \/>\n<script type=\"application\/ld+json\" class=\"yoast-schema-graph\">{\"@context\":\"https:\/\/schema.org\",\"@graph\":[{\"@type\":\"WebPage\",\"@id\":\"https:\/\/mobilidade.cm-amadora.pt\/?page_id=1846\",\"url\":\"https:\/\/mobilidade.cm-amadora.pt\/?page_id=1846\",\"name\":\"Outras Atividades-SEMA - Amadora\",\"isPartOf\":{\"@id\":\"http:\/\/mobilidade.cm-amadora.pt\/#website\"},\"primaryImageOfPage\":{\"@id\":\"https:\/\/mobilidade.cm-amadora.pt\/?page_id=1846#primaryimage\"},\"image\":{\"@id\":\"https:\/\/mobilidade.cm-amadora.pt\/?page_id=1846#primaryimage\"},\"thumbnailUrl\":\"https:\/\/mobilidade.cm-amadora.pt\/wp-content\/uploads\/2017\/06\/Banner-mobile-geral-02.png\",\"datePublished\":\"2022-08-12T10:49:31+00:00\",\"dateModified\":\"2023-09-08T11:18:03+00:00\",\"description\":\"Venha descobrir todas as atividades SEMA - Semana Europeia da Mobilidade da Amadora e participe nas v\u00e1rias a\u00e7\u00f5es que temos para si!\",\"breadcrumb\":{\"@id\":\"https:\/\/mobilidade.cm-amadora.pt\/?page_id=1846#breadcrumb\"},\"inLanguage\":\"en-US\",\"potentialAction\":[{\"@type\":\"ReadAction\",\"target\":[\"https:\/\/mobilidade.cm-amadora.pt\/?page_id=1846\"]}]},{\"@type\":\"ImageObject\",\"inLanguage\":\"en-US\",\"@id\":\"https:\/\/mobilidade.cm-amadora.pt\/?page_id=1846#primaryimage\",\"url\":\"https:\/\/mobilidade.cm-amadora.pt\/wp-content\/uploads\/2017\/06\/Banner-mobile-geral-02.png\",\"contentUrl\":\"https:\/\/mobilidade.cm-amadora.pt\/wp-content\/uploads\/2017\/06\/Banner-mobile-geral-02.png\",\"width\":600,\"height\":700,\"caption\":\"amadoramove-sema-vive-sente-move-te\"},{\"@type\":\"BreadcrumbList\",\"@id\":\"https:\/\/mobilidade.cm-amadora.pt\/?page_id=1846#breadcrumb\",\"itemListElement\":[{\"@type\":\"ListItem\",\"position\":1,\"name\":\"Home\",\"item\":\"http:\/\/mobilidade.cm-amadora.pt\/\"},{\"@type\":\"ListItem\",\"position\":2,\"name\":\"Outras Atividades-SEMA\"}]},{\"@type\":\"WebSite\",\"@id\":\"http:\/\/mobilidade.cm-amadora.pt\/#website\",\"url\":\"http:\/\/mobilidade.cm-amadora.pt\/\",\"name\":\"Amadora\",\"description\":\"Semana da Mobilidade da Amadora\",\"potentialAction\":[{\"@type\":\"SearchAction\",\"target\":{\"@type\":\"EntryPoint\",\"urlTemplate\":\"http:\/\/mobilidade.cm-amadora.pt\/?s={search_term_string}\"},\"query-input\":\"required name=search_term_string\"}],\"inLanguage\":\"en-US\"}]}<\/script>\n<!-- \/ Yoast SEO plugin. -->","yoast_head_json":{"title":"Outras Atividades-SEMA - Amadora","description":"Venha descobrir todas as atividades SEMA - Semana Europeia da Mobilidade da Amadora e participe nas v\u00e1rias a\u00e7\u00f5es que temos para si!","robots":{"index":"index","follow":"follow","max-snippet":"max-snippet:-1","max-image-preview":"max-image-preview:large","max-video-preview":"max-video-preview:-1"},"canonical":"https:\/\/mobilidade.cm-amadora.pt\/?page_id=1846","twitter_misc":{"Est. reading time":"7 minutes"},"schema":{"@context":"https:\/\/schema.org","@graph":[{"@type":"WebPage","@id":"https:\/\/mobilidade.cm-amadora.pt\/?page_id=1846","url":"https:\/\/mobilidade.cm-amadora.pt\/?page_id=1846","name":"Outras Atividades-SEMA - Amadora","isPartOf":{"@id":"http:\/\/mobilidade.cm-amadora.pt\/#website"},"primaryImageOfPage":{"@id":"https:\/\/mobilidade.cm-amadora.pt\/?page_id=1846#primaryimage"},"image":{"@id":"https:\/\/mobilidade.cm-amadora.pt\/?page_id=1846#primaryimage"},"thumbnailUrl":"https:\/\/mobilidade.cm-amadora.pt\/wp-content\/uploads\/2017\/06\/Banner-mobile-geral-02.png","datePublished":"2022-08-12T10:49:31+00:00","dateModified":"2023-09-08T11:18:03+00:00","description":"Venha descobrir todas as atividades SEMA - Semana Europeia da Mobilidade da Amadora e participe nas v\u00e1rias a\u00e7\u00f5es que temos para si!","breadcrumb":{"@id":"https:\/\/mobilidade.cm-amadora.pt\/?page_id=1846#breadcrumb"},"inLanguage":"en-US","potentialAction":[{"@type":"ReadAction","target":["https:\/\/mobilidade.cm-amadora.pt\/?page_id=1846"]}]},{"@type":"ImageObject","inLanguage":"en-US","@id":"https:\/\/mobilidade.cm-amadora.pt\/?page_id=1846#primaryimage","url":"https:\/\/mobilidade.cm-amadora.pt\/wp-content\/uploads\/2017\/06\/Banner-mobile-geral-02.png","contentUrl":"https:\/\/mobilidade.cm-amadora.pt\/wp-content\/uploads\/2017\/06\/Banner-mobile-geral-02.png","width":600,"height":700,"caption":"amadoramove-sema-vive-sente-move-te"},{"@type":"BreadcrumbList","@id":"https:\/\/mobilidade.cm-amadora.pt\/?page_id=1846#breadcrumb","itemListElement":[{"@type":"ListItem","position":1,"name":"Home","item":"http:\/\/mobilidade.cm-amadora.pt\/"},{"@type":"ListItem","position":2,"name":"Outras Atividades-SEMA"}]},{"@type":"WebSite","@id":"http:\/\/mobilidade.cm-amadora.pt\/#website","url":"http:\/\/mobilidade.cm-amadora.pt\/","name":"Amadora","description":"Semana da Mobilidade da Amadora","potentialAction":[{"@type":"SearchAction","target":{"@type":"EntryPoint","urlTemplate":"http:\/\/mobilidade.cm-amadora.pt\/?s={search_term_string}"},"query-input":"required name=search_term_string"}],"inLanguage":"en-US"}]}},"_links":{"self":[{"href":"https:\/\/mobilidade.cm-amadora.pt\/index.php?rest_route=\/wp\/v2\/pages\/1846","targetHints":{"allow":["GET"]}}],"collection":[{"href":"https:\/\/mobilidade.cm-amadora.pt\/index.php?rest_route=\/wp\/v2\/pages"}],"about":[{"href":"https:\/\/mobilidade.cm-amadora.pt\/index.php?rest_route=\/wp\/v2\/types\/page"}],"author":[{"embeddable":true,"href":"https:\/\/mobilidade.cm-amadora.pt\/index.php?rest_route=\/wp\/v2\/users\/1"}],"replies":[{"embeddable":true,"href":"https:\/\/mobilidade.cm-amadora.pt\/index.php?rest_route=%2Fwp%2Fv2%2Fcomments&post=1846"}],"version-history":[{"count":133,"href":"https:\/\/mobilidade.cm-amadora.pt\/index.php?rest_route=\/wp\/v2\/pages\/1846\/revisions"}],"predecessor-version":[{"id":2718,"href":"https:\/\/mobilidade.cm-amadora.pt\/index.php?rest_route=\/wp\/v2\/pages\/1846\/revisions\/2718"}],"wp:featuredmedia":[{"embeddable":true,"href":"https:\/\/mobilidade.cm-amadora.pt\/index.php?rest_route=\/wp\/v2\/media\/1518"}],"wp:attachment":[{"href":"https:\/\/mobilidade.cm-amadora.pt\/index.php?rest_route=%2Fwp%2Fv2%2Fmedia&parent=1846"}],"curies":[{"name":"wp","href":"https:\/\/api.w.org\/{rel}","templated":true}]}}