{"id":1747,"date":"2022-08-11T11:43:24","date_gmt":"2022-08-11T11:43:24","guid":{"rendered":"https:\/\/amadoramove.pt\/?page_id=1747"},"modified":"2023-09-08T11:21:41","modified_gmt":"2023-09-08T11:21:41","slug":"onmobility","status":"publish","type":"page","link":"https:\/\/mobilidade.cm-amadora.pt\/?page_id=1747","title":{"rendered":"OnMobility"},"content":{"rendered":"<p>[vc_row el_id=&#8221;top&#8221;][vc_column][proconf_onepage_nav nav_logo=&#8221;https:\/\/amadoramove.pt\/wp-content\/uploads\/2017\/06\/logo5.png&#8221;][proconf_preloader banner_image=&#8221;https:\/\/amadoramove.pt\/wp-content\/uploads\/2017\/06\/carrogif.gif&#8221;][\/vc_column][\/vc_row][vc_section full_width=&#8221;container-wide&#8221; padding_class=&#8221;section-no-padding&#8221;][vc_row][vc_column offset=&#8221;vc_hidden-sm vc_hidden-xs&#8221;][vc_single_image image=&#8221;2530&#8243; img_size=&#8221;Full&#8221; alignment=&#8221;center&#8221; css=&#8221;.vc_custom_1662974822233{margin-top: 60px !important;}&#8221;][\/vc_column][\/vc_row][vc_row][vc_column offset=&#8221;vc_hidden-lg vc_hidden-md&#8221;][vc_single_image image=&#8221;2532&#8243; img_size=&#8221;Full&#8221; alignment=&#8221;center&#8221; css=&#8221;.vc_custom_1662975105272{margin-top: 100px !important;}&#8221;][\/vc_column][\/vc_row][vc_row][vc_column width=&#8221;1\/2&#8243; css=&#8221;.vc_custom_1660137516388{margin-top: 50px !important;margin-left: 100px !important;}&#8221; offset=&#8221;vc_hidden-sm vc_hidden-xs&#8221;][vc_single_image image=&#8221;1898&#8243; img_size=&#8221;400&#215;400&#8243; alignment=&#8221;center&#8221; style=&#8221;vc_box_circle_2&#8243;][\/vc_column][vc_column width=&#8221;1\/2&#8243; offset=&#8221;vc_hidden-sm vc_hidden-xs&#8221;][vc_empty_space height=&#8221;50px&#8221;][vc_column_text css=&#8221;.vc_custom_1662488921920{margin-right: 150px !important;}&#8221;]<\/p>\n<h2>MOBILIDADE INTEGRADA: SUSTENTABILIDADE E FUTURO<\/h2>\n<p>Para uma <strong>mobilidade verdadeiramente sustent\u00e1vel e racional<\/strong>, \u00e9 necess\u00e1ria a evolu\u00e7\u00e3o para uma total integra\u00e7\u00e3o e coordena\u00e7\u00e3o otimizada entre os v\u00e1rios modos de transporte \u2013 coletivos, partilhados, suaves e individuais \u2013 e entre as v\u00e1rias entidades relevantes a n\u00edvel internacional, nacional e municipal.<\/p>\n<p>No p<strong>ainel da manh\u00e3 ir-se-\u00e1 Ouvir os Cidad\u00e3os<\/strong>, chamando representantes de institui\u00e7\u00f5es locais e atores da sociedade civil para darem o seu contributo para uma evolu\u00e7\u00e3o positiva da mobilidade na Amadora. Estes amadorenses apresentar\u00e3o as suas ideias e ambi\u00e7\u00f5es, trazendo \u00e0 discuss\u00e3o as suas formas de viver e sentir a cidade.<\/p>\n<p><strong>A parte da tarde est\u00e1 reservada para Ouvir os Especialistas<\/strong>. Neste painel estar\u00e3o representantes das v\u00e1rias vertentes dos transportes, para que debatam as suas vis\u00f5es sobre medidas e solu\u00e7\u00f5es a adotar para uma eficaz integra\u00e7\u00e3o intermodal. Da ferrovia \u00e0 bicicleta, dos autocarros ao sharing, do\u00a0 autom\u00f3vel ao barco.<\/p>\n<p>Este ser\u00e1 um dia de debate sobre que medidas, que transportes e que solu\u00e7\u00f5es precisamos para termos cidades mais inclusivas, mais ecol\u00f3gicas, mais para os seus habitantes e mais interligadas.<\/p>\n<h4><em><strong>Inscreve-te j\u00e1!<\/strong><\/em><\/h4>\n<p><strong>Local:<\/strong> Recreios da Amadora (Av. Santos Mattos)[\/vc_column_text][\/vc_column][\/vc_row][vc_row][vc_column offset=&#8221;vc_hidden-lg vc_hidden-md&#8221;][vc_single_image image=&#8221;1898&#8243; img_size=&#8221;400&#215;400&#8243; alignment=&#8221;center&#8221; style=&#8221;vc_box_circle_2&#8243;][vc_empty_space height=&#8221;50px&#8221;][vc_column_text css=&#8221;.vc_custom_1662488937989{margin-right: 50px !important;margin-left: 50px !important;}&#8221;]<\/p>\n<h2>MOBILIDADE INTEGRADA: SUSTENTABILIDADE E FUTURO<\/h2>\n<p>Para uma <strong>mobilidade verdadeiramente sustent\u00e1vel e racional<\/strong>, \u00e9 necess\u00e1ria a evolu\u00e7\u00e3o para uma total integra\u00e7\u00e3o e coordena\u00e7\u00e3o otimizada entre os v\u00e1rios modos de transporte \u2013 coletivos, partilhados, suaves e individuais \u2013 e entre as v\u00e1rias entidades relevantes a n\u00edvel internacional, nacional e municipal.<\/p>\n<p>No p<strong>ainel da manh\u00e3 ir-se-\u00e1 Ouvir os Cidad\u00e3os<\/strong>, chamando representantes de institui\u00e7\u00f5es locais e atores da sociedade civil para darem o seu contributo para uma evolu\u00e7\u00e3o positiva da mobilidade na Amadora. Estes amadorenses apresentar\u00e3o as suas ideias e ambi\u00e7\u00f5es, trazendo \u00e0 discuss\u00e3o as suas formas de viver e sentir a cidade.<\/p>\n<p><strong>A parte da tarde est\u00e1 reservada para Ouvir os Especialistas<\/strong>. Neste painel estar\u00e3o representantes das v\u00e1rias vertentes dos transportes, para que debatam as suas vis\u00f5es sobre medidas e solu\u00e7\u00f5es a adotar para uma eficaz integra\u00e7\u00e3o intermodal. Da ferrovia \u00e0 bicicleta, dos autocarros ao sharing, do autom\u00f3vel ao barco.<\/p>\n<p>Este ser\u00e1 um dia de debate sobre que medidas, que transportes e que solu\u00e7\u00f5es precisamos para termos cidades mais inclusivas, mais ecol\u00f3gicas, mais para os seus habitantes e mais interligadas.<\/p>\n<h4><em><strong>Inscreve-te j\u00e1!<\/strong><\/em><\/h4>\n<p><strong>Local:<\/strong> Recreios da Amadora (Av. Santos Mattos)[\/vc_column_text][\/vc_column][\/vc_row][\/vc_section][vc_section bg_class=&#8221;BGprime&#8221; el_id=&#8221;register&#8221;][vc_row][vc_column][vc_btn title=&#8221;Assiste j\u00e1 online!&#8221; color=&#8221;white&#8221; align=&#8221;center&#8221; link=&#8221;url:https%3A%2F%2Fwww.facebook.com%2FTVAmadora%2Fvideos%2F1170586286826246&#8243;][\/vc_column][\/vc_row][vc_row][vc_column css=&#8221;.vc_custom_1663685248666{border-bottom-width: 0px !important;}&#8221; offset=&#8221;vc_hidden-lg vc_hidden-md vc_hidden-sm vc_hidden-xs&#8221;][proconf_contact_form icon=&#8221;fas fa-pencil-alt&#8221; title=&#8221;Inscri\u00e7\u00e3o&#8221; shortcode=&#8221;1904&#8243;]Quero inscrever-me nestas atividades![\/proconf_contact_form][\/vc_column][\/vc_row][\/vc_section][vc_section el_id=&#8221;faq&#8221; css=&#8221;.vc_custom_1661860398071{background-color: #ebeff1 !important;}&#8221;][vc_row css=&#8221;.vc_custom_1661860373857{background-color: #ebeff1 !important;}&#8221;][vc_column][proconf_section_title title=&#8221;Programa&#8221; icon=&#8221;far fa-comments&#8221;][vc_single_image image=&#8221;2459&#8243; img_size=&#8221;full&#8221; alignment=&#8221;center&#8221;][\/vc_column][\/vc_row][\/vc_section][vc_section][vc_row][vc_column offset=&#8221;vc_hidden-sm vc_hidden-xs&#8221;][proconf_section_title title=&#8221;ORADORES&#8221; icon=&#8221;fas fa-user&#8221;][vc_row_inner css=&#8221;.vc_custom_1662310421289{margin-left: 150px !important;}&#8221;][vc_column_inner offset=&#8221;vc_hidden-sm vc_hidden-xs&#8221;][vc_empty_space][vc_custom_heading text=&#8221;Painel da Manh\u00e3&#8221; google_fonts=&#8221;font_family:Lato%3A100%2C100italic%2C300%2C300italic%2Cregular%2Citalic%2C700%2C700italic%2C900%2C900italic|font_style:700%20bold%20regular%3A700%3Anormal&#8221;][vc_empty_space][\/vc_column_inner][\/vc_row_inner][vc_row_inner css=&#8221;.vc_custom_1662310421289{margin-left: 150px !important;}&#8221;][vc_column_inner width=&#8221;1\/4&#8243; offset=&#8221;vc_hidden-sm vc_hidden-xs&#8221;][vc_single_image image=&#8221;2664&#8243;][\/vc_column_inner][vc_column_inner width=&#8221;3\/4&#8243; offset=&#8221;vc_hidden-sm vc_hidden-xs&#8221;][vc_toggle title=&#8221;Dr. Domingos Rosa | AFID Diferen\u00e7a&#8221;]<strong>Habilita\u00e7\u00f5es Acad\u00e9micas<\/strong><\/p>\n<ul>\n<li>Licenciado em Finan\u00e7as pelo ISEG \u2013 Instituto Superior de Economia e Gest\u00e3o;<\/li>\n<li>P\u00f3s-Gradua\u00e7\u00e3o em Gest\u00e3o da Constru\u00e7\u00e3o e do Patrim\u00f3nio e Imobili\u00e1rio, pela Universidade do Minho, com a inclus\u00e3o da cadeira de Gest\u00e3o de Sistemas da Qualidade;<\/li>\n<li>Curso de Forma\u00e7\u00e3o de Formadores, com CAP;<\/li>\n<li>Curso de Gest\u00e3o das Organiza\u00e7\u00f5es Sociais (GOS) da AESE &#8211; Escola de Dire\u00e7\u00e3o e Neg\u00f3cios da AESE \u2013 Associa\u00e7\u00e3o de Estudos Superiores de Empresa;<\/li>\n<li>Frequ\u00eancia de cursos na \u00e1rea da Gest\u00e3o de Empresas \u2013 (Finan\u00e7as; Marketing; Gest\u00e3o de Empresas; Mercados de Capitais; Lideran\u00e7a; Estrat\u00e9gia, Qualidade).<\/li>\n<\/ul>\n<p><strong>Atividade Profissional\u00a0 <\/strong><\/p>\n<ul>\n<li>Gestor de Empresas;<\/li>\n<li>Gestor de Projectos;<\/li>\n<li>TOC \u2013 T\u00e9cnico Oficial de Contas;<\/li>\n<li>Consultor S\u00e9nior nas \u00e1reas Financeiras, Qualidade, Estrat\u00e9gia Empresarial;<\/li>\n<li>Respons\u00e1vel e\/ou interveniente na implementa\u00e7\u00e3o de Sistemas de Gest\u00e3o da Qualidade (ISO 9001, Marca ISS da Seguran\u00e7a Social e EQUASS) em empresas privadas de presta\u00e7\u00e3o de servi\u00e7os e na Funda\u00e7\u00e3o AFID Diferen\u00e7a (\u00e1rea social);<\/li>\n<li>Consultor na \u00e1rea da Qualidade, no \u00e2mbito da Norma ISO 9001, EQUASS e Marca ISS.<\/li>\n<\/ul>\n<p><strong>Atividade Social<\/strong><\/p>\n<ul>\n<li>Presidente do Conselho de Administra\u00e7\u00e3o da Funda\u00e7\u00e3o AFID Diferen\u00e7a;<\/li>\n<li>Presidente da Dire\u00e7\u00e3o Nacional da AFID \u2013 Associa\u00e7\u00e3o Nacional de Fam\u00edlias para a Integra\u00e7\u00e3o da Pessoas Deficiente;<\/li>\n<li>Presidente do Conselho Fiscal da APQ \u2013 Associa\u00e7\u00e3o Portuguesa para a Qualidade;<\/li>\n<li>S\u00f3cio Gerente da Empresa de Consultoria nas \u00e1reas de Gest\u00e3o de Empresas e da Qualidade, Plataforma Social, Lda;<\/li>\n<li>Gerente da Empresa AFID Servi\u00e7os;<\/li>\n<li>Membro das Redes Sociais da Amadora e de Lisboa;<\/li>\n<li>Membro do Conselho Municipal de Seguran\u00e7a da Amadora;<\/li>\n<li>Membro fundador das Associa\u00e7\u00f5es de Doentes da APIFARMA (Associa\u00e7\u00e3o Portuguesa da Ind\u00fastria Farmac\u00eautica);<\/li>\n<li>Curador da Cruz Vermelha Portuguesa, delega\u00e7\u00e3o da Amadora.<\/li>\n<\/ul>\n<p><strong>Outras Refer\u00eancias<\/strong><\/p>\n<ul>\n<li>Atribui\u00e7\u00e3o da Medalha de M\u00e9rito Social pela C\u00e2mara Municipal de Lisboa, em 2018<\/li>\n<\/ul>\n<p>[\/vc_toggle][\/vc_column_inner][\/vc_row_inner][vc_row_inner css=&#8221;.vc_custom_1662310421289{margin-left: 150px !important;}&#8221;][vc_column_inner width=&#8221;1\/4&#8243; offset=&#8221;vc_hidden-sm vc_hidden-xs&#8221;][vc_single_image image=&#8221;2432&#8243;][\/vc_column_inner][vc_column_inner width=&#8221;3\/4&#8243; offset=&#8221;vc_hidden-sm vc_hidden-xs&#8221;][vc_toggle title=&#8221;Sr. Jo\u00e3o Antunes | ACECOA&#8221;]Brevemente&#8230;[\/vc_toggle][\/vc_column_inner][\/vc_row_inner][vc_row_inner css=&#8221;.vc_custom_1662310421289{margin-left: 150px !important;}&#8221;][vc_column_inner width=&#8221;1\/4&#8243; offset=&#8221;vc_hidden-sm vc_hidden-xs&#8221;][vc_single_image image=&#8221;2665&#8243;][\/vc_column_inner][vc_column_inner width=&#8221;3\/4&#8243; offset=&#8221;vc_hidden-sm vc_hidden-xs&#8221;][vc_toggle title=&#8221;Sr. Jos\u00e9 Flores | AURPID&#8221;]Brevemente&#8230;[\/vc_toggle][\/vc_column_inner][\/vc_row_inner][vc_row_inner css=&#8221;.vc_custom_1662310421289{margin-left: 150px !important;}&#8221;][vc_column_inner width=&#8221;1\/4&#8243; offset=&#8221;vc_hidden-sm vc_hidden-xs&#8221;][vc_single_image image=&#8221;2437&#8243;][\/vc_column_inner][vc_column_inner width=&#8221;3\/4&#8243; offset=&#8221;vc_hidden-sm vc_hidden-xs&#8221;][vc_toggle title=&#8221;Intendente Pedro Franco | PSP Amadora&#8221;]Nasceu em Lisboa em 16 de abril de 1972, tendo atualmente 50 anos de idade.<br \/>\nIngressou na PSP em 1990 com 18 anos de idade, tendo-se licenciado em Ci\u00eancias Policiais pelo atual Instituto Superior de Ci\u00eancias Policiais e Seguran\u00e7a Interna.<\/p>\n<p>Ao longo dos seus 32 anos de carreira desempenhou fun\u00e7\u00f5es de Comandante de Esquadra, Comandante de Investiga\u00e7\u00e3o Criminal, Coordenador Nacional de Investiga\u00e7\u00e3o Criminal, Chefe de Divis\u00e3o da Dire\u00e7\u00e3o Nacional da PSP, Chefe de N\u00facleo e Comandante de Divis\u00e3o Policial do Comando Metropolitano de Lisboa.<\/p>\n<p>Formador e docente em diversas \u00e1reas t\u00e9cnico-policiais, em 1997 integrou uma miss\u00e3o de monitoriza\u00e7\u00e3o das Na\u00e7\u00f5es Unidas nos territ\u00f3rios da ex-Jugosl\u00e1via, tendo-se posteriormente constitu\u00eddo como perito nacional no Comit\u00e9 de San\u00e7\u00f5es da ONU para o Combate ao Crime e Estupefacientes e perito da Uni\u00e3o Europeia para policiamentos desportivos e Ordem P\u00fablica, no per\u00edodo p\u00f3s-Euro 2004. Foi ainda representante de S. Ex\u00aa o Ministro da Administra\u00e7\u00e3o Interna e de S. Ex\u00aa. o Diretor Nacional da PSP em diversos Grupos de Trabalho nacionais e internacionais, essencialmente na \u00e1rea de Justi\u00e7a e Assuntos Internos.<\/p>\n<p>Desde 2013 com a categoria de Intendente da PSP, em setembro de 2017 assumiu as fun\u00e7\u00f5es de Comandante da Divis\u00e3o Policial de Loures e de Odivelas, cuja Comiss\u00e3o de Servi\u00e7o foi interrompida em mar\u00e7o de 2022, para assumir as atuais fun\u00e7\u00f5es de Comandante da Divis\u00e3o Policial da Amadora.<\/p>\n<p>Louvado por entidades nacionais e internacionais, \u00e9 casado e tem 4 filhos: duas meninas e dois rapazes.[\/vc_toggle][\/vc_column_inner][\/vc_row_inner][vc_row_inner css=&#8221;.vc_custom_1662310421289{margin-left: 150px !important;}&#8221;][vc_column_inner width=&#8221;1\/4&#8243; offset=&#8221;vc_hidden-sm vc_hidden-xs&#8221;][vc_single_image image=&#8221;2438&#8243;][\/vc_column_inner][vc_column_inner width=&#8221;3\/4&#8243; offset=&#8221;vc_hidden-sm vc_hidden-xs&#8221;][vc_toggle title=&#8221;Dr. Lu\u00eds Carvalho | Prote\u00e7\u00e3o Civil Amadora&#8221;]Lu\u00eds Carvalho &#8211; desempenha fun\u00e7\u00f5es de Coordenador Operacional Municipal da Prote\u00e7\u00e3o Civil da Amadora e \u00e9 Comandante do Servi\u00e7o de Pol\u00edcia Municipal. Licenciado em Geografia e Planeamento Regional, com especializa\u00e7\u00e3o em Riscos e Desenvolvimento, pela Universidade Nova de Lisboa. Possui v\u00e1rios cursos de Especializa\u00e7\u00e3o em Gest\u00e3o do Risco de Cat\u00e1strofe, Cidades Resilientes e Altera\u00e7\u00f5es Clim\u00e1ticas ministrados pelo Banco Mundial e Organiza\u00e7\u00e3o das Na\u00e7\u00f5es Unidas;<\/p>\n<p>\u00c9 docente convidado da Universidade Lus\u00f3fona de Humanidades e Tecnologias, nas \u00e1reas de seguran\u00e7a e prote\u00e7\u00e3o civil. Tem v\u00e1rias artigos cient\u00edficos e publica\u00e7\u00f5es na \u00e1rea da prote\u00e7\u00e3o civil e cidades resilientes.<\/p>\n<p>No \u00e2mbito da Campanha Mundial da Organiza\u00e7\u00e3o das Na\u00e7\u00f5es Unidas \u201cConstruir Cidades Resilientes 2030\u201d faz parte do Comit\u00e9 Regional Europa-\u00c1sia, \u00e9 o ponto focal da Amadora para a respetiva campanha e faz ainda parte da coordena\u00e7\u00e3o do grupo de trabalho das Cidades Resilientes na Subcomiss\u00e3o da Plataforma Nacional para a Redu\u00e7\u00e3o do Risco de Cat\u00e1strofe.[\/vc_toggle][\/vc_column_inner][\/vc_row_inner][vc_row_inner css=&#8221;.vc_custom_1662310421289{margin-left: 150px !important;}&#8221;][vc_column_inner width=&#8221;1\/4&#8243; offset=&#8221;vc_hidden-sm vc_hidden-xs&#8221;][vc_single_image image=&#8221;2551&#8243;][\/vc_column_inner][vc_column_inner width=&#8221;3\/4&#8243; offset=&#8221;vc_hidden-sm vc_hidden-xs&#8221;][vc_toggle title=&#8221;Dr. Lu\u00eds de Carvalho | Presidente da Assembleia de Freguesia de Alfragide&#8221;]Lu\u00eds de Carvalho, residente em Alfragide h\u00e1 quase 30 anos, utilizador di\u00e1rio da bicicleta como meio de transporte, jurista, membro do Conselho Consultivo da Federa\u00e7\u00e3o Portuguesa de Cicloturismo e Utilizadores de Bicicleta (FPCUB) e atualmente Presidente da Assembleia de Freguesia de Alfragide.[\/vc_toggle][\/vc_column_inner][\/vc_row_inner][vc_row_inner css=&#8221;.vc_custom_1662310421289{margin-left: 150px !important;}&#8221;][vc_column_inner offset=&#8221;vc_hidden-sm vc_hidden-xs&#8221;][vc_separator][vc_empty_space][vc_custom_heading text=&#8221;Moderadora&#8221; google_fonts=&#8221;font_family:Lato%3A100%2C100italic%2C300%2C300italic%2Cregular%2Citalic%2C700%2C700italic%2C900%2C900italic|font_style:700%20bold%20regular%3A700%3Anormal&#8221;][vc_empty_space][\/vc_column_inner][\/vc_row_inner][vc_row_inner css=&#8221;.vc_custom_1662310421289{margin-left: 150px !important;}&#8221;][vc_column_inner width=&#8221;1\/4&#8243; offset=&#8221;vc_hidden-sm vc_hidden-xs&#8221;][vc_single_image image=&#8221;2477&#8243;][\/vc_column_inner][vc_column_inner width=&#8221;3\/4&#8243; offset=&#8221;vc_hidden-sm vc_hidden-xs&#8221;][vc_toggle title=&#8221;Dra. Helena Dur\u00e3es | Jornalista &#8211; TV AMADORA&#8221;]Licenciada em Jornalismo pela Escola Superior de Comunica\u00e7\u00e3o Social, em 2010.<\/p>\n<p>Sou jornalista da TV AMADORA desde o mesmo ano. Atualmente, exer\u00e7o o cargo de editora da TV AMADORA, o \u00fanico \u00f3rg\u00e3o de comunica\u00e7\u00e3o social da cidade da Amadora. Amadorense de gema, sou autora de trabalhos de investiga\u00e7\u00e3o e document\u00e1rio sobre v\u00e1rios aspetos relacionadas com a hist\u00f3ria da cidade, como o per\u00edodo p\u00f3s 25 de Abril ou os Recreios da Amadora.<\/p>\n<p>Na \u00e1rea da produ\u00e7\u00e3o audiovisual, estou envolvida na cria\u00e7\u00e3o de campanhas sobre as tem\u00e1ticas da resili\u00eancia e ambiente.[\/vc_toggle][\/vc_column_inner][\/vc_row_inner][vc_row_inner css=&#8221;.vc_custom_1662310421289{margin-left: 150px !important;}&#8221;][vc_column_inner offset=&#8221;vc_hidden-sm vc_hidden-xs&#8221;][vc_separator][vc_empty_space][vc_custom_heading text=&#8221;Painel da Tarde&#8221; google_fonts=&#8221;font_family:Lato%3A100%2C100italic%2C300%2C300italic%2Cregular%2Citalic%2C700%2C700italic%2C900%2C900italic|font_style:700%20bold%20regular%3A700%3Anormal&#8221;][\/vc_column_inner][\/vc_row_inner][vc_empty_space][vc_row_inner css=&#8221;.vc_custom_1662310421289{margin-left: 150px !important;}&#8221;][vc_column_inner width=&#8221;1\/4&#8243; offset=&#8221;vc_hidden-sm vc_hidden-xs&#8221;][vc_single_image image=&#8221;2431&#8243;][\/vc_column_inner][vc_column_inner width=&#8221;3\/4&#8243; offset=&#8221;vc_hidden-sm vc_hidden-xs&#8221;][vc_toggle title=&#8221;Prof. Jos\u00e9 Manuel Viegas | TIS&#8221;]Jos\u00e9 Manuel Viegas \u00e9 Professor Em\u00e9rito da Universidade de Lisboa, tendo sido Professor Catedr\u00e1tico de Transportes no T\u00e9cnico at\u00e9 2012. Nesse per\u00edodo, fundou o Mestrado e o Doutoramento em Transportes, foi coordenador de v\u00e1rios projetos de investiga\u00e7\u00e3o da Comiss\u00e3o Europeia, e liderou a \u00e1rea de Transportes do programa MIT-Portugal.<\/p>\n<p>Entre 2012 e 2017 foi Secret\u00e1rio-geral do ITF (F\u00f3rum Internacional dos Transportes, da OCDE), onde abriu programas vigorosos de colabora\u00e7\u00e3o com empresas liderantes e com as principais associa\u00e7\u00f5es internacionais do setor.<\/p>\n<p>Foi membro do grupo nomeado por Ban Ki-moon, Secret\u00e1rio Geral das Na\u00e7\u00f5es Unidas, para o aconselhar sobre a Mobiliza\u00e7\u00e3o dos Transportes Sustent\u00e1veis para o Desenvolvimento (2016) e foi e coordenador metodol\u00f3gico global do projeto \u201cMobilidade Sustent\u00e1vel para Todos\u201d, organizado pelo Banco Mundial (2018-2021).<\/p>\n<p>Atualmente \u00e9 Presidente do Conselho de Administra\u00e7\u00e3o da TIS.pt, consultoria que fundou em 1992[\/vc_toggle][\/vc_column_inner][\/vc_row_inner][vc_row_inner css=&#8221;.vc_custom_1662310421289{margin-left: 150px !important;}&#8221;][vc_column_inner width=&#8221;1\/4&#8243; offset=&#8221;vc_hidden-sm vc_hidden-xs&#8221;][vc_single_image image=&#8221;2671&#8243;][\/vc_column_inner][vc_column_inner width=&#8221;3\/4&#8243; offset=&#8221;vc_hidden-sm vc_hidden-xs&#8221;][vc_toggle title=&#8221;Eng.\u00ba Tiago Braga | Metro do Porto&#8221;]Brevemente&#8230;[\/vc_toggle][\/vc_column_inner][\/vc_row_inner][vc_row_inner css=&#8221;.vc_custom_1662310421289{margin-left: 150px !important;}&#8221;][vc_column_inner width=&#8221;1\/4&#8243; offset=&#8221;vc_hidden-sm vc_hidden-xs&#8221;][vc_single_image image=&#8221;2433&#8243;][\/vc_column_inner][vc_column_inner width=&#8221;3\/4&#8243; offset=&#8221;vc_hidden-sm vc_hidden-xs&#8221;][vc_toggle title=&#8221;Dra. Marina Ferreira | TTSL &#8211; Transtejo Soflusa&#8221;]Licenciada em Direito (Ci\u00eancias Jur\u00eddico-Econ\u00f3micas), pela Faculdade de Direito da Universidade de Lisboa e P\u00f3s-gradua\u00e7\u00e3o em Assuntos Europeus, pela Universidade Lus\u00edada.<\/p>\n<p>Desde 2017 \u00e9 Presidente do Concelho de Administra\u00e7\u00e3o da Transtejo \u2013 Transportes Tejo, S.A. e da Soflusa, Sociedade Fluvial de Transportes S.A. (TTSL).<\/p>\n<p>2013\/2016 \u2013 Presidente do Conselho de Administra\u00e7\u00e3o da APL \u2013 Administra\u00e7\u00e3o do Porto de Lisboa, S.A.<br \/>\n2008\/2012 \u2013 Assessora do Conselho de Administra\u00e7\u00e3o da Carris \u2013 Companhia Carris de Ferro de Lisboa, S.A.<br \/>\n2006\/2008 \u2013 Presidente do Conselho de Administra\u00e7\u00e3o da EMEL \u2013 Empresa Municipal de Mobilidade e Estacionamento de Lisboa, E.M. S.A.<br \/>\n2007 \u2013 Presidente da Comiss\u00e3o Administrativa da C\u00e2mara Municipal de Lisboa<br \/>\n2005\/2007 \u2013 Vice-presidente e Vereadora da C\u00e2mara Municipal de Lisboa<br \/>\n2003\/2005 \u2013 Presidente da Comiss\u00e3o Instaladora da AM TL \u2013 Autoridade Metropolitana de Transportes de Lisboa<br \/>\n2003\/2004 \u2013 Assessora do Ministro das Obras P\u00fablicas, Transportes e Comunica\u00e7\u00f5es<br \/>\n1993\/2003 \u2013 Assessora do Conselho de Administra\u00e7\u00e3o da da Carris \u2013 Companhia Carris de Ferro de Lisboa, S.A.<br \/>\n1995\/1998 \u2013 Presidente do Conselho Fiscal da Administra\u00e7\u00e3o dos Portos de Set\u00fabal e Sesimbra<br \/>\n1993\/1995 \u2013 Diretora-Geral de Pescas e Inspetora-geral de Pescas<br \/>\nVogal do Comissariado e da Comiss\u00e3o de Rela\u00e7\u00f5es Externas da EXPO98<br \/>\n1991\/1993 \u2013 Chefe de Gabinete do Ministro do Mar<br \/>\n1989\/1991 \u2013 Diretora de Pessoal daCarris \u2013 Companhia Carris de Ferro de Lisboa, S.A.<br \/>\n1987\/1988 \u2013 Assessora Jur\u00eddica do Ministro das obras P\u00fablicas, Transportes e Comunica\u00e7\u00f5es<br \/>\n1983\/1987 \u2013 Advogada no Contencioso da Carris \u2013 Companhia Carris de Ferro de Lisboa, S.A.[\/vc_toggle][\/vc_column_inner][\/vc_row_inner][vc_row_inner css=&#8221;.vc_custom_1662310421289{margin-left: 150px !important;}&#8221;][vc_column_inner width=&#8221;1\/4&#8243; offset=&#8221;vc_hidden-sm vc_hidden-xs&#8221;][vc_single_image image=&#8221;2434&#8243;][\/vc_column_inner][vc_column_inner width=&#8221;3\/4&#8243; offset=&#8221;vc_hidden-sm vc_hidden-xs&#8221;][vc_toggle title=&#8221;Dr. Juan Cabellero | Eurocities&#8221;]EUROPEANMOBILITYWEEK Director de Campanha, Eurocities<\/p>\n<p>Especialista em comunica\u00e7\u00e3o que trabalha em projetos de mobilidade na Eurocities. \u00c9 coordenador do Secretariado da EUROPEAN MOBILITY WEEK desde 2015. Mudou-se para Bruxelas em 2012 para fazer um Mestrado Executivo em Jornalismo Europeu. Trabalhou para uma televis\u00e3o regional estadual e esta\u00e7\u00f5es de r\u00e1dio locais. Nos \u00faltimos sete anos, ganhou experi\u00eancia em mudan\u00e7a comportamental e conscientiza\u00e7\u00e3o. \u00c9 um apaixonado por comunica\u00e7\u00e3o, debates p\u00fablicos e processos de cocria\u00e7\u00e3o.<\/p>\n<p>Juan Caballero is a communication expert working on mobility projects at Eurocities. He has been coordinating the EUROPEANMOBILITYWEEK Secretariat since 2015. He moved to Brussels in 2012 to follow an Executive Master in European Journalism. He worked for a state regional television and local radio stations. Over the last seven years, he has gained experience in behavioural change and awareness-raising. He\u2019s a passionate about communication, public debates and co-creating processes.[\/vc_toggle][\/vc_column_inner][\/vc_row_inner][vc_row_inner css=&#8221;.vc_custom_1662310421289{margin-left: 150px !important;}&#8221;][vc_column_inner width=&#8221;1\/4&#8243; offset=&#8221;vc_hidden-sm vc_hidden-xs&#8221;][vc_single_image image=&#8221;2435&#8243;][\/vc_column_inner][vc_column_inner width=&#8221;3\/4&#8243; offset=&#8221;vc_hidden-sm vc_hidden-xs&#8221;][vc_toggle title=&#8221;Dr. Lu\u00eds Figueiredo | Cooltra&#8221;]Apoiada numa forma\u00e7\u00e3o base em Gest\u00e3o, a experi\u00eancia profissional do Luis evoluiu de m\u00e3os dadas com o setor da mobilidade. Acumula experi\u00eancia no segmento de rent a car (Turiscar e Sixt), tendo colaborado tamb\u00e9m no servi\u00e7o p\u00f3s venda (Caetano \u2013 Baviera).<\/p>\n<p>Em 2016 o Luis juntou-se \u00e0 aventura da Cooltra em Portugal, numa fase inicial como <i>Business <\/i><i>Developer<\/i><i>, <\/i>criando din\u00e2micas e promovendo formas alternativas de mobilidade em Portugal, e atualmente, \u00e9 o Diretor de Opera\u00e7\u00f5es do universo Cooltra no nosso pa\u00eds, englobando as v\u00e1rias \u00e1reas de neg\u00f3cio (sharing, aluguer de longa dura\u00e7\u00e3o e B2B).[\/vc_toggle][\/vc_column_inner][\/vc_row_inner][vc_row_inner css=&#8221;.vc_custom_1662310421289{margin-left: 150px !important;}&#8221;][vc_column_inner width=&#8221;1\/4&#8243; offset=&#8221;vc_hidden-sm vc_hidden-xs&#8221;][vc_single_image image=&#8221;2436&#8243;][\/vc_column_inner][vc_column_inner width=&#8221;3\/4&#8243; offset=&#8221;vc_hidden-sm vc_hidden-xs&#8221;][vc_toggle title=&#8221;Dra. Cristina Dourado | Via\u00e7\u00e3o Alvorada&#8221;]Licenciada em Economia pelo ISE em 1981 e MsC em Information Management pela Universidade de Sheffield em 1993.<\/p>\n<p>Trabalha no setor dos transportes desde 1979, tendo desempenhado fun\u00e7\u00f5es t\u00e9cnicas ligadas fundamentalmente ao planeamento operacional em diversas empresas da Rodovi\u00e1ria Nacional, at\u00e9 1996.<\/p>\n<p>Foi administradora dos TST entre 1998 e 2003 e administradora da Prometro (empresa operadora do Metro do Porto) entre 2009 e 2012.<\/p>\n<p>Atualmente \u00e9 Presidente do Conselho de Administra\u00e7\u00e3o da Fertagus, onde estou desde 1998, Presidente da Comiss\u00e3o Executiva do MTS desde 2019 e Gerente da Vimeca desde o in\u00edcio deste ano.<\/p>\n<p>Desde 1 de Setembro de 2021 \u00e9 tamb\u00e9m Diretora Geral da Via\u00e7\u00e3o Alvorada, uma joint venture entre a Vimeca e a Barraqueiro.[\/vc_toggle][\/vc_column_inner][\/vc_row_inner][vc_row_inner css=&#8221;.vc_custom_1662310421289{margin-left: 150px !important;}&#8221;][vc_column_inner width=&#8221;1\/4&#8243; offset=&#8221;vc_hidden-sm vc_hidden-xs&#8221;][vc_single_image image=&#8221;2666&#8243;][\/vc_column_inner][vc_column_inner width=&#8221;3\/4&#8243; offset=&#8221;vc_hidden-sm vc_hidden-xs&#8221;][vc_toggle title=&#8221;Dr. Rui Lopo | TML &#8211; Transportes Metropolitanos&#8221;]Brevemente&#8230;[\/vc_toggle][\/vc_column_inner][\/vc_row_inner][vc_row_inner css=&#8221;.vc_custom_1662310421289{margin-left: 150px !important;}&#8221;][vc_column_inner width=&#8221;1\/4&#8243; offset=&#8221;vc_hidden-sm vc_hidden-xs&#8221;][vc_single_image image=&#8221;2469&#8243;][\/vc_column_inner][vc_column_inner width=&#8221;3\/4&#8243; offset=&#8221;vc_hidden-sm vc_hidden-xs&#8221;][vc_toggle title=&#8221;Dra. In\u00eas Sarti Pascoal | MUBi&#8221;]Bi\u00f3loga, educadora ambiental, urbanista e presidente da MUBi &#8211; Associa\u00e7\u00e3o pela Mobilidade Urbana em Bicicleta. A bicicleta \u00e9 o seu modo de desloca\u00e7\u00e3o di\u00e1rio desde 2015, tendo-se tornado activista pela causa quando no seu dia-a-dia se foi apercebendo das dificuldades existentes nas cidades portuguesas para o uso da bicicleta como meio de transporte.[\/vc_toggle][\/vc_column_inner][\/vc_row_inner][vc_row_inner css=&#8221;.vc_custom_1662310421289{margin-left: 150px !important;}&#8221;][vc_column_inner offset=&#8221;vc_hidden-sm vc_hidden-xs&#8221;][vc_separator][vc_empty_space][vc_custom_heading text=&#8221;Moderadora&#8221; google_fonts=&#8221;font_family:Lato%3A100%2C100italic%2C300%2C300italic%2Cregular%2Citalic%2C700%2C700italic%2C900%2C900italic|font_style:700%20bold%20regular%3A700%3Anormal&#8221;][vc_empty_space][\/vc_column_inner][\/vc_row_inner][vc_row_inner css=&#8221;.vc_custom_1662310421289{margin-left: 150px !important;}&#8221;][vc_column_inner width=&#8221;1\/4&#8243; offset=&#8221;vc_hidden-sm vc_hidden-xs&#8221;][vc_single_image image=&#8221;2477&#8243;][\/vc_column_inner][vc_column_inner width=&#8221;3\/4&#8243; offset=&#8221;vc_hidden-sm vc_hidden-xs&#8221;][vc_toggle title=&#8221;Dra. Helena Dur\u00e3es | Jornalista &#8211; TV AMADORA&#8221;]Licenciada em Jornalismo pela Escola Superior de Comunica\u00e7\u00e3o Social, em 2010.<\/p>\n<p>Sou jornalista da TV AMADORA desde o mesmo ano. Atualmente, exer\u00e7o o cargo de editora da TV AMADORA, o \u00fanico \u00f3rg\u00e3o de comunica\u00e7\u00e3o social da cidade da Amadora. Amadorense de gema, sou autora de trabalhos de investiga\u00e7\u00e3o e document\u00e1rio sobre v\u00e1rios aspetos relacionadas com a hist\u00f3ria da cidade, como o per\u00edodo p\u00f3s 25 de Abril ou os Recreios da Amadora.<\/p>\n<p>Na \u00e1rea da produ\u00e7\u00e3o audiovisual, estou envolvida na cria\u00e7\u00e3o de campanhas sobre as tem\u00e1ticas da resili\u00eancia e ambiente.[\/vc_toggle][\/vc_column_inner][\/vc_row_inner][\/vc_column][\/vc_row][\/vc_section][vc_section][vc_row][vc_column offset=&#8221;vc_hidden-lg vc_hidden-md&#8221;][proconf_section_title title=&#8221;ORADORES&#8221; icon=&#8221;fas fa-user&#8221;][vc_row_inner][vc_column_inner][vc_empty_space][vc_custom_heading text=&#8221;Painel da Manh\u00e3&#8221; font_container=&#8221;tag:h2|text_align:center&#8221; google_fonts=&#8221;font_family:Lato%3A100%2C100italic%2C300%2C300italic%2Cregular%2Citalic%2C700%2C700italic%2C900%2C900italic|font_style:700%20bold%20regular%3A700%3Anormal&#8221;][vc_empty_space][\/vc_column_inner][\/vc_row_inner][vc_row_inner][vc_column_inner width=&#8221;1\/4&#8243;][vc_single_image image=&#8221;2664&#8243; alignment=&#8221;center&#8221;][\/vc_column_inner][vc_column_inner width=&#8221;3\/4&#8243;][vc_toggle title=&#8221;Dr. Domingos Rosa | AFID Diferen\u00e7a&#8221;]<strong>Habilita\u00e7\u00f5es Acad\u00e9micas<\/strong><\/p>\n<ul>\n<li>Licenciado em Finan\u00e7as pelo ISEG \u2013 Instituto Superior de Economia e Gest\u00e3o;<\/li>\n<li>P\u00f3s-Gradua\u00e7\u00e3o em Gest\u00e3o da Constru\u00e7\u00e3o e do Patrim\u00f3nio e Imobili\u00e1rio, pela Universidade do Minho, com a inclus\u00e3o da cadeira de Gest\u00e3o de Sistemas da Qualidade;<\/li>\n<li>Curso de Forma\u00e7\u00e3o de Formadores, com CAP;<\/li>\n<li>Curso de Gest\u00e3o das Organiza\u00e7\u00f5es Sociais (GOS) da AESE &#8211; Escola de Dire\u00e7\u00e3o e Neg\u00f3cios da AESE \u2013 Associa\u00e7\u00e3o de Estudos Superiores de Empresa;<\/li>\n<li>Frequ\u00eancia de cursos na \u00e1rea da Gest\u00e3o de Empresas \u2013 (Finan\u00e7as; Marketing; Gest\u00e3o de Empresas; Mercados de Capitais; Lideran\u00e7a; Estrat\u00e9gia, Qualidade).<\/li>\n<\/ul>\n<p><strong>Atividade Profissional\u00a0 <\/strong><\/p>\n<ul>\n<li>Gestor de Empresas;<\/li>\n<li>Gestor de Projectos;<\/li>\n<li>TOC \u2013 T\u00e9cnico Oficial de Contas;<\/li>\n<li>Consultor S\u00e9nior nas \u00e1reas Financeiras, Qualidade, Estrat\u00e9gia Empresarial;<\/li>\n<li>Respons\u00e1vel e\/ou interveniente na implementa\u00e7\u00e3o de Sistemas de Gest\u00e3o da Qualidade (ISO 9001, Marca ISS da Seguran\u00e7a Social e EQUASS) em empresas privadas de presta\u00e7\u00e3o de servi\u00e7os e na Funda\u00e7\u00e3o AFID Diferen\u00e7a (\u00e1rea social);<\/li>\n<li>Consultor na \u00e1rea da Qualidade, no \u00e2mbito da Norma ISO 9001, EQUASS e Marca ISS.<\/li>\n<\/ul>\n<p><strong>Atividade Social<\/strong><\/p>\n<ul>\n<li>Presidente do Conselho de Administra\u00e7\u00e3o da Funda\u00e7\u00e3o AFID Diferen\u00e7a;<\/li>\n<li>Presidente da Dire\u00e7\u00e3o Nacional da AFID \u2013 Associa\u00e7\u00e3o Nacional de Fam\u00edlias para a Integra\u00e7\u00e3o da Pessoas Deficiente;<\/li>\n<li>Presidente do Conselho Fiscal da APQ \u2013 Associa\u00e7\u00e3o Portuguesa para a Qualidade;<\/li>\n<li>S\u00f3cio Gerente da Empresa de Consultoria nas \u00e1reas de Gest\u00e3o de Empresas e da Qualidade, Plataforma Social, Lda;<\/li>\n<li>Gerente da Empresa AFID Servi\u00e7os;<\/li>\n<li>Membro das Redes Sociais da Amadora e de Lisboa;<\/li>\n<li>Membro do Conselho Municipal de Seguran\u00e7a da Amadora;<\/li>\n<li>Membro fundador das Associa\u00e7\u00f5es de Doentes da APIFARMA (Associa\u00e7\u00e3o Portuguesa da Ind\u00fastria Farmac\u00eautica);<\/li>\n<li>Curador da Cruz Vermelha Portuguesa, delega\u00e7\u00e3o da Amadora.<\/li>\n<\/ul>\n<p><strong>Outras Refer\u00eancias<\/strong><\/p>\n<ul>\n<li>Atribui\u00e7\u00e3o da Medalha de M\u00e9rito Social pela C\u00e2mara Municipal de Lisboa, em 2018<\/li>\n<\/ul>\n<p>[\/vc_toggle][\/vc_column_inner][\/vc_row_inner][vc_row_inner][vc_column_inner width=&#8221;1\/4&#8243;][vc_single_image image=&#8221;2432&#8243; alignment=&#8221;center&#8221;][\/vc_column_inner][vc_column_inner width=&#8221;3\/4&#8243;][vc_toggle title=&#8221;Sr. Jo\u00e3o Antunes | ACECOA&#8221;]Brevemente&#8230;[\/vc_toggle][\/vc_column_inner][\/vc_row_inner][vc_row_inner][vc_column_inner width=&#8221;1\/4&#8243;][vc_single_image image=&#8221;2665&#8243; alignment=&#8221;center&#8221;][\/vc_column_inner][vc_column_inner width=&#8221;3\/4&#8243;][vc_toggle title=&#8221;Sr. Jos\u00e9 Flores | AURPID&#8221;]Brevemente&#8230;[\/vc_toggle][\/vc_column_inner][\/vc_row_inner][vc_row_inner][vc_column_inner width=&#8221;1\/4&#8243;][vc_single_image image=&#8221;2437&#8243; alignment=&#8221;center&#8221;][\/vc_column_inner][vc_column_inner width=&#8221;3\/4&#8243;][vc_toggle title=&#8221;Intendente Pedro Franco | PSP Amadora&#8221;]Nasceu em Lisboa em 16 de abril de 1972, tendo atualmente 50 anos de idade.<br \/>\nIngressou na PSP em 1990 com 18 anos de idade, tendo-se licenciado em Ci\u00eancias Policiais pelo atual Instituto Superior de Ci\u00eancias Policiais e Seguran\u00e7a Interna.<\/p>\n<p>Ao longo dos seus 32 anos de carreira desempenhou fun\u00e7\u00f5es de Comandante de Esquadra, Comandante de Investiga\u00e7\u00e3o Criminal, Coordenador Nacional de Investiga\u00e7\u00e3o Criminal, Chefe de Divis\u00e3o da Dire\u00e7\u00e3o Nacional da PSP, Chefe de N\u00facleo e Comandante de Divis\u00e3o Policial do Comando Metropolitano de Lisboa.<\/p>\n<p>Formador e docente em diversas \u00e1reas t\u00e9cnico-policiais, em 1997 integrou uma miss\u00e3o de monitoriza\u00e7\u00e3o das Na\u00e7\u00f5es Unidas nos territ\u00f3rios da ex-Jugosl\u00e1via, tendo-se posteriormente constitu\u00eddo como perito nacional no Comit\u00e9 de San\u00e7\u00f5es da ONU para o Combate ao Crime e Estupefacientes e perito da Uni\u00e3o Europeia para policiamentos desportivos e Ordem P\u00fablica, no per\u00edodo p\u00f3s-Euro 2004. Foi ainda representante de S. Ex\u00aa o Ministro da Administra\u00e7\u00e3o Interna e de S. Ex\u00aa. o Diretor Nacional da PSP em diversos Grupos de Trabalho nacionais e internacionais, essencialmente na \u00e1rea de Justi\u00e7a e Assuntos Internos.<\/p>\n<p>Desde 2013 com a categoria de Intendente da PSP, em setembro de 2017 assumiu as fun\u00e7\u00f5es de Comandante da Divis\u00e3o Policial de Loures e de Odivelas, cuja Comiss\u00e3o de Servi\u00e7o foi interrompida em mar\u00e7o de 2022, para assumir as atuais fun\u00e7\u00f5es de Comandante da Divis\u00e3o Policial da Amadora.<\/p>\n<p>Louvado por entidades nacionais e internacionais, \u00e9 casado e tem 4 filhos: duas meninas e dois rapazes.[\/vc_toggle][\/vc_column_inner][\/vc_row_inner][vc_row_inner][vc_column_inner width=&#8221;1\/4&#8243;][vc_single_image image=&#8221;2438&#8243; alignment=&#8221;center&#8221;][\/vc_column_inner][vc_column_inner width=&#8221;3\/4&#8243;][vc_toggle title=&#8221;Dr. Lu\u00eds Carvalho | Prote\u00e7\u00e3o Civil Amadora&#8221;]Lu\u00eds Carvalho &#8211; desempenha fun\u00e7\u00f5es de Coordenador Operacional Municipal da Prote\u00e7\u00e3o Civil da Amadora e \u00e9 Comandante do Servi\u00e7o de Pol\u00edcia Municipal. Licenciado em Geografia e Planeamento Regional, com especializa\u00e7\u00e3o em Riscos e Desenvolvimento, pela Universidade Nova de Lisboa. Possui v\u00e1rios cursos de Especializa\u00e7\u00e3o em Gest\u00e3o do Risco de Cat\u00e1strofe, Cidades Resilientes e Altera\u00e7\u00f5es Clim\u00e1ticas ministrados pelo Banco Mundial e Organiza\u00e7\u00e3o das Na\u00e7\u00f5es Unidas;<\/p>\n<p>\u00c9 docente convidado da Universidade Lus\u00f3fona de Humanidades e Tecnologias, nas \u00e1reas de seguran\u00e7a e prote\u00e7\u00e3o civil. Tem v\u00e1rias artigos cient\u00edficos e publica\u00e7\u00f5es na \u00e1rea da prote\u00e7\u00e3o civil e cidades resilientes.<\/p>\n<p>No \u00e2mbito da Campanha Mundial da Organiza\u00e7\u00e3o das Na\u00e7\u00f5es Unidas \u201cConstruir Cidades Resilientes 2030\u201d faz parte do Comit\u00e9 Regional Europa-\u00c1sia, \u00e9 o ponto focal da Amadora para a respetiva campanha e faz ainda parte da coordena\u00e7\u00e3o do grupo de trabalho das Cidades Resilientes na Subcomiss\u00e3o da Plataforma Nacional para a Redu\u00e7\u00e3o do Risco de Cat\u00e1strofe.[\/vc_toggle][\/vc_column_inner][\/vc_row_inner][vc_row_inner][vc_column_inner width=&#8221;1\/4&#8243;][vc_single_image image=&#8221;2551&#8243; alignment=&#8221;center&#8221;][\/vc_column_inner][vc_column_inner width=&#8221;3\/4&#8243;][vc_toggle title=&#8221;Dr. Lu\u00eds de Carvalho | Presidente da Assembleia de Freguesia de Alfragide&#8221;]Lu\u00eds de Carvalho, residente em Alfragide h\u00e1 quase 30 anos, utilizador di\u00e1rio da bicicleta como meio de transporte, jurista, membro do Conselho Consultivo da Federa\u00e7\u00e3o Portuguesa de Cicloturismo e Utilizadores de Bicicleta (FPCUB) e atualmente Presidente da Assembleia de Freguesia de Alfragide.[\/vc_toggle][\/vc_column_inner][\/vc_row_inner][vc_row_inner css=&#8221;.vc_custom_1662647346871{margin-left: 0px !important;}&#8221;][vc_column_inner offset=&#8221;vc_hidden-lg vc_hidden-md&#8221;][vc_separator][vc_empty_space][vc_custom_heading text=&#8221;Moderadora&#8221; font_container=&#8221;tag:h2|text_align:center&#8221; google_fonts=&#8221;font_family:Lato%3A100%2C100italic%2C300%2C300italic%2Cregular%2Citalic%2C700%2C700italic%2C900%2C900italic|font_style:700%20bold%20regular%3A700%3Anormal&#8221;][vc_empty_space][\/vc_column_inner][\/vc_row_inner][vc_separator][vc_row_inner][vc_column_inner width=&#8221;1\/4&#8243; offset=&#8221;vc_hidden-lg vc_hidden-md&#8221;][vc_single_image image=&#8221;2477&#8243; alignment=&#8221;right&#8221; css=&#8221;.vc_custom_1662647242463{margin-right: 75px !important;}&#8221;][\/vc_column_inner][vc_column_inner width=&#8221;3\/4&#8243; offset=&#8221;vc_hidden-lg vc_hidden-md&#8221;][vc_toggle title=&#8221;Dra. Helena Dur\u00e3es | Jornalista &#8211; TV AMADORA&#8221;]Licenciada em Jornalismo pela Escola Superior de Comunica\u00e7\u00e3o Social, em 2010.<\/p>\n<p>Sou jornalista da TV AMADORA desde o mesmo ano. Atualmente, exer\u00e7o o cargo de editora da TV AMADORA, o \u00fanico \u00f3rg\u00e3o de comunica\u00e7\u00e3o social da cidade da Amadora. Amadorense de gema, sou autora de trabalhos de investiga\u00e7\u00e3o e document\u00e1rio sobre v\u00e1rios aspetos relacionadas com a hist\u00f3ria da cidade, como o per\u00edodo p\u00f3s 25 de Abril ou os Recreios da Amadora.<\/p>\n<p>Na \u00e1rea da produ\u00e7\u00e3o audiovisual, estou envolvida na cria\u00e7\u00e3o de campanhas sobre as tem\u00e1ticas da resili\u00eancia e ambiente.[\/vc_toggle][\/vc_column_inner][\/vc_row_inner][vc_row_inner][vc_column_inner][vc_empty_space][vc_custom_heading text=&#8221;Painel da Tarde&#8221; font_container=&#8221;tag:h2|text_align:center&#8221; google_fonts=&#8221;font_family:Lato%3A100%2C100italic%2C300%2C300italic%2Cregular%2Citalic%2C700%2C700italic%2C900%2C900italic|font_style:700%20bold%20regular%3A700%3Anormal&#8221;][\/vc_column_inner][\/vc_row_inner][vc_empty_space][vc_row_inner][vc_column_inner width=&#8221;1\/4&#8243;][vc_single_image image=&#8221;2431&#8243; alignment=&#8221;center&#8221;][\/vc_column_inner][vc_column_inner width=&#8221;3\/4&#8243;][vc_toggle title=&#8221;Prof. Jos\u00e9 Manuel Viegas | TIS&#8221;]Jos\u00e9 Manuel Viegas \u00e9 Professor Em\u00e9rito da Universidade de Lisboa, tendo sido Professor Catedr\u00e1tico de Transportes no T\u00e9cnico at\u00e9 2012. Nesse per\u00edodo, fundou o Mestrado e o Doutoramento em Transportes, foi coordenador de v\u00e1rios projetos de investiga\u00e7\u00e3o da Comiss\u00e3o Europeia, e liderou a \u00e1rea de Transportes do programa MIT-Portugal.<\/p>\n<p>Entre 2012 e 2017 foi Secret\u00e1rio-geral do ITF (F\u00f3rum Internacional dos Transportes, da OCDE), onde abriu programas vigorosos de colabora\u00e7\u00e3o com empresas liderantes e com as principais associa\u00e7\u00f5es internacionais do setor.<\/p>\n<p>Foi membro do grupo nomeado por Ban Ki-moon, Secret\u00e1rio Geral das Na\u00e7\u00f5es Unidas, para o aconselhar sobre a Mobiliza\u00e7\u00e3o dos Transportes Sustent\u00e1veis para o Desenvolvimento (2016) e foi e coordenador metodol\u00f3gico global do projeto \u201cMobilidade Sustent\u00e1vel para Todos\u201d, organizado pelo Banco Mundial (2018-2021).<\/p>\n<p>Atualmente \u00e9 Presidente do Conselho de Administra\u00e7\u00e3o da TIS.pt, consultoria que fundou em 1992[\/vc_toggle][\/vc_column_inner][\/vc_row_inner][vc_row_inner][vc_column_inner width=&#8221;1\/4&#8243;][vc_single_image image=&#8221;2671&#8243; alignment=&#8221;center&#8221;][\/vc_column_inner][vc_column_inner width=&#8221;3\/4&#8243;][vc_toggle title=&#8221;Eng.\u00ba Tiago Braga | Metro do Porto&#8221;]Brevemente&#8230;[\/vc_toggle][\/vc_column_inner][\/vc_row_inner][vc_row_inner][vc_column_inner width=&#8221;1\/4&#8243;][vc_single_image image=&#8221;2433&#8243; alignment=&#8221;center&#8221;][\/vc_column_inner][vc_column_inner width=&#8221;3\/4&#8243;][vc_toggle title=&#8221;Dra. Marina Ferreira | TTSL &#8211; Transtejo Soflusa&#8221;]Licenciada em Direito (Ci\u00eancias Jur\u00eddico-Econ\u00f3micas), pela Faculdade de Direito da Universidade de Lisboa e P\u00f3s-gradua\u00e7\u00e3o em Assuntos Europeus, pela Universidade Lus\u00edada.<\/p>\n<p>Desde 2017 \u00e9 Presidente do Concelho de Administra\u00e7\u00e3o da Transtejo \u2013 Transportes Tejo, S.A. e da Soflusa, Sociedade Fluvial de Transportes S.A. (TTSL).<\/p>\n<p>2013\/2016 \u2013 Presidente do Conselho de Administra\u00e7\u00e3o da APL \u2013 Administra\u00e7\u00e3o do Porto de Lisboa, S.A.<br \/>\n2008\/2012 \u2013 Assessora do Conselho de Administra\u00e7\u00e3o da Carris \u2013 Companhia Carris de Ferro de Lisboa, S.A.<br \/>\n2006\/2008 \u2013 Presidente do Conselho de Administra\u00e7\u00e3o da EMEL \u2013 Empresa Municipal de Mobilidade e Estacionamento de Lisboa, E.M. S.A.<br \/>\n2007 \u2013 Presidente da Comiss\u00e3o Administrativa da C\u00e2mara Municipal de Lisboa<br \/>\n2005\/2007 \u2013 Vice-presidente e Vereadora da C\u00e2mara Municipal de Lisboa<br \/>\n2003\/2005 \u2013 Presidente da Comiss\u00e3o Instaladora da AM TL \u2013 Autoridade Metropolitana de Transportes de Lisboa<br \/>\n2003\/2004 \u2013 Assessora do Ministro das Obras P\u00fablicas, Transportes e Comunica\u00e7\u00f5es<br \/>\n1993\/2003 \u2013 Assessora do Conselho de Administra\u00e7\u00e3o da da Carris \u2013 Companhia Carris de Ferro de Lisboa, S.A.<br \/>\n1995\/1998 \u2013 Presidente do Conselho Fiscal da Administra\u00e7\u00e3o dos Portos de Set\u00fabal e Sesimbra<br \/>\n1993\/1995 \u2013 Diretora-Geral de Pescas e Inspetora-geral de Pescas<br \/>\nVogal do Comissariado e da Comiss\u00e3o de Rela\u00e7\u00f5es Externas da EXPO98<br \/>\n1991\/1993 \u2013 Chefe de Gabinete do Ministro do Mar<br \/>\n1989\/1991 \u2013 Diretora de Pessoal daCarris \u2013 Companhia Carris de Ferro de Lisboa, S.A.<br \/>\n1987\/1988 \u2013 Assessora Jur\u00eddica do Ministro das obras P\u00fablicas, Transportes e Comunica\u00e7\u00f5es<br \/>\n1983\/1987 \u2013 Advogada no Contencioso da Carris \u2013 Companhia Carris de Ferro de Lisboa, S.A.[\/vc_toggle][\/vc_column_inner][\/vc_row_inner][vc_row_inner][vc_column_inner width=&#8221;1\/4&#8243;][vc_single_image image=&#8221;2434&#8243; alignment=&#8221;center&#8221;][\/vc_column_inner][vc_column_inner width=&#8221;3\/4&#8243;][vc_toggle title=&#8221;Dr. Juan Cabellero | Eurocities&#8221;]EUROPEANMOBILITYWEEK Director de Campanha, Eurocities<\/p>\n<p>Especialista em comunica\u00e7\u00e3o que trabalha em projetos de mobilidade na Eurocities. \u00c9 coordenador do Secretariado da EUROPEAN MOBILITY WEEK desde 2015. Mudou-se para Bruxelas em 2012 para fazer um Mestrado Executivo em Jornalismo Europeu. Trabalhou para uma televis\u00e3o regional estadual e esta\u00e7\u00f5es de r\u00e1dio locais. Nos \u00faltimos sete anos, ganhou experi\u00eancia em mudan\u00e7a comportamental e conscientiza\u00e7\u00e3o. \u00c9 um apaixonado por comunica\u00e7\u00e3o, debates p\u00fablicos e processos de cocria\u00e7\u00e3o.<\/p>\n<p>Juan Caballero is a communication expert working on mobility projects at Eurocities. He has been coordinating the EUROPEANMOBILITYWEEK Secretariat since 2015. He moved to Brussels in 2012 to follow an Executive Master in European Journalism. He worked for a state regional television and local radio stations. Over the last seven years, he has gained experience in behavioural change and awareness-raising. He\u2019s a passionate about communication, public debates and co-creating processes.[\/vc_toggle][\/vc_column_inner][\/vc_row_inner][vc_row_inner][vc_column_inner width=&#8221;1\/4&#8243;][vc_single_image image=&#8221;2435&#8243; alignment=&#8221;center&#8221;][\/vc_column_inner][vc_column_inner width=&#8221;3\/4&#8243;][vc_toggle title=&#8221;Dr. Lu\u00eds Figueiredo | Cooltra&#8221;]Apoiada numa forma\u00e7\u00e3o base em Gest\u00e3o, a experi\u00eancia profissional do Luis evoluiu de m\u00e3os dadas com o setor da mobilidade. Acumula experi\u00eancia no segmento de rent a car (Turiscar e Sixt), tendo colaborado tamb\u00e9m no servi\u00e7o p\u00f3s venda (Caetano \u2013 Baviera).<\/p>\n<p>Em 2016 o Luis juntou-se \u00e0 aventura da Cooltra em Portugal, numa fase inicial como <i>Business <\/i><i>Developer<\/i><i>, <\/i>criando din\u00e2micas e promovendo formas alternativas de mobilidade em Portugal, e atualmente, \u00e9 o Diretor de Opera\u00e7\u00f5es do universo Cooltra no nosso pa\u00eds, englobando as v\u00e1rias \u00e1reas de neg\u00f3cio (sharing, aluguer de longa dura\u00e7\u00e3o e B2B).[\/vc_toggle][\/vc_column_inner][\/vc_row_inner][vc_row_inner][vc_column_inner width=&#8221;1\/4&#8243;][vc_single_image image=&#8221;2436&#8243; alignment=&#8221;center&#8221;][\/vc_column_inner][vc_column_inner width=&#8221;3\/4&#8243;][vc_toggle title=&#8221;Dra. Cristina Dourado | Via\u00e7\u00e3o Alvorada&#8221;]Licenciada em Economia pelo ISE em 1981 e MsC em Information Management pela Universidade de Sheffield em 1993.<\/p>\n<p>Trabalha no setor dos transportes desde 1979, tendo desempenhado fun\u00e7\u00f5es t\u00e9cnicas ligadas fundamentalmente ao planeamento operacional em diversas empresas da Rodovi\u00e1ria Nacional, at\u00e9 1996.<\/p>\n<p>Foi administradora dos TST entre 1998 e 2003 e administradora da Prometro (empresa operadora do Metro do Porto) entre 2009 e 2012.<\/p>\n<p>Atualmente \u00e9 Presidente do Conselho de Administra\u00e7\u00e3o da Fertagus, onde estou desde 1998, Presidente da Comiss\u00e3o Executiva do MTS desde 2019 e Gerente da Vimeca desde o in\u00edcio deste ano.<\/p>\n<p>Desde 1 de Setembro de 2021 \u00e9 tamb\u00e9m Diretora Geral da Via\u00e7\u00e3o Alvorada, uma joint venture entre a Vimeca e a Barraqueiro.[\/vc_toggle][\/vc_column_inner][\/vc_row_inner][vc_row_inner][vc_column_inner width=&#8221;1\/4&#8243;][vc_single_image image=&#8221;2666&#8243; alignment=&#8221;center&#8221;][\/vc_column_inner][vc_column_inner width=&#8221;3\/4&#8243;][vc_toggle title=&#8221;Dr. Rui Lopo | TML &#8211; Transportes Metropolitanos&#8221;]Brevemente&#8230;[\/vc_toggle][\/vc_column_inner][\/vc_row_inner][vc_row_inner][vc_column_inner width=&#8221;1\/4&#8243;][vc_single_image image=&#8221;2469&#8243; alignment=&#8221;center&#8221;][\/vc_column_inner][vc_column_inner width=&#8221;3\/4&#8243;][vc_toggle title=&#8221;Dra. In\u00eas Sarti Pascoal | MUBi&#8221;]Bi\u00f3loga, educadora ambiental, urbanista e presidente da MUBi &#8211; Associa\u00e7\u00e3o pela Mobilidade Urbana em Bicicleta. A bicicleta \u00e9 o seu modo de desloca\u00e7\u00e3o di\u00e1rio desde 2015, tendo-se tornado activista pela causa quando no seu dia-a-dia se foi apercebendo das dificuldades existentes nas cidades portuguesas para o uso da bicicleta como meio de transporte.[\/vc_toggle][\/vc_column_inner][\/vc_row_inner][vc_row_inner][vc_column_inner offset=&#8221;vc_hidden-lg vc_hidden-md&#8221;][vc_separator][vc_empty_space][vc_custom_heading text=&#8221;Moderadora&#8221; font_container=&#8221;tag:h2|text_align:center&#8221; google_fonts=&#8221;font_family:Lato%3A100%2C100italic%2C300%2C300italic%2Cregular%2Citalic%2C700%2C700italic%2C900%2C900italic|font_style:700%20bold%20regular%3A700%3Anormal&#8221;][vc_empty_space][\/vc_column_inner][\/vc_row_inner][vc_row_inner][vc_column_inner width=&#8221;1\/4&#8243; offset=&#8221;vc_hidden-lg vc_hidden-md&#8221;][vc_single_image image=&#8221;2477&#8243; alignment=&#8221;right&#8221; css=&#8221;.vc_custom_1662647242463{margin-right: 75px !important;}&#8221;][\/vc_column_inner][vc_column_inner width=&#8221;3\/4&#8243; offset=&#8221;vc_hidden-lg vc_hidden-md&#8221;][vc_toggle title=&#8221;Dra. Helena Dur\u00e3es | Jornalista &#8211; TV AMADORA&#8221;]Licenciada em Jornalismo pela Escola Superior de Comunica\u00e7\u00e3o Social, em 2010.<\/p>\n<p>Sou jornalista da TV AMADORA desde o mesmo ano. Atualmente, exer\u00e7o o cargo de editora da TV AMADORA, o \u00fanico \u00f3rg\u00e3o de comunica\u00e7\u00e3o social da cidade da Amadora. Amadorense de gema, sou autora de trabalhos de investiga\u00e7\u00e3o e document\u00e1rio sobre v\u00e1rios aspetos relacionadas com a hist\u00f3ria da cidade, como o per\u00edodo p\u00f3s 25 de Abril ou os Recreios da Amadora.<\/p>\n<p>Na \u00e1rea da produ\u00e7\u00e3o audiovisual, estou envolvida na cria\u00e7\u00e3o de campanhas sobre as tem\u00e1ticas da resili\u00eancia e ambiente.[\/vc_toggle][\/vc_column_inner][\/vc_row_inner][\/vc_column][\/vc_row][\/vc_section][vc_section][vc_row][vc_column][proconf_section_title title=&#8221;QUEST\u00d5ES &amp; CONDI\u00c7\u00d5ES DE INSCRI\u00c7\u00c3O&#8221; icon=&#8221;far fa-comments&#8221;][\/vc_column][\/vc_row][vc_row][vc_column width=&#8221;1\/2&#8243;][vc_tta_accordion][vc_tta_section title=&#8221;Em que dia \u00e9 a confer\u00eancia OnMobility Amadora?&#8221; tab_id=&#8221;1662310315045-d2d8171b-7156&#8243;][vc_column_text]A confer\u00eancia OnMobility Amadora faz parte do programa da SEMA 2022, e acontecer\u00e1 no dia 20 de setembro.[\/vc_column_text][\/vc_tta_section][vc_tta_section title=&#8221;Onde \u00e9 a confer\u00eancia OnMobility Amadora?&#8221; tab_id=&#8221;1662310315084-24498588-ad85&#8243;][vc_column_text]A confer\u00eancia OnMobility Amadora \u00e9 no Audit\u00f3rio dos Recreios da Amadora.<\/p>\n<p>A morada \u00e9: Av. Santos Mattos 2, 2700-317 Amadora<\/p>\n<p>As coordenadas s\u00e3o: 38.758460179427246, -9.23521357321509[\/vc_column_text][\/vc_tta_section][\/vc_tta_accordion][\/vc_column][vc_column width=&#8221;1\/2&#8243;][vc_tta_accordion][vc_tta_section title=&#8221;Posso assistir apenas a um dos pain\u00e9is?&#8221; tab_id=&#8221;1662310315162-cb59215b-f5e2&#8243;][vc_column_text]Gostar\u00edamos de contar com a presen\u00e7a em todo o debate mas podes optar por ouvir apenas os cidad\u00e3os ou os especialistas.[\/vc_column_text][\/vc_tta_section][vc_tta_section title=&#8221;A inscri\u00e7\u00e3o \u00e9 obrigat\u00f3ria?&#8221; tab_id=&#8221;1662310315200-f930a675-55d4&#8243;][vc_column_text]Sim, tem de se inscrever para poder assistir \u00e0 confer\u00eancia.[\/vc_column_text][\/vc_tta_section][\/vc_tta_accordion][\/vc_column][\/vc_row][\/vc_section][vc_section el_id=&#8221;sponsor&#8221;][vc_row][vc_column width=&#8221;1\/2&#8243; offset=&#8221;vc_hidden-sm vc_hidden-xs&#8221;][proconf_section_title title=&#8221;Co-organizador&#8221; icon=&#8221;fas fa-route&#8221;][\/vc_column][vc_column width=&#8221;1\/2&#8243; offset=&#8221;vc_hidden-sm vc_hidden-xs&#8221;][proconf_section_title title=&#8221;Chancela&#8221; icon=&#8221;fas fa-route&#8221;][\/vc_column][\/vc_row][vc_row][vc_column width=&#8221;1\/6&#8243;][\/vc_column][vc_column width=&#8221;1\/6&#8243; offset=&#8221;vc_hidden-sm vc_hidden-xs&#8221;][vc_single_image image=&#8221;2140&#8243; img_size=&#8221;full&#8221; alignment=&#8221;center&#8221;][\/vc_column][vc_column width=&#8221;1\/6&#8243;][\/vc_column][vc_column width=&#8221;1\/6&#8243;][\/vc_column][vc_column width=&#8221;1\/6&#8243; offset=&#8221;vc_hidden-sm vc_hidden-xs&#8221;][vc_single_image image=&#8221;2110&#8243; img_size=&#8221;full&#8221; alignment=&#8221;center&#8221;][\/vc_column][vc_column width=&#8221;1\/6&#8243;][\/vc_column][\/vc_row][vc_row][vc_column offset=&#8221;vc_hidden-sm vc_hidden-xs&#8221;][proconf_section_title title=&#8221;Parceiros&#8221; icon=&#8221;fas fa-route&#8221;][\/vc_column][\/vc_row][vc_row][vc_column width=&#8221;1\/6&#8243; offset=&#8221;vc_hidden-sm vc_hidden-xs&#8221;][vc_single_image image=&#8221;2112&#8243; img_size=&#8221;full&#8221; alignment=&#8221;center&#8221;][\/vc_column][vc_column width=&#8221;1\/6&#8243; offset=&#8221;vc_hidden-sm vc_hidden-xs&#8221;][vc_single_image image=&#8221;2134&#8243; img_size=&#8221;full&#8221; alignment=&#8221;center&#8221;][\/vc_column][vc_column width=&#8221;1\/6&#8243; offset=&#8221;vc_hidden-sm vc_hidden-xs&#8221;][vc_single_image image=&#8221;2100&#8243; img_size=&#8221;full&#8221; alignment=&#8221;center&#8221;][\/vc_column][vc_column width=&#8221;1\/6&#8243; offset=&#8221;vc_hidden-sm vc_hidden-xs&#8221;][vc_single_image image=&#8221;2107&#8243; img_size=&#8221;full&#8221; alignment=&#8221;center&#8221;][\/vc_column][vc_column width=&#8221;1\/6&#8243; offset=&#8221;vc_hidden-sm vc_hidden-xs&#8221;][vc_single_image image=&#8221;2122&#8243; img_size=&#8221;full&#8221; alignment=&#8221;center&#8221;][\/vc_column][vc_column width=&#8221;1\/6&#8243; offset=&#8221;vc_hidden-sm vc_hidden-xs&#8221;][vc_single_image image=&#8221;2114&#8243; img_size=&#8221;full&#8221; alignment=&#8221;center&#8221;][\/vc_column][\/vc_row][vc_row][vc_column width=&#8221;1\/6&#8243; offset=&#8221;vc_hidden-sm vc_hidden-xs&#8221;][vc_single_image image=&#8221;2125&#8243; img_size=&#8221;full&#8221; alignment=&#8221;center&#8221;][\/vc_column][vc_column width=&#8221;1\/6&#8243; offset=&#8221;vc_hidden-sm vc_hidden-xs&#8221;][vc_single_image image=&#8221;2548&#8243; img_size=&#8221;full&#8221; alignment=&#8221;center&#8221;][\/vc_column][vc_column width=&#8221;1\/6&#8243; offset=&#8221;vc_hidden-sm vc_hidden-xs&#8221;][\/vc_column][vc_column width=&#8221;1\/6&#8243; offset=&#8221;vc_hidden-sm vc_hidden-xs&#8221;][\/vc_column][vc_column width=&#8221;1\/6&#8243; offset=&#8221;vc_hidden-sm vc_hidden-xs&#8221;][\/vc_column][vc_column width=&#8221;1\/6&#8243; offset=&#8221;vc_hidden-sm vc_hidden-xs&#8221;][\/vc_column][\/vc_row][vc_row][vc_column offset=&#8221;vc_hidden-sm vc_hidden-xs&#8221;][proconf_section_title title=&#8221;Media Partners&#8221; icon=&#8221;fas fa-route&#8221;][\/vc_column][\/vc_row][vc_row][vc_column width=&#8221;1\/6&#8243; offset=&#8221;vc_hidden-sm vc_hidden-xs&#8221;][vc_single_image image=&#8221;1440&#8243; img_size=&#8221;full&#8221; alignment=&#8221;center&#8221;][\/vc_column][vc_column width=&#8221;1\/6&#8243; offset=&#8221;vc_hidden-sm vc_hidden-xs&#8221;][vc_single_image image=&#8221;1438&#8243; img_size=&#8221;full&#8221; alignment=&#8221;center&#8221;][\/vc_column][vc_column width=&#8221;1\/6&#8243; offset=&#8221;vc_hidden-sm vc_hidden-xs&#8221;][vc_single_image image=&#8221;1437&#8243; img_size=&#8221;full&#8221; alignment=&#8221;center&#8221;][\/vc_column][vc_column width=&#8221;1\/6&#8243; offset=&#8221;vc_hidden-sm vc_hidden-xs&#8221;][vc_single_image image=&#8221;2136&#8243; img_size=&#8221;full&#8221; alignment=&#8221;center&#8221;][\/vc_column][vc_column width=&#8221;1\/6&#8243; offset=&#8221;vc_hidden-sm vc_hidden-xs&#8221;][vc_single_image image=&#8221;1434&#8243; img_size=&#8221;full&#8221; alignment=&#8221;center&#8221;][\/vc_column][vc_column width=&#8221;1\/6&#8243; offset=&#8221;vc_hidden-sm vc_hidden-xs&#8221;][vc_single_image image=&#8221;1436&#8243; img_size=&#8221;full&#8221; alignment=&#8221;center&#8221;][\/vc_column][\/vc_row][vc_row][vc_column width=&#8221;1\/6&#8243; offset=&#8221;vc_hidden-sm vc_hidden-xs&#8221;][vc_single_image image=&#8221;1444&#8243; img_size=&#8221;full&#8221; alignment=&#8221;center&#8221;][\/vc_column][vc_column width=&#8221;1\/6&#8243; offset=&#8221;vc_hidden-sm vc_hidden-xs&#8221;][vc_single_image image=&#8221;2547&#8243; img_size=&#8221;full&#8221; alignment=&#8221;center&#8221;][\/vc_column][vc_column width=&#8221;1\/6&#8243; offset=&#8221;vc_hidden-sm vc_hidden-xs&#8221;][\/vc_column][vc_column width=&#8221;1\/6&#8243; offset=&#8221;vc_hidden-sm vc_hidden-xs&#8221;][\/vc_column][vc_column width=&#8221;1\/6&#8243; offset=&#8221;vc_hidden-sm vc_hidden-xs&#8221;][\/vc_column][vc_column width=&#8221;1\/6&#8243; offset=&#8221;vc_hidden-sm vc_hidden-xs&#8221;][\/vc_column][\/vc_row][\/vc_section][vc_section][vc_row][vc_column offset=&#8221;vc_hidden-lg vc_hidden-md&#8221;][proconf_section_title title=&#8221;Co-organizador&#8221; icon=&#8221;fas fa-route&#8221;][vc_single_image image=&#8221;2140&#8243; img_size=&#8221;full&#8221; alignment=&#8221;center&#8221;][proconf_section_title title=&#8221;Chancela&#8221; icon=&#8221;fas fa-route&#8221;][vc_single_image image=&#8221;2110&#8243; img_size=&#8221;full&#8221; alignment=&#8221;center&#8221;][\/vc_column][\/vc_row][\/vc_section][vc_row][vc_column offset=&#8221;vc_hidden-lg vc_hidden-md&#8221;][proconf_section_title title=&#8221;Parceiros&#8221; icon=&#8221;fas fa-route&#8221;][\/vc_column][\/vc_row][vc_row][vc_column width=&#8221;1\/6&#8243; offset=&#8221;vc_hidden-lg vc_hidden-md&#8221;][vc_single_image image=&#8221;2112&#8243; img_size=&#8221;full&#8221; alignment=&#8221;center&#8221;][\/vc_column][vc_column width=&#8221;1\/6&#8243; offset=&#8221;vc_hidden-lg vc_hidden-md&#8221;][vc_single_image image=&#8221;2134&#8243; img_size=&#8221;full&#8221; alignment=&#8221;center&#8221;][\/vc_column][vc_column width=&#8221;1\/6&#8243; offset=&#8221;vc_hidden-lg vc_hidden-md&#8221;][vc_single_image image=&#8221;2100&#8243; img_size=&#8221;full&#8221; alignment=&#8221;center&#8221;][\/vc_column][vc_column width=&#8221;1\/6&#8243; offset=&#8221;vc_hidden-lg vc_hidden-md&#8221;][vc_single_image image=&#8221;2107&#8243; img_size=&#8221;full&#8221; alignment=&#8221;center&#8221;][\/vc_column][vc_column width=&#8221;1\/6&#8243; offset=&#8221;vc_hidden-lg vc_hidden-md&#8221;][vc_single_image image=&#8221;2122&#8243; img_size=&#8221;full&#8221; alignment=&#8221;center&#8221;][\/vc_column][vc_column width=&#8221;1\/6&#8243; offset=&#8221;vc_hidden-lg vc_hidden-md&#8221;][vc_single_image image=&#8221;2114&#8243; img_size=&#8221;full&#8221; alignment=&#8221;center&#8221;][\/vc_column][\/vc_row][vc_row][vc_column width=&#8221;1\/6&#8243; offset=&#8221;vc_hidden-lg vc_hidden-md&#8221;][vc_single_image image=&#8221;2548&#8243; img_size=&#8221;300&#215;300&#8243; alignment=&#8221;center&#8221;][\/vc_column][vc_column width=&#8221;1\/6&#8243; offset=&#8221;vc_hidden-lg vc_hidden-md&#8221;][\/vc_column][vc_column width=&#8221;1\/6&#8243; offset=&#8221;vc_hidden-lg vc_hidden-md&#8221;][\/vc_column][vc_column width=&#8221;1\/6&#8243; offset=&#8221;vc_hidden-lg vc_hidden-md&#8221;][\/vc_column][vc_column width=&#8221;1\/6&#8243; offset=&#8221;vc_hidden-lg vc_hidden-md&#8221;][\/vc_column][vc_column width=&#8221;1\/6&#8243; offset=&#8221;vc_hidden-lg vc_hidden-md&#8221;][\/vc_column][\/vc_row][vc_row][vc_column offset=&#8221;vc_hidden-lg vc_hidden-md&#8221;][proconf_section_title title=&#8221;Media Partners&#8221; icon=&#8221;fas fa-route&#8221;][\/vc_column][\/vc_row][vc_row][vc_column width=&#8221;1\/6&#8243; offset=&#8221;vc_hidden-lg vc_hidden-md&#8221;][vc_single_image image=&#8221;1440&#8243; img_size=&#8221;300&#215;300&#8243; alignment=&#8221;center&#8221;][\/vc_column][vc_column width=&#8221;1\/6&#8243; offset=&#8221;vc_hidden-lg vc_hidden-md&#8221;][vc_single_image image=&#8221;1438&#8243; img_size=&#8221;300&#215;300&#8243; alignment=&#8221;center&#8221;][\/vc_column][vc_column width=&#8221;1\/6&#8243; offset=&#8221;vc_hidden-lg vc_hidden-md&#8221;][vc_single_image image=&#8221;1437&#8243; img_size=&#8221;300&#215;300&#8243; alignment=&#8221;center&#8221;][\/vc_column][vc_column width=&#8221;1\/6&#8243; offset=&#8221;vc_hidden-lg vc_hidden-md&#8221;][vc_single_image image=&#8221;2136&#8243; img_size=&#8221;full&#8221; alignment=&#8221;center&#8221;][\/vc_column][vc_column width=&#8221;1\/6&#8243; offset=&#8221;vc_hidden-lg vc_hidden-md&#8221;][vc_single_image image=&#8221;1434&#8243; img_size=&#8221;300&#215;300&#8243; alignment=&#8221;center&#8221;][\/vc_column][vc_column width=&#8221;1\/6&#8243; offset=&#8221;vc_hidden-lg vc_hidden-md&#8221;][vc_single_image image=&#8221;1436&#8243; img_size=&#8221;300&#215;300&#8243; alignment=&#8221;center&#8221;][\/vc_column][\/vc_row][vc_row][vc_column width=&#8221;1\/6&#8243; offset=&#8221;vc_hidden-lg vc_hidden-md&#8221;][vc_single_image image=&#8221;1444&#8243; img_size=&#8221;300&#215;300&#8243; alignment=&#8221;center&#8221;][\/vc_column][vc_column width=&#8221;1\/6&#8243; offset=&#8221;vc_hidden-lg vc_hidden-md&#8221;][vc_single_image image=&#8221;2547&#8243; img_size=&#8221;300&#215;300&#8243; alignment=&#8221;center&#8221;][\/vc_column][vc_column width=&#8221;1\/6&#8243; offset=&#8221;vc_hidden-lg vc_hidden-md&#8221;][\/vc_column][vc_column width=&#8221;1\/6&#8243; offset=&#8221;vc_hidden-lg vc_hidden-md&#8221;][\/vc_column][vc_column width=&#8221;1\/6&#8243; offset=&#8221;vc_hidden-lg vc_hidden-md&#8221;][\/vc_column][vc_column width=&#8221;1\/6&#8243; offset=&#8221;vc_hidden-lg vc_hidden-md&#8221;][\/vc_column][\/vc_row][vc_section full_width=&#8221;container-wide&#8221; padding_class=&#8221;section-no-padding&#8221; el_id=&#8221;contact&#8221;][vc_row][vc_column][proconf_contact_map style=&#8221;embaed_html&#8221; link=&#8221;#E-8_JTNDaWZyYW1lJTIwc3JjJTNEJTIyaHR0cHMlM0ElMkYlMkZ3d3cuZ29vZ2xlLmNvbSUyRm1hcHMlMkZlbWJlZCUzRnBiJTNEJTIxMW0xOCUyMTFtMTIlMjExbTMlMjExZDMxMTEuMTQ4ODc0ODE4NTM2JTIxMmQtOS4yMzgxODYxODQ2NTM2OSUyMTNkMzguNzYwMjg5Mjc5NTkyMDMlMjEybTMlMjExZjAlMjEyZjAlMjEzZjAlMjEzbTIlMjExaTEwMjQlMjEyaTc2OCUyMTRmMTMuMSUyMTNtMyUyMTFtMiUyMTFzMHhkMWVjZGE3YTFmYmYwYjMlMjUzQTB4MWEwMTA5MDkwN2NiMDNlMiUyMTJzQyUyNUMzJTI1QTJtYXJhJTI1MjBNdW5pY2lwYWwlMjUyMGRhJTI1MjBBbWFkb3JhJTIxNWUwJTIxM20yJTIxMXNwdC1QVCUyMTJzcHQlMjE0djE2NTg5MjQyNDEwMjIlMjE1bTIlMjExc3B0LVBUJTIxMnNwdCUyMiUyMHdpZHRoJTNEJTIyNjAwJTIyJTIwaGVpZ2h0JTNEJTIyNzAwJTIyJTIwc3R5bGUlM0QlMjJib3JkZXIlM0EwJTNCJTIyJTIwYWxsb3dmdWxsc2NyZWVuJTNEJTIyJTIyJTIwbG9hZGluZyUzRCUyMmxhenklMjIlMjByZWZlcnJlcnBvbGljeSUzRCUyMm5vLXJlZmVycmVyLXdoZW4tZG93bmdyYWRlJTIyJTNFJTNDJTJGaWZyYW1lJTNF&#8221; image=&#8221;https:\/\/amadoramove.pt\/wp-content\/uploads\/2017\/06\/WhatsApp-Image-2022-07-25-at-11.41.22.jpeg&#8221; title=&#8221;Amadora&#8221; subtitle=&#8221;&#8221;][proconf_contact_info title=&#8221;SEMA&#8221; subtitle=&#8221;C\u00e2mara Municipal da Amadora&#8221; adress=&#8221;&#8221; phone=&#8221;214 369 060&#8243; email=&#8221;se.mobilidade@cm-amadora.pt&#8221;][\/proconf_contact_map][\/vc_column][\/vc_row][\/vc_section][vc_section padding_class=&#8221;section-no-padding&#8221; bg_class=&#8221;BGdark&#8221; css=&#8221;.vc_custom_1658938138133{margin-top: -10px !important;}&#8221;][vc_row][vc_column][proconf_onepage_footer icons=&#8221;%5B%7B%22icon%22%3A%22fab%20fa-facebook%22%2C%22title%22%3A%22Follow%20me%20on%20Facebook%22%2C%22link%22%3A%22https%3A%2F%2Fwww.facebook.com%2Fsemob.amadora%22%7D%2C%7B%22icon%22%3A%22fab%20fa-instagram%22%2C%22title%22%3A%22Instagram%22%2C%22link%22%3A%22https%3A%2F%2Fwww.instagram.com%2Fsemamadora%2F%22%7D%2C%7B%22icon%22%3A%22far%20fa-heart%22%2C%22title%22%3A%22Tik%20tok%22%2C%22link%22%3A%22https%3A%2F%2Fwww.tiktok.com%2F%40sema_amadora%22%7D%5D&#8221;]<a href=\"https:\/\/amadoramove.pt\/politica-de-privacidade\/\">Pol\u00edtica de Privacidade<\/a> | <a href=\"https:\/\/amadoramove.pt\/subscricao-newsletter\/\">Subscri\u00e7\u00e3o de Newsletter<\/a><\/p>\n<p><a href=\"https:\/\/e-marketing.pt\/\"><strong>E-Marketing<\/strong><\/a> \u00a9 2022. SEMA &#8211; Todos os direitos reservados.[\/proconf_onepage_footer][\/vc_column][\/vc_row][\/vc_section]<\/p>\n","protected":false},"excerpt":{"rendered":"<p>[vc_row el_id=&#8221;top&#8221;][vc_column][proconf_onepage_nav nav_logo=&#8221;https:\/\/amadoramove.pt\/wp-content\/uploads\/2017\/06\/logo5.png&#8221;][proconf_preloader banner_image=&#8221;https:\/\/amadoramove.pt\/wp-content\/uploads\/2017\/06\/carrogif.gif&#8221;][\/vc_column][\/vc_row][vc_section full_width=&#8221;container-wide&#8221; padding_class=&#8221;section-no-padding&#8221;][vc_row][vc_column offset=&#8221;vc_hidden-sm vc_hidden-xs&#8221;][vc_single_image image=&#8221;2530&#8243; img_size=&#8221;Full&#8221; alignment=&#8221;center&#8221; css=&#8221;.vc_custom_1662974822233{margin-top: 60px !important;}&#8221;][\/vc_column][\/vc_row][vc_row][vc_column offset=&#8221;vc_hidden-lg vc_hidden-md&#8221;][vc_single_image image=&#8221;2532&#8243; img_size=&#8221;Full&#8221; alignment=&#8221;center&#8221; css=&#8221;.vc_custom_1662975105272{margin-top: 100px !important;}&#8221;][\/vc_column][\/vc_row][vc_row][vc_column width=&#8221;1\/2&#8243; css=&#8221;.vc_custom_1660137516388{margin-top: 50px !important;margin-left: 100px !important;}&#8221; offset=&#8221;vc_hidden-sm vc_hidden-xs&#8221;][vc_single_image image=&#8221;1898&#8243; img_size=&#8221;400&#215;400&#8243; alignment=&#8221;center&#8221; style=&#8221;vc_box_circle_2&#8243;][\/vc_column][vc_column width=&#8221;1\/2&#8243; offset=&#8221;vc_hidden-sm vc_hidden-xs&#8221;][vc_empty_space height=&#8221;50px&#8221;][vc_column_text css=&#8221;.vc_custom_1662488921920{margin-right: 150px !important;}&#8221;] MOBILIDADE INTEGRADA: SUSTENTABILIDADE E FUTURO Para uma mobilidade verdadeiramente sustent\u00e1vel e racional, \u00e9 necess\u00e1ria<\/p>\n","protected":false},"author":1,"featured_media":1777,"parent":0,"menu_order":0,"comment_status":"closed","ping_status":"closed","template":"templates\/one-page.php","meta":{"footnotes":""},"class_list":["post-1747","page","type-page","status-publish","has-post-thumbnail","hentry"],"yoast_head":"<!-- This site is optimized with the Yoast SEO plugin v22.5 - https:\/\/yoast.com\/wordpress\/plugins\/seo\/ -->\n<title>OnMobility - Amadora<\/title>\n<meta name=\"description\" content=\"O OnMobility \u00e9 uma das atividades para a sensibiliza\u00e7\u00e3o da mobilidade sustent\u00e1vel da SEMA - Semana Europeia da Mobilidade da Amadora.\" \/>\n<meta name=\"robots\" content=\"index, follow, max-snippet:-1, max-image-preview:large, max-video-preview:-1\" \/>\n<link rel=\"canonical\" href=\"https:\/\/mobilidade.cm-amadora.pt\/?page_id=1747\" \/>\n<meta name=\"twitter:label1\" content=\"Est. reading time\" \/>\n\t<meta name=\"twitter:data1\" content=\"21 minutes\" \/>\n<script type=\"application\/ld+json\" class=\"yoast-schema-graph\">{\"@context\":\"https:\/\/schema.org\",\"@graph\":[{\"@type\":\"WebPage\",\"@id\":\"https:\/\/mobilidade.cm-amadora.pt\/?page_id=1747\",\"url\":\"https:\/\/mobilidade.cm-amadora.pt\/?page_id=1747\",\"name\":\"OnMobility - Amadora\",\"isPartOf\":{\"@id\":\"http:\/\/mobilidade.cm-amadora.pt\/#website\"},\"primaryImageOfPage\":{\"@id\":\"https:\/\/mobilidade.cm-amadora.pt\/?page_id=1747#primaryimage\"},\"image\":{\"@id\":\"https:\/\/mobilidade.cm-amadora.pt\/?page_id=1747#primaryimage\"},\"thumbnailUrl\":\"https:\/\/mobilidade.cm-amadora.pt\/wp-content\/uploads\/2022\/08\/on-mobility-mobile.png\",\"datePublished\":\"2022-08-11T11:43:24+00:00\",\"dateModified\":\"2023-09-08T11:21:41+00:00\",\"description\":\"O OnMobility \u00e9 uma das atividades para a sensibiliza\u00e7\u00e3o da mobilidade sustent\u00e1vel da SEMA - Semana Europeia da Mobilidade da Amadora.\",\"breadcrumb\":{\"@id\":\"https:\/\/mobilidade.cm-amadora.pt\/?page_id=1747#breadcrumb\"},\"inLanguage\":\"en-US\",\"potentialAction\":[{\"@type\":\"ReadAction\",\"target\":[\"https:\/\/mobilidade.cm-amadora.pt\/?page_id=1747\"]}]},{\"@type\":\"ImageObject\",\"inLanguage\":\"en-US\",\"@id\":\"https:\/\/mobilidade.cm-amadora.pt\/?page_id=1747#primaryimage\",\"url\":\"https:\/\/mobilidade.cm-amadora.pt\/wp-content\/uploads\/2022\/08\/on-mobility-mobile.png\",\"contentUrl\":\"https:\/\/mobilidade.cm-amadora.pt\/wp-content\/uploads\/2022\/08\/on-mobility-mobile.png\",\"width\":600,\"height\":700,\"caption\":\"amadoramove-sema-on-mobility-mobilidade-integrada\"},{\"@type\":\"BreadcrumbList\",\"@id\":\"https:\/\/mobilidade.cm-amadora.pt\/?page_id=1747#breadcrumb\",\"itemListElement\":[{\"@type\":\"ListItem\",\"position\":1,\"name\":\"Home\",\"item\":\"http:\/\/mobilidade.cm-amadora.pt\/\"},{\"@type\":\"ListItem\",\"position\":2,\"name\":\"OnMobility\"}]},{\"@type\":\"WebSite\",\"@id\":\"http:\/\/mobilidade.cm-amadora.pt\/#website\",\"url\":\"http:\/\/mobilidade.cm-amadora.pt\/\",\"name\":\"Amadora\",\"description\":\"Semana da Mobilidade da Amadora\",\"potentialAction\":[{\"@type\":\"SearchAction\",\"target\":{\"@type\":\"EntryPoint\",\"urlTemplate\":\"http:\/\/mobilidade.cm-amadora.pt\/?s={search_term_string}\"},\"query-input\":\"required name=search_term_string\"}],\"inLanguage\":\"en-US\"}]}<\/script>\n<!-- \/ Yoast SEO plugin. -->","yoast_head_json":{"title":"OnMobility - Amadora","description":"O OnMobility \u00e9 uma das atividades para a sensibiliza\u00e7\u00e3o da mobilidade sustent\u00e1vel da SEMA - Semana Europeia da Mobilidade da Amadora.","robots":{"index":"index","follow":"follow","max-snippet":"max-snippet:-1","max-image-preview":"max-image-preview:large","max-video-preview":"max-video-preview:-1"},"canonical":"https:\/\/mobilidade.cm-amadora.pt\/?page_id=1747","twitter_misc":{"Est. reading time":"21 minutes"},"schema":{"@context":"https:\/\/schema.org","@graph":[{"@type":"WebPage","@id":"https:\/\/mobilidade.cm-amadora.pt\/?page_id=1747","url":"https:\/\/mobilidade.cm-amadora.pt\/?page_id=1747","name":"OnMobility - Amadora","isPartOf":{"@id":"http:\/\/mobilidade.cm-amadora.pt\/#website"},"primaryImageOfPage":{"@id":"https:\/\/mobilidade.cm-amadora.pt\/?page_id=1747#primaryimage"},"image":{"@id":"https:\/\/mobilidade.cm-amadora.pt\/?page_id=1747#primaryimage"},"thumbnailUrl":"https:\/\/mobilidade.cm-amadora.pt\/wp-content\/uploads\/2022\/08\/on-mobility-mobile.png","datePublished":"2022-08-11T11:43:24+00:00","dateModified":"2023-09-08T11:21:41+00:00","description":"O OnMobility \u00e9 uma das atividades para a sensibiliza\u00e7\u00e3o da mobilidade sustent\u00e1vel da SEMA - Semana Europeia da Mobilidade da Amadora.","breadcrumb":{"@id":"https:\/\/mobilidade.cm-amadora.pt\/?page_id=1747#breadcrumb"},"inLanguage":"en-US","potentialAction":[{"@type":"ReadAction","target":["https:\/\/mobilidade.cm-amadora.pt\/?page_id=1747"]}]},{"@type":"ImageObject","inLanguage":"en-US","@id":"https:\/\/mobilidade.cm-amadora.pt\/?page_id=1747#primaryimage","url":"https:\/\/mobilidade.cm-amadora.pt\/wp-content\/uploads\/2022\/08\/on-mobility-mobile.png","contentUrl":"https:\/\/mobilidade.cm-amadora.pt\/wp-content\/uploads\/2022\/08\/on-mobility-mobile.png","width":600,"height":700,"caption":"amadoramove-sema-on-mobility-mobilidade-integrada"},{"@type":"BreadcrumbList","@id":"https:\/\/mobilidade.cm-amadora.pt\/?page_id=1747#breadcrumb","itemListElement":[{"@type":"ListItem","position":1,"name":"Home","item":"http:\/\/mobilidade.cm-amadora.pt\/"},{"@type":"ListItem","position":2,"name":"OnMobility"}]},{"@type":"WebSite","@id":"http:\/\/mobilidade.cm-amadora.pt\/#website","url":"http:\/\/mobilidade.cm-amadora.pt\/","name":"Amadora","description":"Semana da Mobilidade da Amadora","potentialAction":[{"@type":"SearchAction","target":{"@type":"EntryPoint","urlTemplate":"http:\/\/mobilidade.cm-amadora.pt\/?s={search_term_string}"},"query-input":"required name=search_term_string"}],"inLanguage":"en-US"}]}},"_links":{"self":[{"href":"https:\/\/mobilidade.cm-amadora.pt\/index.php?rest_route=\/wp\/v2\/pages\/1747","targetHints":{"allow":["GET"]}}],"collection":[{"href":"https:\/\/mobilidade.cm-amadora.pt\/index.php?rest_route=\/wp\/v2\/pages"}],"about":[{"href":"https:\/\/mobilidade.cm-amadora.pt\/index.php?rest_route=\/wp\/v2\/types\/page"}],"author":[{"embeddable":true,"href":"https:\/\/mobilidade.cm-amadora.pt\/index.php?rest_route=\/wp\/v2\/users\/1"}],"replies":[{"embeddable":true,"href":"https:\/\/mobilidade.cm-amadora.pt\/index.php?rest_route=%2Fwp%2Fv2%2Fcomments&post=1747"}],"version-history":[{"count":131,"href":"https:\/\/mobilidade.cm-amadora.pt\/index.php?rest_route=\/wp\/v2\/pages\/1747\/revisions"}],"predecessor-version":[{"id":2721,"href":"https:\/\/mobilidade.cm-amadora.pt\/index.php?rest_route=\/wp\/v2\/pages\/1747\/revisions\/2721"}],"wp:featuredmedia":[{"embeddable":true,"href":"https:\/\/mobilidade.cm-amadora.pt\/index.php?rest_route=\/wp\/v2\/media\/1777"}],"wp:attachment":[{"href":"https:\/\/mobilidade.cm-amadora.pt\/index.php?rest_route=%2Fwp%2Fv2%2Fmedia&parent=1747"}],"curies":[{"name":"wp","href":"https:\/\/api.w.org\/{rel}","templated":true}]}}